{"id":237,"date":"2025-06-06T11:55:09","date_gmt":"2025-06-06T14:55:09","guid":{"rendered":"https:\/\/www.unsta.edu.ar\/investigacionydesarrollo\/?page_id=237"},"modified":"2025-06-06T12:59:42","modified_gmt":"2025-06-06T15:59:42","slug":"proyectos-deinvestigacion-finalizados-2020-2022","status":"publish","type":"page","link":"https:\/\/www.unsta.edu.ar\/investigacionydesarrollo\/proyectos-deinvestigacion-finalizados-2020-2022\/","title":{"rendered":"Proyectos de Investigaci\u00f3n Finalizados &#8211; 2020-2022"},"content":{"rendered":"<h2>Proyectos de Investigaci\u00f3n Finalizados 2020-2022<\/h2>\n<h5>Facultad de Econom\u00eda y Administraci\u00f3n<\/h5>\n<details id=\"e-n-accordion-item-2550\" open>\n<summary data-accordion-index=\"1\" tabindex=\"0\" aria-expanded=\"true\" aria-controls=\"e-n-accordion-item-2550\" >\n\t\t\t\t\t 1.Instituciones, estructura ocupacional y desarrollo econ\u00f3mico a nivel regional en Argentina.<br \/>\n\t\t\t<svg aria-hidden=\"true\" viewBox=\"0 0 448 512\" xmlns=\"http:\/\/www.w3.org\/2000\/svg\"><path d=\"M416 208H32c-17.67 0-32 14.33-32 32v32c0 17.67 14.33 32 32 32h384c17.67 0 32-14.33 32-32v-32c0-17.67-14.33-32-32-32z\"><\/path><\/svg><br \/>\n\t\t\t<svg aria-hidden=\"true\" viewBox=\"0 0 448 512\" xmlns=\"http:\/\/www.w3.org\/2000\/svg\"><path d=\"M416 208H272V64c0-17.67-14.33-32-32-32h-32c-17.67 0-32 14.33-32 32v144H32c-17.67 0-32 14.33-32 32v32c0 17.67 14.33 32 32 32h144v144c0 17.67 14.33 32 32 32h32c17.67 0 32-14.33 32-32V304h144c17.67 0 32-14.33 32-32v-32c0-17.67-14.33-32-32-32z\"><\/path><\/svg><br \/>\n\t\t\t\t\t\t<\/summary>\n<p dir=\"ltr\">Directora: Araoz, Mar\u00eda Florencia<\/p>\n<p dir=\"ltr\">Resumen:\u00a0\u00a0El objetivo principal de esta investigaci\u00f3n es contribuir a la discusi\u00f3n acerca del rol de los determinantes del crecimiento econ\u00f3mico regional, analizando un conjunto de hip\u00f3tesis (en particular instituciones y estructura econ\u00f3mica ) desde una perspectiva sub-nacional, tomando a las provincias argentinas como objeto de estudio. Al mismo tiempo, se proporcionar\u00e1n nuevos datos emp\u00edricos que permitir\u00e1n insertar el caso Argentino en el estudio comparativo del cambio ocupacional en la historia econ\u00f3mica mundial, as\u00ed como una descripci\u00f3n y un an\u00e1lisis cuantitativo de los cambios en la estructura ocupacional en las provincias argentinas desde finales de siglo XIX. Esto permitir\u00e1 explorar las diferencias regionales y sectoriales en la composici\u00f3n de su fuerza laboral.\u00a0<\/p>\n<\/details>\n<details id=\"e-n-accordion-item-2551\" >\n<summary data-accordion-index=\"2\" tabindex=\"-1\" aria-expanded=\"false\" aria-controls=\"e-n-accordion-item-2551\" >\n\t\t\t\t\t 2.Pymes y Empresas de Familia.\u00a0<br \/>\n\t\t\t<svg aria-hidden=\"true\" viewBox=\"0 0 448 512\" xmlns=\"http:\/\/www.w3.org\/2000\/svg\"><path d=\"M416 208H32c-17.67 0-32 14.33-32 32v32c0 17.67 14.33 32 32 32h384c17.67 0 32-14.33 32-32v-32c0-17.67-14.33-32-32-32z\"><\/path><\/svg><br \/>\n\t\t\t<svg aria-hidden=\"true\" viewBox=\"0 0 448 512\" xmlns=\"http:\/\/www.w3.org\/2000\/svg\"><path d=\"M416 208H272V64c0-17.67-14.33-32-32-32h-32c-17.67 0-32 14.33-32 32v144H32c-17.67 0-32 14.33-32 32v32c0 17.67 14.33 32 32 32h144v144c0 17.67 14.33 32 32 32h32c17.67 0 32-14.33 32-32V304h144c17.67 0 32-14.33 32-32v-32c0-17.67-14.33-32-32-32z\"><\/path><\/svg><br \/>\n\t\t\t\t\t\t<\/summary>\n<p>\t\t\t\t\t\t\t\t\tDirector:\u00a0Mart\u00ednez, V\u00edctor<\/p>\n<p dir=\"ltr\">Resumen:\u00a0\u00a0Las peque\u00f1as y medianas empresas en nuestro pa\u00eds representan gran parte de la econom\u00eda de nuestro pa\u00eds, se estima que de la totalidad de ellas en Argentina, solamente la mitad est\u00e1n registradas. De est\u00e1s \u00faltimas, datos del 2019 de agencias gubernamentales se\u00f1alan que el 97% de las empresas son peque\u00f1as y microempresas y generan el 70% del empleo en la Argentina, con 4.200.000 trabajadores registrados, sobre un total de 6.327.000 asalariados en el sector privado registrado. A su vez, hablar de peque\u00f1as y medianas empresas en Argentina es hablar de empresas de familia y all\u00ed aparecen otras problem\u00e1ticas, vinculadas al mundo familiar m\u00e1s que al mundo empresarial, y en este sentido, si bien hay bibliograf\u00eda al respecto, no es mucha y adem\u00e1s no es algo que se trate habitualmente en los planes de estudio de las universidades argentinas, siendo este a nuestro criterio un d\u00e9ficit importante en materia educativa en los estudios de Licenciatura en Administraci\u00f3n, Especializaciones y Maestr\u00edas.\u00a0<\/p>\n<\/details>\n<details id=\"e-n-accordion-item-2552\" >\n<summary data-accordion-index=\"3\" tabindex=\"-1\" aria-expanded=\"false\" aria-controls=\"e-n-accordion-item-2552\" >\n\t\t\t\t\t 3.Din\u00e1mica de la actividad econ\u00f3mica argentina a nivel departamental: elaboraci\u00f3n de indicadores y an\u00e1lisis espacial y temporal.\u00a0<br \/>\n\t\t\t<svg aria-hidden=\"true\" viewBox=\"0 0 448 512\" xmlns=\"http:\/\/www.w3.org\/2000\/svg\"><path d=\"M416 208H32c-17.67 0-32 14.33-32 32v32c0 17.67 14.33 32 32 32h384c17.67 0 32-14.33 32-32v-32c0-17.67-14.33-32-32-32z\"><\/path><\/svg><br \/>\n\t\t\t<svg aria-hidden=\"true\" viewBox=\"0 0 448 512\" xmlns=\"http:\/\/www.w3.org\/2000\/svg\"><path d=\"M416 208H272V64c0-17.67-14.33-32-32-32h-32c-17.67 0-32 14.33-32 32v144H32c-17.67 0-32 14.33-32 32v32c0 17.67 14.33 32 32 32h144v144c0 17.67 14.33 32 32 32h32c17.67 0 32-14.33 32-32V304h144c17.67 0 32-14.33 32-32v-32c0-17.67-14.33-32-32-32z\"><\/path><\/svg><br \/>\n\t\t\t\t\t\t<\/summary>\n<p>\t\t\t\t\t\t\t\t\tDirector: Talassino, Mauricio\u00a0<\/p>\n<p dir=\"ltr\">Resumen:\u00a0\u00a0El proyecto aspira a realizar, por primera vez en la historia econ\u00f3mica argentina, un an\u00e1lisis pormenorizado de la evoluci\u00f3n en el largo plazo de varios indicadores de desarrollo econ\u00f3mico a nivel departamental entre finales del siglo XIX y principios del XXI. Para ello, se propone la elaboraci\u00f3n de bases de datos con indicadores de actividad econ\u00f3mica para las provincias y departamentos de Argentina, a partir de datos de origen censal (tanto censos poblacionales como econ\u00f3micos), para un conjunto de a\u00f1os seleccionados entre finales del s. XIX y principios del s. XXI. Con la metodolog\u00eda generada, el \u00edndice podr\u00e1 actualizarse a medida que surjan nuevas fuentes de informaci\u00f3n. Previamente es necesario generar una base de datos a partir de la cual se puedan identificar los cambios en los l\u00edmites departamentales y establecer la correspondencia entre estos territorios a lo largo del siglo XX. Cada una de las unidades espaciales de esta base de datos se georeferenciar\u00e1, lo que posibilitar\u00e1 la utilizaci\u00f3n de variables de distancia y proximidad en los an\u00e1lisis cuantitativos. Adem\u00e1s, esto puede funcionar como referencia para cualquier trabajo posterior que necesite usar unidades geogr\u00e1ficas locales. Con los dos productos anteriores ser\u00e1 posible analizar formalmente la presencia de cl\u00fasteres geogr\u00e1ficos en los indicadores de actividad econ\u00f3mica elaborados y, si de existir, si fueron modific\u00e1ndose a lo largo del tiempo. Otro objetivo del proyecto es establecer los determinantes m\u00e1s importantes de los patrones de desarrollo local. En l\u00ednea con este objetivo, se buscar\u00e1 realizar un an\u00e1lisis de convergencia econ\u00f3mica a nivel departamental aplicando t\u00e9cnicas de econometr\u00eda espacial, bajo la hip\u00f3tesis de que el hecho de no incluir efectos de proximidad territorial puede sesgar los resultados de los an\u00e1lisis de convergencia que utilizan t\u00e9cnicas tradicionales.\u00a0<\/p>\n<\/details>\n<p dir=\"ltr\">Directora: Araoz, Mar\u00eda Florencia<\/p>\n<p dir=\"ltr\">Resumen:\u00a0\u00a0El objetivo principal de esta investigaci\u00f3n es contribuir a la discusi\u00f3n acerca del rol de los determinantes del crecimiento econ\u00f3mico regional, analizando un conjunto de hip\u00f3tesis (en particular instituciones y estructura econ\u00f3mica ) desde una perspectiva sub-nacional, tomando a las provincias argentinas como objeto de estudio. Al mismo tiempo, se proporcionar\u00e1n nuevos datos emp\u00edricos que permitir\u00e1n insertar el caso Argentino en el estudio comparativo del cambio ocupacional en la historia econ\u00f3mica mundial, as\u00ed como una descripci\u00f3n y un an\u00e1lisis cuantitativo de los cambios en la estructura ocupacional en las provincias argentinas desde finales de siglo XIX. Esto permitir\u00e1 explorar las diferencias regionales y sectoriales en la composici\u00f3n de su fuerza laboral.\u00a0<\/p>\n<p>Director:\u00a0Mart\u00ednez, V\u00edctor<\/p>\n<p dir=\"ltr\">Resumen:\u00a0\u00a0Las peque\u00f1as y medianas empresas en nuestro pa\u00eds representan gran parte de la econom\u00eda de nuestro pa\u00eds, se estima que de la totalidad de ellas en Argentina, solamente la mitad est\u00e1n registradas. De est\u00e1s \u00faltimas, datos del 2019 de agencias gubernamentales se\u00f1alan que el 97% de las empresas son peque\u00f1as y microempresas y generan el 70% del empleo en la Argentina, con 4.200.000 trabajadores registrados, sobre un total de 6.327.000 asalariados en el sector privado registrado. A su vez, hablar de peque\u00f1as y medianas empresas en Argentina es hablar de empresas de familia y all\u00ed aparecen otras problem\u00e1ticas, vinculadas al mundo familiar m\u00e1s que al mundo empresarial, y en este sentido, si bien hay bibliograf\u00eda al respecto, no es mucha y adem\u00e1s no es algo que se trate habitualmente en los planes de estudio de las universidades argentinas, siendo este a nuestro criterio un d\u00e9ficit importante en materia educativa en los estudios de Licenciatura en Administraci\u00f3n, Especializaciones y Maestr\u00edas.\u00a0<\/p>\n<p>Director: Talassino, Mauricio\u00a0<\/p>\n<p dir=\"ltr\">Resumen:\u00a0\u00a0El proyecto aspira a realizar, por primera vez en la historia econ\u00f3mica argentina, un an\u00e1lisis pormenorizado de la evoluci\u00f3n en el largo plazo de varios indicadores de desarrollo econ\u00f3mico a nivel departamental entre finales del siglo XIX y principios del XXI. Para ello, se propone la elaboraci\u00f3n de bases de datos con indicadores de actividad econ\u00f3mica para las provincias y departamentos de Argentina, a partir de datos de origen censal (tanto censos poblacionales como econ\u00f3micos), para un conjunto de a\u00f1os seleccionados entre finales del s. XIX y principios del s. XXI. Con la metodolog\u00eda generada, el \u00edndice podr\u00e1 actualizarse a medida que surjan nuevas fuentes de informaci\u00f3n. Previamente es necesario generar una base de datos a partir de la cual se puedan identificar los cambios en los l\u00edmites departamentales y establecer la correspondencia entre estos territorios a lo largo del siglo XX. Cada una de las unidades espaciales de esta base de datos se georeferenciar\u00e1, lo que posibilitar\u00e1 la utilizaci\u00f3n de variables de distancia y proximidad en los an\u00e1lisis cuantitativos. Adem\u00e1s, esto puede funcionar como referencia para cualquier trabajo posterior que necesite usar unidades geogr\u00e1ficas locales. Con los dos productos anteriores ser\u00e1 posible analizar formalmente la presencia de cl\u00fasteres geogr\u00e1ficos en los indicadores de actividad econ\u00f3mica elaborados y, si de existir, si fueron modific\u00e1ndose a lo largo del tiempo. Otro objetivo del proyecto es establecer los determinantes m\u00e1s importantes de los patrones de desarrollo local. En l\u00ednea con este objetivo, se buscar\u00e1 realizar un an\u00e1lisis de convergencia econ\u00f3mica a nivel departamental aplicando t\u00e9cnicas de econometr\u00eda espacial, bajo la hip\u00f3tesis de que el hecho de no incluir efectos de proximidad territorial puede sesgar los resultados de los an\u00e1lisis de convergencia que utilizan t\u00e9cnicas tradicionales.\u00a0<\/p>\n<h5>Facultad Ciencias de Ciencias Jur\u00eddicas, Pol\u00edticas y Sociales<\/h5>\n<details id=\"e-n-accordion-item-1580\" open>\n<summary data-accordion-index=\"1\" tabindex=\"0\" aria-expanded=\"true\" aria-controls=\"e-n-accordion-item-1580\" >\n\t\t\t\t\t 1.La Constituci\u00f3n Indiana y\u00a0 sus persistencias en la Recomposici\u00f3n del Orden Pol\u00edtico-Jur\u00eddico a partir de la Revoluci\u00f3n.<br \/>\n\t\t\t<svg aria-hidden=\"true\" viewBox=\"0 0 448 512\" xmlns=\"http:\/\/www.w3.org\/2000\/svg\"><path d=\"M416 208H32c-17.67 0-32 14.33-32 32v32c0 17.67 14.33 32 32 32h384c17.67 0 32-14.33 32-32v-32c0-17.67-14.33-32-32-32z\"><\/path><\/svg><br \/>\n\t\t\t<svg aria-hidden=\"true\" viewBox=\"0 0 448 512\" xmlns=\"http:\/\/www.w3.org\/2000\/svg\"><path d=\"M416 208H272V64c0-17.67-14.33-32-32-32h-32c-17.67 0-32 14.33-32 32v144H32c-17.67 0-32 14.33-32 32v32c0 17.67 14.33 32 32 32h144v144c0 17.67 14.33 32 32 32h32c17.67 0 32-14.33 32-32V304h144c17.67 0 32-14.33 32-32v-32c0-17.67-14.33-32-32-32z\"><\/path><\/svg><br \/>\n\t\t\t\t\t\t<\/summary>\n<p>\t\t\t\t\t\t\t\t\t\u00a0Director: Casta\u00f1o, Sergio Ra\u00fal\u00a0<\/p>\n<p dir=\"ltr\">Resumen:\u00a0\u00a0OBJETIVOS PARTE I-Determinar la naturaleza pol\u00edtica y jur\u00eddica de las uniones mon\u00e1rquicas de la modernidad-Elaborar un cuadro exhaustivo de todas las posiciones de la cr\u00edtica historiogr\u00e1fica moderna que resulten relevantes para la cuesti\u00f3n de la vinculaci\u00f3n constitucional entre las Indias y Castilla-Establecer la posici\u00f3n de Juan de Sol\u00f3rzano Pereira sobre el problema de la vinculaci\u00f3n constitucional entre las Indias y Castilla, junto con ponderar si y en qu\u00e9 medida la accesi\u00f3n de las Indias a Castilla niega la posibilidad de alguna forma de Uni\u00f3n real entre las partes.-Ubicar el concreto modo de la forma pol\u00edtica hisp\u00e1nica dentro del cuadro de los tipos de las monarqu\u00edas m\u00faltiples de la modernidad\u00a0<\/p>\n<p dir=\"ltr\">PARTE II: 1-Analizar las demandas de ?independencia? de las ciudades subordinadas a las gobernaciones de Salta y Tucum\u00e1n en dos coyunturas de crisis: 1815 y 1820.2-Distinguir en estas demandas los elementos que remiten a la cultura jurisdiccional propia de la constituci\u00f3n indiana.3-Explorar las alternativas de recomposici\u00f3n del orden pol\u00edtico a partir de la pervivencia\/solapamiento de elementos de la tradici\u00f3n jur\u00eddica de la monarqu\u00eda cat\u00f3lica con aquellos emergentes de un nuevo lenguaje pol\u00edtico constitucional.\u00a0<\/p>\n<\/details>\n<details id=\"e-n-accordion-item-1581\" >\n<summary data-accordion-index=\"2\" tabindex=\"-1\" aria-expanded=\"false\" aria-controls=\"e-n-accordion-item-1581\" >\n\t\t\t\t\t 2.La funci\u00f3n preventiva de los protocolos de familia en la sucesi\u00f3n familiar y sus efectos en el derecho sucesorio argentino. Incidencia de dichos acuerdos parasociales en el contexto agroindustrial azucarero de la provincia de Tucum\u00e1n.<br \/>\n\t\t\t<svg aria-hidden=\"true\" viewBox=\"0 0 448 512\" xmlns=\"http:\/\/www.w3.org\/2000\/svg\"><path d=\"M416 208H32c-17.67 0-32 14.33-32 32v32c0 17.67 14.33 32 32 32h384c17.67 0 32-14.33 32-32v-32c0-17.67-14.33-32-32-32z\"><\/path><\/svg><br \/>\n\t\t\t<svg aria-hidden=\"true\" viewBox=\"0 0 448 512\" xmlns=\"http:\/\/www.w3.org\/2000\/svg\"><path d=\"M416 208H272V64c0-17.67-14.33-32-32-32h-32c-17.67 0-32 14.33-32 32v144H32c-17.67 0-32 14.33-32 32v32c0 17.67 14.33 32 32 32h144v144c0 17.67 14.33 32 32 32h32c17.67 0 32-14.33 32-32V304h144c17.67 0 32-14.33 32-32v-32c0-17.67-14.33-32-32-32z\"><\/path><\/svg><br \/>\n\t\t\t\t\t\t<\/summary>\n<p>\t\t\t\t\t\t\t\t\t\u00a0Incidencia de dichos acuerdos parasociales en el contexto agroindustrial azucarero de la provincia de Tucum\u00e1n.\u00a0<\/p>\n<p dir=\"ltr\">Director:\u00a0El Eter, Leandro Omar<\/p>\n<p dir=\"ltr\">Resumen:\u00a0Se ahonda en la transici\u00f3n de las sucesiones en las empresas familiares. Se abarca , de forma exclusiva, el \u00e1mbito de los ingenios tucumanos azucareros\u00a0<\/p>\n<\/details>\n<details id=\"e-n-accordion-item-1582\" >\n<summary data-accordion-index=\"3\" tabindex=\"-1\" aria-expanded=\"false\" aria-controls=\"e-n-accordion-item-1582\" >\n\t\t\t\t\t 3.Democracia y tradici\u00f3n en la consolidaci\u00f3n de las instituciones modernas en Argentina y Argelia.<br \/>\n\t\t\t<svg aria-hidden=\"true\" viewBox=\"0 0 448 512\" xmlns=\"http:\/\/www.w3.org\/2000\/svg\"><path d=\"M416 208H32c-17.67 0-32 14.33-32 32v32c0 17.67 14.33 32 32 32h384c17.67 0 32-14.33 32-32v-32c0-17.67-14.33-32-32-32z\"><\/path><\/svg><br \/>\n\t\t\t<svg aria-hidden=\"true\" viewBox=\"0 0 448 512\" xmlns=\"http:\/\/www.w3.org\/2000\/svg\"><path d=\"M416 208H272V64c0-17.67-14.33-32-32-32h-32c-17.67 0-32 14.33-32 32v144H32c-17.67 0-32 14.33-32 32v32c0 17.67 14.33 32 32 32h144v144c0 17.67 14.33 32 32 32h32c17.67 0 32-14.33 32-32V304h144c17.67 0 32-14.33 32-32v-32c0-17.67-14.33-32-32-32z\"><\/path><\/svg><br \/>\n\t\t\t\t\t\t<\/summary>\n<p>\t\t\t\t\t\t\t\t\t\u00a0Director:\u00a0Gonz\u00e1lez D\u00edaz, Santiago Tom\u00e1s\u00a0<\/p>\n<p dir=\"ltr\">Resumen:\u00a0El trabajo es una comparaci\u00f3n entre Argentina y Argelia, a efectos de observar las particularidades institucionales que hacen a las democracias en cada pa\u00eds. El objetivo es contrastar dichas diferencias para poder elaborar una definici\u00f3n conceptual de lo que puede interpretarse como democracia, entendiendo, si aquello que nuestra idiosincrasia acepta como tal, puede o no adaptarse a otras culturas.\u00a0<\/p>\n<\/details>\n<details id=\"e-n-accordion-item-1583\" >\n<summary data-accordion-index=\"4\" tabindex=\"-1\" aria-expanded=\"false\" aria-controls=\"e-n-accordion-item-1583\" >\n\t\t\t\t\t 4.Crisis del orden liberal y avance de los populismos en occidente en la \u00faltima d\u00e9cada.<br \/>\n\t\t\t<svg aria-hidden=\"true\" viewBox=\"0 0 448 512\" xmlns=\"http:\/\/www.w3.org\/2000\/svg\"><path d=\"M416 208H32c-17.67 0-32 14.33-32 32v32c0 17.67 14.33 32 32 32h384c17.67 0 32-14.33 32-32v-32c0-17.67-14.33-32-32-32z\"><\/path><\/svg><br \/>\n\t\t\t<svg aria-hidden=\"true\" viewBox=\"0 0 448 512\" xmlns=\"http:\/\/www.w3.org\/2000\/svg\"><path d=\"M416 208H272V64c0-17.67-14.33-32-32-32h-32c-17.67 0-32 14.33-32 32v144H32c-17.67 0-32 14.33-32 32v32c0 17.67 14.33 32 32 32h144v144c0 17.67 14.33 32 32 32h32c17.67 0 32-14.33 32-32V304h144c17.67 0 32-14.33 32-32v-32c0-17.67-14.33-32-32-32z\"><\/path><\/svg><br \/>\n\t\t\t\t\t\t<\/summary>\n<p>\t\t\t\t\t\t\t\t\tDirector: Picabea, Julio Augusto<br \/>\n\t\t\t\t\t<\/details>\n<details id=\"e-n-accordion-item-1584\" >\n<summary data-accordion-index=\"5\" tabindex=\"-1\" aria-expanded=\"false\" aria-controls=\"e-n-accordion-item-1584\" >\n\t\t\t\t\t 5.Eficacia de la normativa de tr\u00e1nsito vigentes en San Miguel de Tucum\u00e1n y en el micro centro de la ciudad de Concepci\u00f3n, determinando las\u00a0posibles causas que podr\u00edan tornarlas ineficaz.<br \/>\n\t\t\t<svg aria-hidden=\"true\" viewBox=\"0 0 448 512\" xmlns=\"http:\/\/www.w3.org\/2000\/svg\"><path d=\"M416 208H32c-17.67 0-32 14.33-32 32v32c0 17.67 14.33 32 32 32h384c17.67 0 32-14.33 32-32v-32c0-17.67-14.33-32-32-32z\"><\/path><\/svg><br \/>\n\t\t\t<svg aria-hidden=\"true\" viewBox=\"0 0 448 512\" xmlns=\"http:\/\/www.w3.org\/2000\/svg\"><path d=\"M416 208H272V64c0-17.67-14.33-32-32-32h-32c-17.67 0-32 14.33-32 32v144H32c-17.67 0-32 14.33-32 32v32c0 17.67 14.33 32 32 32h144v144c0 17.67 14.33 32 32 32h32c17.67 0 32-14.33 32-32V304h144c17.67 0 32-14.33 32-32v-32c0-17.67-14.33-32-32-32z\"><\/path><\/svg><br \/>\n\t\t\t\t\t\t<\/summary>\n<p>\t\t\t\t\t\t\t\t\tDirectora: Bellomio, Mar\u00eda\u00a0Cecilia<\/p>\n<p dir=\"ltr\">Resumen:\u00a0La monta\u00f1a, con la pr\u00e1ctica deportiva, se ha convertido en un centro activo de la vida social. Deportes como el monta\u00f1ismo y excursionismo, la escalada y el alpinismo cl\u00e1sico, el vuelo en parapente, el barranquismo, rafting, kayak, esqu\u00ed, descenso, se desarrollan con frecuencia. Son actividades que requieren conocimientos t\u00e9cnicos, pues la falta de \u00e9stos, pude llevar a accidentes, incluso fatales, ( 1 de 1.750 escaladores fallecen durante la pr\u00e1ctica del deporte) en los que se deber\u00e1 establecer, seg\u00fan sea el caso, la responsabilidad jur\u00eddica de los compa\u00f1eros de cordada, instructores, gu\u00edas, acompa\u00f1antes, etc. Consideramos que son situaciones que requieren la intervenci\u00f3n del Derecho, como regulador de dicha actividad. En el presente proyecto nos enfocaremos en la escalada y algunas de sus variantes, como la escalada en roca -sea alpina y \/o deportiva- , que se desarrolla en la provincia de Tucum\u00e1n,\u00a0 y la escalda en hielo, cuyas pr\u00e1cticas se llevan a cabo en las cascadas congeladas de Mendoza. Se tomar\u00e1n para nuestra investigaci\u00f3n, los \u00faltimos 5 a\u00f1os, pues seg\u00fan los trabajos preliminares, en este periodo se produjo un importante crecimiento del deporte. Pretendemos introducirnos en nuestro ordenamiento jur\u00eddico, atendiendo a las posibles y diversas situaciones adversas que puedan presentarse en la pr\u00e1ctica de la escalda, siendo el eslab\u00f3n inicial para incursionar en una rama del derecho, muy poco desarrollada en nuestro ordenamiento jur\u00eddico, cual es el derecho de monta\u00f1a.<\/p>\n<\/details>\n<details id=\"e-n-accordion-item-1585\" >\n<summary data-accordion-index=\"6\" tabindex=\"-1\" aria-expanded=\"false\" aria-controls=\"e-n-accordion-item-1585\" >\n\t\t\t\t\t 6.La radio y los j\u00f3venes en tiempos de convergencia multimedial: la escucha radiof\u00f3nica juvenil en las radios de Tucum\u00e1n surgidas en el periodo 2015-2020.<br \/>\n\t\t\t<svg aria-hidden=\"true\" viewBox=\"0 0 448 512\" xmlns=\"http:\/\/www.w3.org\/2000\/svg\"><path d=\"M416 208H32c-17.67 0-32 14.33-32 32v32c0 17.67 14.33 32 32 32h384c17.67 0 32-14.33 32-32v-32c0-17.67-14.33-32-32-32z\"><\/path><\/svg><br \/>\n\t\t\t<svg aria-hidden=\"true\" viewBox=\"0 0 448 512\" xmlns=\"http:\/\/www.w3.org\/2000\/svg\"><path d=\"M416 208H272V64c0-17.67-14.33-32-32-32h-32c-17.67 0-32 14.33-32 32v144H32c-17.67 0-32 14.33-32 32v32c0 17.67 14.33 32 32 32h144v144c0 17.67 14.33 32 32 32h32c17.67 0 32-14.33 32-32V304h144c17.67 0 32-14.33 32-32v-32c0-17.67-14.33-32-32-32z\"><\/path><\/svg><br \/>\n\t\t\t\t\t\t<\/summary>\n<p>\t\t\t\t\t\t\t\t\tDirectora: Gardella, Mary Noem\u00ed Esther<\/p>\n<p dir=\"ltr\">Resumen:\u00a0\u00a0El escenario actual de los medios de comunicaci\u00f3n, plantea un estadio de transformaci\u00f3n permanente tanto desde el punto de vista tecnol\u00f3gico y desde las re-configuraciones econ\u00f3micas, como desde los contenidos y el abordaje y tratamiento de las problem\u00e1ticas de la sociedad. En ese contexto y con un profundo grado de implantaci\u00f3n social, la Radio cumple su centenario en 2020, en un proceso de grandes transformaciones que la ubican como un actor socio-cultural-pol\u00edtico que excede al campo medi\u00e1tico. En Tucum\u00e1n surgieron nuevas radios a partir de 2015. Esta proximidad temporal amerita conocer si estas radios surgieron con la impronta tecnol\u00f3gica interactiva y configuraci\u00f3n de redes y si esto supone tener- per se- cierta audiencia juvenil. O si m\u00e1s que el entrecruzamiento con las nuevas tecnolog\u00edas sigue siendo la producci\u00f3n de contenidos lo que define escuchas que configuren audiencia. No son s\u00f3lo problem\u00e1ticas te\u00f3ricas\/contextuales. Se trata de abordajes que tambi\u00e9n cambian el ejercicio profesional de locutores, periodistas y comunicadores toda vez que exigen nuevos conocimientos y nuevas herramientas de trabajo. Dada la importancia de estos nuevos roles que se exigen, el proyecto tambi\u00e9n se propone estudiar, para luego proyectar en nuestro alumnado, las diferentes formas que complementan la comunicaci\u00f3n entre el locutor\/comunicador y sus seguidores y los diferentes modos de llegar a \u00e9l: podcast, redes sociales, YouTube, audios, estados, servicios web, etc. La necesidad de actualizaci\u00f3n y constante cambio es una exigencia de los nuevos tiempos para el comunicador que se enfrenta a un destinatario ?on demand? que ahora elige qu\u00e9, cu\u00e1ndo y c\u00f3mo ver\u00e1 o escuchar\u00e1 algo, por lo que se hace imprescindible adquirir estas nuevas condiciones.\u00a0<\/p>\n<\/details>\n<p>\t\t\u00a0Director: Casta\u00f1o, Sergio Ra\u00fal\u00a0<\/p>\n<p dir=\"ltr\">Resumen:\u00a0\u00a0OBJETIVOS PARTE I-Determinar la naturaleza pol\u00edtica y jur\u00eddica de las uniones mon\u00e1rquicas de la modernidad-Elaborar un cuadro exhaustivo de todas las posiciones de la cr\u00edtica historiogr\u00e1fica moderna que resulten relevantes para la cuesti\u00f3n de la vinculaci\u00f3n constitucional entre las Indias y Castilla-Establecer la posici\u00f3n de Juan de Sol\u00f3rzano Pereira sobre el problema de la vinculaci\u00f3n constitucional entre las Indias y Castilla, junto con ponderar si y en qu\u00e9 medida la accesi\u00f3n de las Indias a Castilla niega la posibilidad de alguna forma de Uni\u00f3n real entre las partes.-Ubicar el concreto modo de la forma pol\u00edtica hisp\u00e1nica dentro del cuadro de los tipos de las monarqu\u00edas m\u00faltiples de la modernidad\u00a0<\/p>\n<p dir=\"ltr\">PARTE II: 1-Analizar las demandas de ?independencia? de las ciudades subordinadas a las gobernaciones de Salta y Tucum\u00e1n en dos coyunturas de crisis: 1815 y 1820.2-Distinguir en estas demandas los elementos que remiten a la cultura jurisdiccional propia de la constituci\u00f3n indiana.3-Explorar las alternativas de recomposici\u00f3n del orden pol\u00edtico a partir de la pervivencia\/solapamiento de elementos de la tradici\u00f3n jur\u00eddica de la monarqu\u00eda cat\u00f3lica con aquellos emergentes de un nuevo lenguaje pol\u00edtico constitucional.\u00a0<\/p>\n<p>\u00a0Incidencia de dichos acuerdos parasociales en el contexto agroindustrial azucarero de la provincia de Tucum\u00e1n.\u00a0<\/p>\n<p dir=\"ltr\">Director:\u00a0El Eter, Leandro Omar<\/p>\n<p dir=\"ltr\">Resumen:\u00a0Se ahonda en la transici\u00f3n de las sucesiones en las empresas familiares. Se abarca , de forma exclusiva, el \u00e1mbito de los ingenios tucumanos azucareros\u00a0<\/p>\n<p>\u00a0Director:\u00a0Gonz\u00e1lez D\u00edaz, Santiago Tom\u00e1s\u00a0<\/p>\n<p dir=\"ltr\">Resumen:\u00a0El trabajo es una comparaci\u00f3n entre Argentina y Argelia, a efectos de observar las particularidades institucionales que hacen a las democracias en cada pa\u00eds. El objetivo es contrastar dichas diferencias para poder elaborar una definici\u00f3n conceptual de lo que puede interpretarse como democracia, entendiendo, si aquello que nuestra idiosincrasia acepta como tal, puede o no adaptarse a otras culturas.\u00a0<\/p>\n<p>Director: Picabea, Julio AugustoDirectora: Bellomio, Mar\u00eda\u00a0Cecilia<\/p>\n<p dir=\"ltr\">Resumen:\u00a0La monta\u00f1a, con la pr\u00e1ctica deportiva, se ha convertido en un centro activo de la vida social. Deportes como el monta\u00f1ismo y excursionismo, la escalada y el alpinismo cl\u00e1sico, el vuelo en parapente, el barranquismo, rafting, kayak, esqu\u00ed, descenso, se desarrollan con frecuencia. Son actividades que requieren conocimientos t\u00e9cnicos, pues la falta de \u00e9stos, pude llevar a accidentes, incluso fatales, ( 1 de 1.750 escaladores fallecen durante la pr\u00e1ctica del deporte) en los que se deber\u00e1 establecer, seg\u00fan sea el caso, la responsabilidad jur\u00eddica de los compa\u00f1eros de cordada, instructores, gu\u00edas, acompa\u00f1antes, etc. Consideramos que son situaciones que requieren la intervenci\u00f3n del Derecho, como regulador de dicha actividad. En el presente proyecto nos enfocaremos en la escalada y algunas de sus variantes, como la escalada en roca -sea alpina y \/o deportiva- , que se desarrolla en la provincia de Tucum\u00e1n,\u00a0 y la escalda en hielo, cuyas pr\u00e1cticas se llevan a cabo en las cascadas congeladas de Mendoza. Se tomar\u00e1n para nuestra investigaci\u00f3n, los \u00faltimos 5 a\u00f1os, pues seg\u00fan los trabajos preliminares, en este periodo se produjo un importante crecimiento del deporte. Pretendemos introducirnos en nuestro ordenamiento jur\u00eddico, atendiendo a las posibles y diversas situaciones adversas que puedan presentarse en la pr\u00e1ctica de la escalda, siendo el eslab\u00f3n inicial para incursionar en una rama del derecho, muy poco desarrollada en nuestro ordenamiento jur\u00eddico, cual es el derecho de monta\u00f1a.<\/p>\n<p>Directora: Gardella, Mary Noem\u00ed Esther<\/p>\n<p dir=\"ltr\">Resumen:\u00a0\u00a0El escenario actual de los medios de comunicaci\u00f3n, plantea un estadio de transformaci\u00f3n permanente tanto desde el punto de vista tecnol\u00f3gico y desde las re-configuraciones econ\u00f3micas, como desde los contenidos y el abordaje y tratamiento de las problem\u00e1ticas de la sociedad. En ese contexto y con un profundo grado de implantaci\u00f3n social, la Radio cumple su centenario en 2020, en un proceso de grandes transformaciones que la ubican como un actor socio-cultural-pol\u00edtico que excede al campo medi\u00e1tico. En Tucum\u00e1n surgieron nuevas radios a partir de 2015. Esta proximidad temporal amerita conocer si estas radios surgieron con la impronta tecnol\u00f3gica interactiva y configuraci\u00f3n de redes y si esto supone tener- per se- cierta audiencia juvenil. O si m\u00e1s que el entrecruzamiento con las nuevas tecnolog\u00edas sigue siendo la producci\u00f3n de contenidos lo que define escuchas que configuren audiencia. No son s\u00f3lo problem\u00e1ticas te\u00f3ricas\/contextuales. Se trata de abordajes que tambi\u00e9n cambian el ejercicio profesional de locutores, periodistas y comunicadores toda vez que exigen nuevos conocimientos y nuevas herramientas de trabajo. Dada la importancia de estos nuevos roles que se exigen, el proyecto tambi\u00e9n se propone estudiar, para luego proyectar en nuestro alumnado, las diferentes formas que complementan la comunicaci\u00f3n entre el locutor\/comunicador y sus seguidores y los diferentes modos de llegar a \u00e9l: podcast, redes sociales, YouTube, audios, estados, servicios web, etc. La necesidad de actualizaci\u00f3n y constante cambio es una exigencia de los nuevos tiempos para el comunicador que se enfrenta a un destinatario ?on demand? que ahora elige qu\u00e9, cu\u00e1ndo y c\u00f3mo ver\u00e1 o escuchar\u00e1 algo, por lo que se hace imprescindible adquirir estas nuevas condiciones.\u00a0<\/p>\n<h5>Facultad de Humanidades<\/h5>\n<details id=\"e-n-accordion-item-3440\" open>\n<summary data-accordion-index=\"1\" tabindex=\"0\" aria-expanded=\"true\" aria-controls=\"e-n-accordion-item-3440\" >\n\t\t\t\t\t 1.Representaciones sobre iglesia y religiosidad en Argentina. Desde la colonia a la actualidad.<br \/>\n\t\t\t<svg aria-hidden=\"true\" viewBox=\"0 0 448 512\" xmlns=\"http:\/\/www.w3.org\/2000\/svg\"><path d=\"M416 208H32c-17.67 0-32 14.33-32 32v32c0 17.67 14.33 32 32 32h384c17.67 0 32-14.33 32-32v-32c0-17.67-14.33-32-32-32z\"><\/path><\/svg><br \/>\n\t\t\t<svg aria-hidden=\"true\" viewBox=\"0 0 448 512\" xmlns=\"http:\/\/www.w3.org\/2000\/svg\"><path d=\"M416 208H272V64c0-17.67-14.33-32-32-32h-32c-17.67 0-32 14.33-32 32v144H32c-17.67 0-32 14.33-32 32v32c0 17.67 14.33 32 32 32h144v144c0 17.67 14.33 32 32 32h32c17.67 0 32-14.33 32-32V304h144c17.67 0 32-14.33 32-32v-32c0-17.67-14.33-32-32-32z\"><\/path><\/svg><br \/>\n\t\t\t\t\t\t<\/summary>\n<p>\t\t\t\t\t\t\t\t\tDirectora:\u00a0Amenta, Sara<\/p>\n<p dir=\"ltr\">Resumen:\u00a0El proyecto de investigaci\u00f3n \u00b4Representaciones sobre iglesia y religiosidad en Argentina. Desde la colonia a la actualidad\u00b4 se propone indagar en las representaciones sociales sobre la iglesia, la Orden Dominicana y pr\u00e1cticas religiosas en Argentina desde la colonia a la actualidad y analizar las nuevas sensibilidades est\u00e9ticas que se desarrollan en nuestra provincia a partir del siglo XX. En la bisagra de los siglos XVIII y XIX se pretende reconstruir el proceso de configuraci\u00f3n eclesi\u00e1stica del territorio de San Miguel de Tucum\u00e1n y su hinterland entre el siglo XVII y comienzos del siglo XIX y comprender la l\u00f3gica jurisdiccionalista en la gesti\u00f3n del territorio eclesi\u00e1stico. Desde el punto de vista de las representaciones art\u00edsticas se analizar\u00e1 la imaginer\u00eda colonial en su concepci\u00f3n de arte mestizo a partir de la aparici\u00f3n de talleres locales. Para adentrarnos en los procesos de cambio vividos en el siglo XIX en lo que respecta a la iglesia local de Tucum\u00e1n, se identificar\u00e1 y caracterizar\u00e1 a los actores involucrados en el proceso de construcci\u00f3n institucional y los procesos de secularizaci\u00f3n y laicidad. Observando el siglo XX, se reconstruir\u00e1 la vida cotidiana en el convento dominicano de Tucum\u00e1n y se estudiar\u00e1n trayectos de algunos frailes. Se indagar\u00e1 en las representaciones sobre la vida religiosa femenina dominicana en las provincias de Santa Fe y Buenos Aires, sobre la imagen de mujer en los a\u00f1os 30 en la revista \u00b4El Domingo\u00b4 publicada en el convento dominico y se analizar\u00e1 la trayectoria de las hermanas Franciscanas Misioneras de Mar\u00eda (1940-1970).En lo que refiere a las representaciones sobre el rol del laico se examinar\u00e1 la vida, y el pensamiento de Arturo Ponsati, buceando en su archivo privado y en fuentes orales. Se abordar\u00e1n las sensibilidades est\u00e9ticas y la creaci\u00f3n de instituciones que profesionalizaron el campo del arte en Tucum\u00e1n.\u00a0<\/p>\n<\/details>\n<details id=\"e-n-accordion-item-3441\" >\n<summary data-accordion-index=\"2\" tabindex=\"-1\" aria-expanded=\"false\" aria-controls=\"e-n-accordion-item-3441\" >\n\t\t\t\t\t 2.Precisiones sobre las nociones de voluntad natural y deliberativa en Tom\u00e1s de Aquino. Algunas implicancias antropol\u00f3gicas y \u00e9ticas.<br \/>\n\t\t\t<svg aria-hidden=\"true\" viewBox=\"0 0 448 512\" xmlns=\"http:\/\/www.w3.org\/2000\/svg\"><path d=\"M416 208H32c-17.67 0-32 14.33-32 32v32c0 17.67 14.33 32 32 32h384c17.67 0 32-14.33 32-32v-32c0-17.67-14.33-32-32-32z\"><\/path><\/svg><br \/>\n\t\t\t<svg aria-hidden=\"true\" viewBox=\"0 0 448 512\" xmlns=\"http:\/\/www.w3.org\/2000\/svg\"><path d=\"M416 208H272V64c0-17.67-14.33-32-32-32h-32c-17.67 0-32 14.33-32 32v144H32c-17.67 0-32 14.33-32 32v32c0 17.67 14.33 32 32 32h144v144c0 17.67 14.33 32 32 32h32c17.67 0 32-14.33 32-32V304h144c17.67 0 32-14.33 32-32v-32c0-17.67-14.33-32-32-32z\"><\/path><\/svg><br \/>\n\t\t\t\t\t\t<\/summary>\n<p>\t\t\t\t\t\t\t\t\tDirectora: Reyes Oribe, Beatriz<\/p>\n<p dir=\"ltr\">Resumen:\u00a0El prop\u00f3sito de esta investigaci\u00f3n es determinar las nociones de voluntad natural y voluntad deliberada en Tom\u00e1s de Aquino y extender el proyecto anterior sobre los maestros de teolog\u00eda de Paris durante el siglo XIII, con especial atenci\u00f3n a las l\u00edneas de continuidad o convergencia, y a los cambios profundos que se producen hacia fines del siglo XIII a prop\u00f3sito de las condenaciones de 1277. Como objetivos se buscar\u00e1 llevar a cabo una indagaci\u00f3n hist\u00f3rico-gen\u00e9tica de los tratamientos de Tom\u00e1s de Aquino en torno a la tem\u00e1tica de la voluntad natural y deliberativa, con el prop\u00f3sito de determinar si su postura ha sido mantenida o conlleva reelaboraciones; revisar anal\u00edticamente el papel del intelecto y la raz\u00f3n en su correlaci\u00f3n con la voluntad natural y deliberativa en el Corpus del Aquinate; determinar efectos significativos del discernimiento de los rasgos propios de la voluntad natural en la concepci\u00f3n del finalismo de la naturaleza de Tom\u00e1s de Aquino, y explorar las consideraciones de Tom\u00e1s de Aquino sobre la justicia como virtud perfectiva de la voluntad humana desde la perspectiva de la voluntad natural y deliberativa, teniendo en cuenta su preeminencia entre las virtudes cardinales.\u00a0<\/p>\n<\/details>\n<p>\t\tDirectora:\u00a0Amenta, Sara<\/p>\n<p dir=\"ltr\">Resumen:\u00a0El proyecto de investigaci\u00f3n \u00b4Representaciones sobre iglesia y religiosidad en Argentina. Desde la colonia a la actualidad\u00b4 se propone indagar en las representaciones sociales sobre la iglesia, la Orden Dominicana y pr\u00e1cticas religiosas en Argentina desde la colonia a la actualidad y analizar las nuevas sensibilidades est\u00e9ticas que se desarrollan en nuestra provincia a partir del siglo XX. En la bisagra de los siglos XVIII y XIX se pretende reconstruir el proceso de configuraci\u00f3n eclesi\u00e1stica del territorio de San Miguel de Tucum\u00e1n y su hinterland entre el siglo XVII y comienzos del siglo XIX y comprender la l\u00f3gica jurisdiccionalista en la gesti\u00f3n del territorio eclesi\u00e1stico. Desde el punto de vista de las representaciones art\u00edsticas se analizar\u00e1 la imaginer\u00eda colonial en su concepci\u00f3n de arte mestizo a partir de la aparici\u00f3n de talleres locales. Para adentrarnos en los procesos de cambio vividos en el siglo XIX en lo que respecta a la iglesia local de Tucum\u00e1n, se identificar\u00e1 y caracterizar\u00e1 a los actores involucrados en el proceso de construcci\u00f3n institucional y los procesos de secularizaci\u00f3n y laicidad. Observando el siglo XX, se reconstruir\u00e1 la vida cotidiana en el convento dominicano de Tucum\u00e1n y se estudiar\u00e1n trayectos de algunos frailes. Se indagar\u00e1 en las representaciones sobre la vida religiosa femenina dominicana en las provincias de Santa Fe y Buenos Aires, sobre la imagen de mujer en los a\u00f1os 30 en la revista \u00b4El Domingo\u00b4 publicada en el convento dominico y se analizar\u00e1 la trayectoria de las hermanas Franciscanas Misioneras de Mar\u00eda (1940-1970).En lo que refiere a las representaciones sobre el rol del laico se examinar\u00e1 la vida, y el pensamiento de Arturo Ponsati, buceando en su archivo privado y en fuentes orales. Se abordar\u00e1n las sensibilidades est\u00e9ticas y la creaci\u00f3n de instituciones que profesionalizaron el campo del arte en Tucum\u00e1n.\u00a0<\/p>\n<p>Directora: Reyes Oribe, Beatriz<\/p>\n<p dir=\"ltr\">Resumen:\u00a0El prop\u00f3sito de esta investigaci\u00f3n es determinar las nociones de voluntad natural y voluntad deliberada en Tom\u00e1s de Aquino y extender el proyecto anterior sobre los maestros de teolog\u00eda de Paris durante el siglo XIII, con especial atenci\u00f3n a las l\u00edneas de continuidad o convergencia, y a los cambios profundos que se producen hacia fines del siglo XIII a prop\u00f3sito de las condenaciones de 1277. Como objetivos se buscar\u00e1 llevar a cabo una indagaci\u00f3n hist\u00f3rico-gen\u00e9tica de los tratamientos de Tom\u00e1s de Aquino en torno a la tem\u00e1tica de la voluntad natural y deliberativa, con el prop\u00f3sito de determinar si su postura ha sido mantenida o conlleva reelaboraciones; revisar anal\u00edticamente el papel del intelecto y la raz\u00f3n en su correlaci\u00f3n con la voluntad natural y deliberativa en el Corpus del Aquinate; determinar efectos significativos del discernimiento de los rasgos propios de la voluntad natural en la concepci\u00f3n del finalismo de la naturaleza de Tom\u00e1s de Aquino, y explorar las consideraciones de Tom\u00e1s de Aquino sobre la justicia como virtud perfectiva de la voluntad humana desde la perspectiva de la voluntad natural y deliberativa, teniendo en cuenta su preeminencia entre las virtudes cardinales.\u00a0<\/p>\n<h5>Facultad de Ingenier\u00eda<\/h5>\n<details id=\"e-n-accordion-item-8720\" open>\n<summary data-accordion-index=\"1\" tabindex=\"0\" aria-expanded=\"true\" aria-controls=\"e-n-accordion-item-8720\" >\n\t\t\t\t\t 1.Futuros aportes al clima espacial desde la Facultad de Ingenier\u00eda de la\u00a0UNSTA.<br \/>\n\t\t\t<svg aria-hidden=\"true\" viewBox=\"0 0 448 512\" xmlns=\"http:\/\/www.w3.org\/2000\/svg\"><path d=\"M416 208H32c-17.67 0-32 14.33-32 32v32c0 17.67 14.33 32 32 32h384c17.67 0 32-14.33 32-32v-32c0-17.67-14.33-32-32-32z\"><\/path><\/svg><br \/>\n\t\t\t<svg aria-hidden=\"true\" viewBox=\"0 0 448 512\" xmlns=\"http:\/\/www.w3.org\/2000\/svg\"><path d=\"M416 208H272V64c0-17.67-14.33-32-32-32h-32c-17.67 0-32 14.33-32 32v144H32c-17.67 0-32 14.33-32 32v32c0 17.67 14.33 32 32 32h144v144c0 17.67 14.33 32 32 32h32c17.67 0 32-14.33 32-32V304h144c17.67 0 32-14.33 32-32v-32c0-17.67-14.33-32-32-32z\"><\/path><\/svg><br \/>\n\t\t\t\t\t\t<\/summary>\n<p>\t\t\t\t\t\t\t\t\tDirector: R\u00edos, Victor Hugo<\/p>\n<p dir=\"ltr\">Resumen:\u00a0Se estudiar\u00e1n los fen\u00f3menos producidos en la ion\u00f3sfera y magnet\u00f3sfera terrestre sobre Sudam\u00e9rica. Se concentrar\u00e1n esfuerzos en la caracterizaci\u00f3n de la cresta sur de la Anomal\u00eda Magn\u00e9tica del Atl\u00e1ntico Sur (AMAS), que se produce en el \u00e1rea donde el cintur\u00f3n de radiaci\u00f3n de Van Allen interno de la Tierra se aproxima m\u00e1s a su superficie. El estudio se centrar\u00e1 en la morfolog\u00eda del fen\u00f3meno, las fuertes variaciones longitudinales de los par\u00e1metros ionosf\u00e9ricos de la regi\u00f3n y el efecto de la actividad magn\u00e9tica. La informaci\u00f3n necesaria para estas investigaciones ser\u00e1 obtenida de las redes LISN (receptores GPS, magnet\u00f3metros y radares ionosf\u00e9ricos), RAMSAC (receptores GPS) y COSMIC (receptores GPS en sat\u00e9lites LEO). A los fines de la descripci\u00f3n morfol\u00f3gica, se propone un an\u00e1lisis estad\u00edstico y comparativo entre diferentes estaciones dentro y fuera de la regi\u00f3n y un seguimiento temporal en distintas escalas, en condiciones tranquilas y perturbadas. Tambi\u00e9n se prev\u00e9 obtener y explicar el comportamiento de las principales variables electrodin\u00e1micas de la regi\u00f3n, aplicando los resultados obtenidos en modelos anal\u00edticos y semi-emp\u00edricos. Adem\u00e1s, motivando la participaci\u00f3n de alumnos en proyectos de investigaci\u00f3n, se propone un plan de trabajo para desarrollar algoritmos y programas computacionales que sirvan de herramientas a las investigaciones atmosf\u00e9ricas que se lleven a cabo desde la Facultad de Ingenier\u00eda. Concretamente se propone el desarrollo de herramientas para el procesamiento de los datos que brinda el radar ionosf\u00e9rico VIPIR (Vertical Incidence Pulsed Ionospheric Radar) instalado en el CAMPUS UNSTA. Estas herramientas inform\u00e1ticas servir\u00e1n para el escalamiento autom\u00e1tico de ionogramas, potenciar la cantidadde informaci\u00f3n \u00fatil que se pueda extraer con el radar y la detecci\u00f3n y caracterizaci\u00f3n autom\u00e1tica de perturbacionesionosf\u00e9ricas (SPREAD F, TID, etc). Los alumnos participantes del proyecto ya tuvieron una primera experiencia en el manejo de datos del VIPIR, usando el lenguaje de programaci\u00f3n python, en el marco de un proyecto final de la materia F\u00edsica II correspondiente a la carrera de ingenier\u00eda inform\u00e1tica de la Facultad de Ingenier\u00eda de la UNSTA.<\/p>\n<\/details>\n<details id=\"e-n-accordion-item-8721\" >\n<summary data-accordion-index=\"2\" tabindex=\"-1\" aria-expanded=\"false\" aria-controls=\"e-n-accordion-item-8721\" >\n\t\t\t\t\t 2.Aplicaciones de IA en la optimizaci\u00f3n de redes de datos multiprotocolos.<br \/>\n\t\t\t<svg aria-hidden=\"true\" viewBox=\"0 0 448 512\" xmlns=\"http:\/\/www.w3.org\/2000\/svg\"><path d=\"M416 208H32c-17.67 0-32 14.33-32 32v32c0 17.67 14.33 32 32 32h384c17.67 0 32-14.33 32-32v-32c0-17.67-14.33-32-32-32z\"><\/path><\/svg><br \/>\n\t\t\t<svg aria-hidden=\"true\" viewBox=\"0 0 448 512\" xmlns=\"http:\/\/www.w3.org\/2000\/svg\"><path d=\"M416 208H272V64c0-17.67-14.33-32-32-32h-32c-17.67 0-32 14.33-32 32v144H32c-17.67 0-32 14.33-32 32v32c0 17.67 14.33 32 32 32h144v144c0 17.67 14.33 32 32 32h32c17.67 0 32-14.33 32-32V304h144c17.67 0 32-14.33 32-32v-32c0-17.67-14.33-32-32-32z\"><\/path><\/svg><br \/>\n\t\t\t\t\t\t<\/summary>\n<p>\t\t\t\t\t\t\t\t\t\u00a0Director:\u00a0Figueroa de la Cruz, Mario Marcelo<\/p>\n<p dir=\"ltr\">Resumen:\u00a0El objetivo general es obtener una metodolog\u00eda aplicable a la Reingenier\u00eda y el Dise\u00f1o de Redes Globales de Datos, basados en Inteligencia Artificial, que permita la implementaci\u00f3n de prototipos de software adaptables a su medio ambiente, con la capacidad de resultar una herramienta importante en aplicaciones reales sobre problemas de gran complejidad, permitiendo el desarrollo de soluciones inteligentes en las redes de datos, optimizadas a las nuevas plataformas tecnol\u00f3gicas que se presenten a futuro. Crear un \u00e1mbito de trabajo para la implementaci\u00f3n de sistemas de software que representen a los modelos planteados, con un significativo soporte a cambios que reflejen necesidades emergentes. Resulta propicio, una comparaci\u00f3n de diversos lenguajes y plataformas de desarrollo, con la finalidad de obtener prototipos optimizados que sean \u00fatiles para estudios y simulaciones. Estos prototipos, b\u00e1sicamente, tienen como finalidad poder predecir el trafico y optimizar las topolog\u00edas de las redes estudiadas, debidos a variaciones de entornos por modificaciones de aplicaciones de protocolos diferentes, utilizando una aproximaci\u00f3n de modelos h\u00edbridos de algoritmos de Inteligencia Artificial y complementariamente utilizar estructuras de SE Difuso para la toma de decisiones de la tendencia de crecimiento\/decrecimiento y en funci\u00f3n de ello poder realizar la adaptabilidad del entorno de Backbone de Red (en un concepto nuevo denominado &#8220;Redes de Convergencia Adaptables&#8221;).\u00a0<\/p>\n<\/details>\n<details id=\"e-n-accordion-item-8722\" >\n<summary data-accordion-index=\"3\" tabindex=\"-1\" aria-expanded=\"false\" aria-controls=\"e-n-accordion-item-8722\" >\n\t\t\t\t\t 3.Aprovechamiento energ\u00e9tico de RSU por medio de procesos termoqu\u00edmicos.<br \/>\n\t\t\t<svg aria-hidden=\"true\" viewBox=\"0 0 448 512\" xmlns=\"http:\/\/www.w3.org\/2000\/svg\"><path d=\"M416 208H32c-17.67 0-32 14.33-32 32v32c0 17.67 14.33 32 32 32h384c17.67 0 32-14.33 32-32v-32c0-17.67-14.33-32-32-32z\"><\/path><\/svg><br \/>\n\t\t\t<svg aria-hidden=\"true\" viewBox=\"0 0 448 512\" xmlns=\"http:\/\/www.w3.org\/2000\/svg\"><path d=\"M416 208H272V64c0-17.67-14.33-32-32-32h-32c-17.67 0-32 14.33-32 32v144H32c-17.67 0-32 14.33-32 32v32c0 17.67 14.33 32 32 32h144v144c0 17.67 14.33 32 32 32h32c17.67 0 32-14.33 32-32V304h144c17.67 0 32-14.33 32-32v-32c0-17.67-14.33-32-32-32z\"><\/path><\/svg><br \/>\n\t\t\t\t\t\t<\/summary>\n<p>\t\t\t\t\t\t\t\t\t\u00a0Director:\u00a0Feij\u00f3o, Enrique Alberto<\/p>\n<p dir=\"ltr\">Resumen:\u00a0Los residuos s\u00f3lidos urbanos son un creciente problema en la provincia de Tucum\u00e1n debido al fen\u00f3meno de la concentraci\u00f3n urbana. La generaci\u00f3n desmedida de residuos, la mala gesti\u00f3n de estos (disposici\u00f3n en rellenos sanitarios o al aire libre), causada por falta de un adecuado tratamiento o aprovechamiento, genera una cantidad excesiva de metano que se libera a la atm\u00f3sfera y lixiviados que contaminan las aguas subterr\u00e1neas, todo esto, producto de la descomposici\u00f3n de la materia org\u00e1nica. Para mitigar este problema, se debe modificar la forma en la que se gestionan los residuos s\u00f3lidos urbanos para que se conviertan en un recurso valioso, no en un costo. Lo anterior, se puede lograr implementando tecnolog\u00edas termoqu\u00edmicas para el aprovechamiento energ\u00e9tico, lo cual permite la generaci\u00f3n de energ\u00eda y obtenci\u00f3n de productos qu\u00edmicos. El objetivo del presente proyecto de investigaci\u00f3n es profundizar el conocimiento del aprovechamiento energ\u00e9tico de los Residuos S\u00f3lidos Urbanos por medio de procesos termoqu\u00edmicos, como v\u00eda de eliminaci\u00f3n de residuos, generaci\u00f3n de energ\u00eda y obtenci\u00f3n de productos qu\u00edmicos, considerando la situaci\u00f3n espec\u00edfica de la provincia de Tucum\u00e1n. Nuestra investigaci\u00f3n apunta a brindar soluciones orientadas a generar energ\u00eda limpia, reducir el volumen de RSU generado y disminuir el impacto ambiental a trav\u00e9s de una reducci\u00f3n de los gases de efecto invernadero, por medio del aprovechamiento energ\u00e9tico de RSU por procesos termoqu\u00edmicos, lo cual permitir\u00e1 obtener beneficios medioambientales, energ\u00e9ticos y econ\u00f3micos que impactar\u00e1n positivamente en nuestra sociedad. La UNSTA como instituci\u00f3n comprometida con la comunidad se propone contribuir a la calidad de vida y al medioambiente de nuestra Provincia.\u00a0<\/p>\n<\/details>\n<p>\t\tDirector: R\u00edos, Victor Hugo<\/p>\n<p dir=\"ltr\">Resumen:\u00a0Se estudiar\u00e1n los fen\u00f3menos producidos en la ion\u00f3sfera y magnet\u00f3sfera terrestre sobre Sudam\u00e9rica. Se concentrar\u00e1n esfuerzos en la caracterizaci\u00f3n de la cresta sur de la Anomal\u00eda Magn\u00e9tica del Atl\u00e1ntico Sur (AMAS), que se produce en el \u00e1rea donde el cintur\u00f3n de radiaci\u00f3n de Van Allen interno de la Tierra se aproxima m\u00e1s a su superficie. El estudio se centrar\u00e1 en la morfolog\u00eda del fen\u00f3meno, las fuertes variaciones longitudinales de los par\u00e1metros ionosf\u00e9ricos de la regi\u00f3n y el efecto de la actividad magn\u00e9tica. La informaci\u00f3n necesaria para estas investigaciones ser\u00e1 obtenida de las redes LISN (receptores GPS, magnet\u00f3metros y radares ionosf\u00e9ricos), RAMSAC (receptores GPS) y COSMIC (receptores GPS en sat\u00e9lites LEO). A los fines de la descripci\u00f3n morfol\u00f3gica, se propone un an\u00e1lisis estad\u00edstico y comparativo entre diferentes estaciones dentro y fuera de la regi\u00f3n y un seguimiento temporal en distintas escalas, en condiciones tranquilas y perturbadas. Tambi\u00e9n se prev\u00e9 obtener y explicar el comportamiento de las principales variables electrodin\u00e1micas de la regi\u00f3n, aplicando los resultados obtenidos en modelos anal\u00edticos y semi-emp\u00edricos. Adem\u00e1s, motivando la participaci\u00f3n de alumnos en proyectos de investigaci\u00f3n, se propone un plan de trabajo para desarrollar algoritmos y programas computacionales que sirvan de herramientas a las investigaciones atmosf\u00e9ricas que se lleven a cabo desde la Facultad de Ingenier\u00eda. Concretamente se propone el desarrollo de herramientas para el procesamiento de los datos que brinda el radar ionosf\u00e9rico VIPIR (Vertical Incidence Pulsed Ionospheric Radar) instalado en el CAMPUS UNSTA. Estas herramientas inform\u00e1ticas servir\u00e1n para el escalamiento autom\u00e1tico de ionogramas, potenciar la cantidadde informaci\u00f3n \u00fatil que se pueda extraer con el radar y la detecci\u00f3n y caracterizaci\u00f3n autom\u00e1tica de perturbacionesionosf\u00e9ricas (SPREAD F, TID, etc). Los alumnos participantes del proyecto ya tuvieron una primera experiencia en el manejo de datos del VIPIR, usando el lenguaje de programaci\u00f3n python, en el marco de un proyecto final de la materia F\u00edsica II correspondiente a la carrera de ingenier\u00eda inform\u00e1tica de la Facultad de Ingenier\u00eda de la UNSTA.<\/p>\n<p>\u00a0Director:\u00a0Figueroa de la Cruz, Mario Marcelo<\/p>\n<p dir=\"ltr\">Resumen:\u00a0El objetivo general es obtener una metodolog\u00eda aplicable a la Reingenier\u00eda y el Dise\u00f1o de Redes Globales de Datos, basados en Inteligencia Artificial, que permita la implementaci\u00f3n de prototipos de software adaptables a su medio ambiente, con la capacidad de resultar una herramienta importante en aplicaciones reales sobre problemas de gran complejidad, permitiendo el desarrollo de soluciones inteligentes en las redes de datos, optimizadas a las nuevas plataformas tecnol\u00f3gicas que se presenten a futuro. Crear un \u00e1mbito de trabajo para la implementaci\u00f3n de sistemas de software que representen a los modelos planteados, con un significativo soporte a cambios que reflejen necesidades emergentes. Resulta propicio, una comparaci\u00f3n de diversos lenguajes y plataformas de desarrollo, con la finalidad de obtener prototipos optimizados que sean \u00fatiles para estudios y simulaciones. Estos prototipos, b\u00e1sicamente, tienen como finalidad poder predecir el trafico y optimizar las topolog\u00edas de las redes estudiadas, debidos a variaciones de entornos por modificaciones de aplicaciones de protocolos diferentes, utilizando una aproximaci\u00f3n de modelos h\u00edbridos de algoritmos de Inteligencia Artificial y complementariamente utilizar estructuras de SE Difuso para la toma de decisiones de la tendencia de crecimiento\/decrecimiento y en funci\u00f3n de ello poder realizar la adaptabilidad del entorno de Backbone de Red (en un concepto nuevo denominado &#8220;Redes de Convergencia Adaptables&#8221;).\u00a0<\/p>\n<p>\u00a0Director:\u00a0Feij\u00f3o, Enrique Alberto<\/p>\n<p dir=\"ltr\">Resumen:\u00a0Los residuos s\u00f3lidos urbanos son un creciente problema en la provincia de Tucum\u00e1n debido al fen\u00f3meno de la concentraci\u00f3n urbana. La generaci\u00f3n desmedida de residuos, la mala gesti\u00f3n de estos (disposici\u00f3n en rellenos sanitarios o al aire libre), causada por falta de un adecuado tratamiento o aprovechamiento, genera una cantidad excesiva de metano que se libera a la atm\u00f3sfera y lixiviados que contaminan las aguas subterr\u00e1neas, todo esto, producto de la descomposici\u00f3n de la materia org\u00e1nica. Para mitigar este problema, se debe modificar la forma en la que se gestionan los residuos s\u00f3lidos urbanos para que se conviertan en un recurso valioso, no en un costo. Lo anterior, se puede lograr implementando tecnolog\u00edas termoqu\u00edmicas para el aprovechamiento energ\u00e9tico, lo cual permite la generaci\u00f3n de energ\u00eda y obtenci\u00f3n de productos qu\u00edmicos. El objetivo del presente proyecto de investigaci\u00f3n es profundizar el conocimiento del aprovechamiento energ\u00e9tico de los Residuos S\u00f3lidos Urbanos por medio de procesos termoqu\u00edmicos, como v\u00eda de eliminaci\u00f3n de residuos, generaci\u00f3n de energ\u00eda y obtenci\u00f3n de productos qu\u00edmicos, considerando la situaci\u00f3n espec\u00edfica de la provincia de Tucum\u00e1n. Nuestra investigaci\u00f3n apunta a brindar soluciones orientadas a generar energ\u00eda limpia, reducir el volumen de RSU generado y disminuir el impacto ambiental a trav\u00e9s de una reducci\u00f3n de los gases de efecto invernadero, por medio del aprovechamiento energ\u00e9tico de RSU por procesos termoqu\u00edmicos, lo cual permitir\u00e1 obtener beneficios medioambientales, energ\u00e9ticos y econ\u00f3micos que impactar\u00e1n positivamente en nuestra sociedad. La UNSTA como instituci\u00f3n comprometida con la comunidad se propone contribuir a la calidad de vida y al medioambiente de nuestra Provincia.\u00a0<\/p>\n<h5>Facultad de Ciencias de la Salud<\/h5>\n<details id=\"e-n-accordion-item-2540\" open>\n<summary data-accordion-index=\"1\" tabindex=\"0\" aria-expanded=\"true\" aria-controls=\"e-n-accordion-item-2540\" >\n\t\t\t\t\t 1.Dise\u00f1o de alimentos novedosos con propiedades ben\u00e9ficas para el consumidor.\u00a0<br \/>\n\t\t\t<svg aria-hidden=\"true\" viewBox=\"0 0 448 512\" xmlns=\"http:\/\/www.w3.org\/2000\/svg\"><path d=\"M416 208H32c-17.67 0-32 14.33-32 32v32c0 17.67 14.33 32 32 32h384c17.67 0 32-14.33 32-32v-32c0-17.67-14.33-32-32-32z\"><\/path><\/svg><br \/>\n\t\t\t<svg aria-hidden=\"true\" viewBox=\"0 0 448 512\" xmlns=\"http:\/\/www.w3.org\/2000\/svg\"><path d=\"M416 208H272V64c0-17.67-14.33-32-32-32h-32c-17.67 0-32 14.33-32 32v144H32c-17.67 0-32 14.33-32 32v32c0 17.67 14.33 32 32 32h144v144c0 17.67 14.33 32 32 32h32c17.67 0 32-14.33 32-32V304h144c17.67 0 32-14.33 32-32v-32c0-17.67-14.33-32-32-32z\"><\/path><\/svg><br \/>\n\t\t\t\t\t\t<\/summary>\n<p>\t\t\t\t\t\t\t\t\tDirectora: Nader, F\u00e1tima<\/p>\n<p dir=\"ltr\">Resumen:\u00a0En los \u00faltimos a\u00f1os, se observ\u00f3 un gran cambio en los patrones alimentarios y estilos de vida en la poblaci\u00f3n, los cuales se caracterizan por un mayor consumo de grasas saturadas, az\u00facares y alimentos procesados acompa\u00f1ado de una disminuci\u00f3n en el consumo de fibras, lo que trae como consecuencia un incremento en la incidencia de enfermedades cr\u00f3nicas no transmisibles (ECNT). Actualmente, se observa un mayor crecimiento de microemprendimientos que comercializan materias primas con ?beneficios? para la salud que a veces no est\u00e1n demostrados cient\u00edficamente. En muchos casos, se desconocen las propiedades ben\u00e9ficas, cualidades y efectos del consumo prolongado de diferentes alimentos, materias primas regionales o poco difundidas en nuestra provincia. El objetivo general de este proyecto es emplear materias primas regionales o poco conocidas para elaborar preparaciones alimenticias con caracter\u00edsticas organol\u00e9pticas adecuadas. Adem\u00e1s, se estudiar\u00e1 su valor nutricional, aceptabilidad, satisfacci\u00f3n y el nivel de conocimiento de la poblaci\u00f3n sobre dichas materias primas. Se evaluar\u00e1 las potencialidades de transferencia conjuntamente con la Unidad de Vinculaci\u00f3n Tecnol\u00f3gica de la UNSTA, de manera de realizar un aporte a la tecnolog\u00eda alimentaria. Los resultados que se obtengan se difundir\u00e1n a la poblaci\u00f3n y a las industrias para que tengan conocimiento sobre las propiedades nutricionales y ben\u00e9ficas que aportan los mismos a la salud del consumidor. Se aplicar\u00e1n metodolog\u00edas que permitan determinar el contenido de macro y micronutrientes de las preparaciones elaboradas. Se realizar\u00e1n degustaciones a los consumidores sanos seleccionados al azar para determinar su aceptabilidad y satisfacci\u00f3n y por \u00faltimo se evaluar\u00e1 el nivel de conocimiento de los mismos. Participaran docentes de la Facultad, profesionales recientemente graduados y alumnos que est\u00e1n realizando sus tesinas de licenciatura.\u00a0<\/p>\n<\/details>\n<details id=\"e-n-accordion-item-2541\" >\n<summary data-accordion-index=\"2\" tabindex=\"-1\" aria-expanded=\"false\" aria-controls=\"e-n-accordion-item-2541\" >\n\t\t\t\t\t 2.Dise\u00f1o de alimentos funcionales enriquecidos con microalgas del NOA. Aplicaci\u00f3n de nuevas tecnolog\u00edas.<br \/>\n\t\t\t<svg aria-hidden=\"true\" viewBox=\"0 0 448 512\" xmlns=\"http:\/\/www.w3.org\/2000\/svg\"><path d=\"M416 208H32c-17.67 0-32 14.33-32 32v32c0 17.67 14.33 32 32 32h384c17.67 0 32-14.33 32-32v-32c0-17.67-14.33-32-32-32z\"><\/path><\/svg><br \/>\n\t\t\t<svg aria-hidden=\"true\" viewBox=\"0 0 448 512\" xmlns=\"http:\/\/www.w3.org\/2000\/svg\"><path d=\"M416 208H272V64c0-17.67-14.33-32-32-32h-32c-17.67 0-32 14.33-32 32v144H32c-17.67 0-32 14.33-32 32v32c0 17.67 14.33 32 32 32h144v144c0 17.67 14.33 32 32 32h32c17.67 0 32-14.33 32-32V304h144c17.67 0 32-14.33 32-32v-32c0-17.67-14.33-32-32-32z\"><\/path><\/svg><br \/>\n\t\t\t\t\t\t<\/summary>\n<p>\t\t\t\t\t\t\t\t\tDirectora: Fern\u00e1ndez, Noelia Natalia<\/p>\n<p dir=\"ltr\">Resumen:\u00a0La nutrici\u00f3n actual se orienta a proveer de alimentos que, adem\u00e1s de los nutrientes, contengan otros compuestos biol\u00f3gicamente activos que aporten un efecto beneficioso para la salud, denominados Alimentos Funcionales. Las microalgas son consideradas como &#8220;superalimentos&#8221;, debido a que son fuente de sustancias con alto valor nutritivo como vitaminas, \u00e1cidos grasos o amino\u00e1cidos esenciales y antioxidantes, complementos de una alimentaci\u00f3n saludable para las personas. Por esta raz\u00f3n, cada vez m\u00e1s especies se investigan para ser aplicadas como aditivos funcionales y en tecnolog\u00eda alimentaria. El objetivo de este trabajo es dise\u00f1ar alimentos con ingredientes funcionales a partir de harinas no convencionales de microalgas de la regi\u00f3n NOA mediante la aplicaci\u00f3n de tecnolog\u00edas transversales a fin de hacer el proceso sustentable. Para ello se llevar\u00e1 a cabo un estudio experimental; se realizar\u00e1 el cultivo de la microalga (Scenedesmus), se extraer\u00e1n compuestos de inter\u00e9s para la evaluaci\u00f3n de compuestos fen\u00f3licos, actividad antioxidante y antimicrobiana; se dise\u00f1ar\u00e1n productos alimenticios con ingredientes funcionales a partir de las harinas de microalgas y se evaluar\u00e1n las caracter\u00edsticas nutricionales, organol\u00e9pticas y sensoriales en los productos obtenidos. Adem\u00e1s, se formar\u00e1 recursos humanos en el \u00e1rea de alimentos funcionales con base sustentable. Desde la Salud p\u00fablica, podr\u00eda ayudar a disminuir la prevalencia de enfermedades carenciales, reducir los factores de riesgo asociados, mejorar la calidad de vida y los costos de atenci\u00f3n en salud. Desde la tecnolog\u00eda alimentaria, la aplicaci\u00f3n de tecnolog\u00edas transversales con base sustentable, ser\u00eda de gran impulso para las econom\u00edas regionales no convencionales.\u00a0<\/p>\n<\/details>\n<details id=\"e-n-accordion-item-2542\" >\n<summary data-accordion-index=\"3\" tabindex=\"-1\" aria-expanded=\"false\" aria-controls=\"e-n-accordion-item-2542\" >\n\t\t\t\t\t 3.Estrategias de Afrontamiento en adultos con Enfermedades Cr\u00f3nicas No Transmisibles en San Miguel de Tucum\u00e1n.\u00a0<br \/>\n\t\t\t<svg aria-hidden=\"true\" viewBox=\"0 0 448 512\" xmlns=\"http:\/\/www.w3.org\/2000\/svg\"><path d=\"M416 208H32c-17.67 0-32 14.33-32 32v32c0 17.67 14.33 32 32 32h384c17.67 0 32-14.33 32-32v-32c0-17.67-14.33-32-32-32z\"><\/path><\/svg><br \/>\n\t\t\t<svg aria-hidden=\"true\" viewBox=\"0 0 448 512\" xmlns=\"http:\/\/www.w3.org\/2000\/svg\"><path d=\"M416 208H272V64c0-17.67-14.33-32-32-32h-32c-17.67 0-32 14.33-32 32v144H32c-17.67 0-32 14.33-32 32v32c0 17.67 14.33 32 32 32h144v144c0 17.67 14.33 32 32 32h32c17.67 0 32-14.33 32-32V304h144c17.67 0 32-14.33 32-32v-32c0-17.67-14.33-32-32-32z\"><\/path><\/svg><br \/>\n\t\t\t\t\t\t<\/summary>\n<p>\t\t\t\t\t\t\t\t\t\u00a0Directora: Garc\u00eda, Nancy del Valle<\/p>\n<p dir=\"ltr\">Resumen:\u00a0\u00a0La presente investigaci\u00f3n aborda uno de los aspectos psicol\u00f3gicos involucrados en las enfermedades cr\u00f3nicas no transmisibles (ECNT). Se considera una tem\u00e1tica de gran importancia en el campo de la salud, dado que los avances en la intervenci\u00f3n terap\u00e9utica han permitido una mayor tasa de sobrevida, permaneciendo la enfermedad en el tiempo, requiriendo entonces que los pacientes deban adaptarse a la enfermedad y a los factores psicol\u00f3gicos y sociales que la rodean (Urz\u00faa &amp; Jarne, 2008). El despliegue de estrategias de afrontamiento, entendido desde un enfoque salug\u00e9nico no se encamina a la mera protecci\u00f3n frente al malestar psicol\u00f3gico vinculado a niveles excesivos de estr\u00e9s, sino que apunta al logro de un estado de bienestar en el sujeto, como producto del adecuado manejo de las demandas internas y\/o externas. El objetivo general es describir las estrategias de afrontamiento en adultos con diagn\u00f3stico de una enfermedad cr\u00f3nica no transmisible (ECNT), que se encuentran bajo tratamiento, residentes en San Miguel de Tucum\u00e1n. Se trata de una investigaci\u00f3n desde el enfoque cuantitativo, de tipo descriptivo, en tanto se presentan las estrategias de afrontamiento (foco y m\u00e9todo de las mismas) de adultos de la mencionada poblaci\u00f3n; y de tipo comparativo, en tanto se plantean diferencias y similitudes en dichas estrategias (variable dependiente), seg\u00fan edad, sexo, tiempo de diagn\u00f3stico y tipo de ECNT (variables independientes). Se aplicar\u00e1n como instrumentos de recolecci\u00f3n de datos (autoadministrados): Inventario de Respuestas de Afrontamiento (Moos, R., 1993. Adaptaci\u00f3n: Ahumada, M. &amp; Santiago, I., 2009), y encuesta sociodemogr\u00e1fica.\u00a0<\/p>\n<\/details>\n<details id=\"e-n-accordion-item-2543\" >\n<summary data-accordion-index=\"4\" tabindex=\"-1\" aria-expanded=\"false\" aria-controls=\"e-n-accordion-item-2543\" >\n\t\t\t\t\t 4.Comportamientos alimentarios relacionados al control del tama\u00f1o de la porci\u00f3n en universitarios con obesidad. Aportes desde un enfoque cualitativo.\u00a0<br \/>\n\t\t\t<svg aria-hidden=\"true\" viewBox=\"0 0 448 512\" xmlns=\"http:\/\/www.w3.org\/2000\/svg\"><path d=\"M416 208H32c-17.67 0-32 14.33-32 32v32c0 17.67 14.33 32 32 32h384c17.67 0 32-14.33 32-32v-32c0-17.67-14.33-32-32-32z\"><\/path><\/svg><br \/>\n\t\t\t<svg aria-hidden=\"true\" viewBox=\"0 0 448 512\" xmlns=\"http:\/\/www.w3.org\/2000\/svg\"><path d=\"M416 208H272V64c0-17.67-14.33-32-32-32h-32c-17.67 0-32 14.33-32 32v144H32c-17.67 0-32 14.33-32 32v32c0 17.67 14.33 32 32 32h144v144c0 17.67 14.33 32 32 32h32c17.67 0 32-14.33 32-32V304h144c17.67 0 32-14.33 32-32v-32c0-17.67-14.33-32-32-32z\"><\/path><\/svg><br \/>\n\t\t\t\t\t\t<\/summary>\n<p>\t\t\t\t\t\t\t\t\t\u00a0Director: Sal, Francisco Javier<\/p>\n<p dir=\"ltr\">Resumen:\u00a0El desarrollo de una perspectiva que vincule el conocimiento relacionado con el c\u00f3mo, con qu\u00e9, d\u00f3nde, con qui\u00e9n, cu\u00e1ndo, cu\u00e1nto, para qu\u00e9 y por qu\u00e9 nos alimentamos, se denomina comportamiento alimentario. Su inter\u00e9s radica en que es un elemento importante para comprender la situaci\u00f3n actual de la alimentaci\u00f3n a nivel mundial. Adem\u00e1s, se trata de una posibilidad para prevenir y controlar patolog\u00edas prevalentes relacionadas con el consumo de alimento, como la obesidad, a trav\u00e9s del aporte de herramientas para el desarrollo de pol\u00edticas p\u00fablicas para su tratamiento. El objetivo de esta investigaci\u00f3n ser\u00e1: Explorar comportamientos alimentarios relacionado con el control de la porci\u00f3n en estudiantes universitarios con obesidad de la Facultad de Ciencias de la Salud de una Universidad privada del Norte Argentino. Se aplicar\u00e1n 2 (dos) o m\u00e1s grupos focales con cuatro a nueve integrantes por grupo. Para el proceso el an\u00e1lisis y recolecci\u00f3n de datos se utilizar\u00e1, el m\u00e9todo comparativo constante. La recolecci\u00f3n de datos se realizar\u00e1 hasta alcanzar la saturaci\u00f3n te\u00f3rica.\u00a0<\/p>\n<\/details>\n<details id=\"e-n-accordion-item-2544\" >\n<summary data-accordion-index=\"5\" tabindex=\"-1\" aria-expanded=\"false\" aria-controls=\"e-n-accordion-item-2544\" >\n\t\t\t\t\t 5.Evaluaci\u00f3n y\u00a0normativas del\u00a0funcionamiento\u00a0neurocognitivo\u00a0global en\u00a0poblaci\u00f3n de\u00a0adultos\u00a0mayores de la\u00a0provincia de Tucum\u00e1n.\u00a0<br \/>\n\t\t\t<svg aria-hidden=\"true\" viewBox=\"0 0 448 512\" xmlns=\"http:\/\/www.w3.org\/2000\/svg\"><path d=\"M416 208H32c-17.67 0-32 14.33-32 32v32c0 17.67 14.33 32 32 32h384c17.67 0 32-14.33 32-32v-32c0-17.67-14.33-32-32-32z\"><\/path><\/svg><br \/>\n\t\t\t<svg aria-hidden=\"true\" viewBox=\"0 0 448 512\" xmlns=\"http:\/\/www.w3.org\/2000\/svg\"><path d=\"M416 208H272V64c0-17.67-14.33-32-32-32h-32c-17.67 0-32 14.33-32 32v144H32c-17.67 0-32 14.33-32 32v32c0 17.67 14.33 32 32 32h144v144c0 17.67 14.33 32 32 32h32c17.67 0 32-14.33 32-32V304h144c17.67 0 32-14.33 32-32v-32c0-17.67-14.33-32-32-32z\"><\/path><\/svg><br \/>\n\t\t\t\t\t\t<\/summary>\n<p>\t\t\t\t\t\t\t\t\t\u00a0Director: Berta, Mario Bernardino<\/p>\n<p dir=\"ltr\">Resumen:\u00a0El presente proyecto busca obtener conocimiento sobre el rendimiento cognitivo en adultos mayores de la provincia de Tucum\u00e1n a partir de la administraci\u00f3n de pruebas neuropsicol\u00f3gicas que d\u00e9 cuenta de forma r\u00e1pida y espec\u00edfica el perfil global de los individuos evaluados, a fin de obtener muestras locales que organicen y orienten la pr\u00e1ctica profesional. Objetivo: Evaluar el perfil cognitivo en adultos mayores a fin de obtener una muestra representativa del rendimiento neurocognitivo. M\u00e9todo: Estudio de tipo cuantitativo, descriptivo, comparativo, transversal. Muestra: 100 adultos clasificados en dos grupos (controles versus deterioro cognitivo). Instrumentos: Pruebas neuropsicol\u00f3gicas con antecedentes de aplicaci\u00f3n y publicaciones de normativas referentes a la edad.\u00a0<\/p>\n<\/details>\n<details id=\"e-n-accordion-item-2545\" >\n<summary data-accordion-index=\"6\" tabindex=\"-1\" aria-expanded=\"false\" aria-controls=\"e-n-accordion-item-2545\" >\n\t\t\t\t\t 6.Educaci\u00f3n basada en la comunidad desde la percepci\u00f3n del estudiante.\u00a0<br \/>\n\t\t\t<svg aria-hidden=\"true\" viewBox=\"0 0 448 512\" xmlns=\"http:\/\/www.w3.org\/2000\/svg\"><path d=\"M416 208H32c-17.67 0-32 14.33-32 32v32c0 17.67 14.33 32 32 32h384c17.67 0 32-14.33 32-32v-32c0-17.67-14.33-32-32-32z\"><\/path><\/svg><br \/>\n\t\t\t<svg aria-hidden=\"true\" viewBox=\"0 0 448 512\" xmlns=\"http:\/\/www.w3.org\/2000\/svg\"><path d=\"M416 208H272V64c0-17.67-14.33-32-32-32h-32c-17.67 0-32 14.33-32 32v144H32c-17.67 0-32 14.33-32 32v32c0 17.67 14.33 32 32 32h144v144c0 17.67 14.33 32 32 32h32c17.67 0 32-14.33 32-32V304h144c17.67 0 32-14.33 32-32v-32c0-17.67-14.33-32-32-32z\"><\/path><\/svg><br \/>\n\t\t\t\t\t\t<\/summary>\n<p>\t\t\t\t\t\t\t\t\t\u00a0Directora : Hurtado, Mar\u00eda del Carmen<\/p>\n<p dir=\"ltr\">Resumen:\u00a0Plan de investigaci\u00f3n. Resumen Introducci\u00f3n y marco te\u00f3rico. La Universidad del Norte Santo Tom\u00e1s de Aquino (UNSTA) presenta como nueva oferta de grado la carrera de Medicina. La misma surge como respuesta a cambios sociales y a un nuevo patr\u00f3n del proceso salud &#8211; enfermedad- cuidado &#8211; atenci\u00f3n, que exige plantear un cambio radical en los sistemas de salud muchas veces fragmentados e inequitativos. La propuesta es una perspectiva basada en el Modelo Biopsicosocial desarrollando plenamente el Proceso Cl\u00ednico Centrado en la Persona, seg\u00fan el cual el hombre se aborda de manera integral, cuerpo-mente-esp\u00edritu. La Educaci\u00f3n basada en la comunidad (EBC) consiste en el aprendizaje mediante actividades utilizando a la comunidad como &#8220;ambiente de aprendizaje&#8221;. El perfil del egresado de la carrera de medicina de la UNSTA ser\u00e1 el de m\u00e9dico general con orientaci\u00f3n familiar y comunitaria. Orientar los planes de estudios m\u00e9dicos hacia el encuentro comunitario precoz pretende facilitar la transici\u00f3n de los estudiantes al entorno social, cl\u00ednico, y contextual; motivarlos, aumentar su seguridad para acercarse a los pacientes y hacerlos m\u00e1s conscientes de s\u00ed mismos y de los dem\u00e1s, fortalecer sus conocimiento te\u00f3ricos, profundizarlos y contextualizarlos, fortaleciendo la integraci\u00f3n con las ciencias sociales, del comportamiento, la organizaci\u00f3n de la atenci\u00f3n m\u00e9dica, el papel de los profesionales dentro de ella y el trabajo en equipos de salud. La realizaci\u00f3n del presente estudio, que tiene como objetivos conocer la percepci\u00f3n de los estudiantes acerca de la experiencia en los espacios de formaci\u00f3n basados en EBC y la valoraci\u00f3n que le otorgan al contacto precoz con la comunidad; ser\u00e1 de suma utilidad para la evaluaci\u00f3n de las actividades propuestas desde la planificaci\u00f3n curricular y para realizar propuestas de mejora en base a los resultados. Dise\u00f1o de investigaci\u00f3n: paradigma hermen\u00e9utico. Modo de generaci\u00f3n conceptual. Cualitativo, asociado epistemol\u00f3gicamente al constructivismo. El \u00e9nfasis estar\u00e1 puesto en la identificaci\u00f3n de categor\u00edas y proposiciones a partir de una base de informaci\u00f3n emp\u00edrica.La dimensi\u00f3n metodol\u00f3gica ser\u00e1 el modo de generaci\u00f3n conceptual; el m\u00e9todo ser\u00e1 el fenomenol\u00f3gico a fin de conocer las percepciones de los alumnos desde la experiencia de cada uno, atendiendo a su individualismo y subjetividad.\u00a0<\/p>\n<\/details>\n<details id=\"e-n-accordion-item-2546\" >\n<summary data-accordion-index=\"7\" tabindex=\"-1\" aria-expanded=\"false\" aria-controls=\"e-n-accordion-item-2546\" >\n\t\t\t\t\t 7.Caracterizaci\u00f3n del ambiente educacional percibido y su relaci\u00f3n con el rendimiento estudiantil en alumnos de la Facultad de Ciencias de la Salud de la UNSTA.<br \/>\n\t\t\t<svg aria-hidden=\"true\" viewBox=\"0 0 448 512\" xmlns=\"http:\/\/www.w3.org\/2000\/svg\"><path d=\"M416 208H32c-17.67 0-32 14.33-32 32v32c0 17.67 14.33 32 32 32h384c17.67 0 32-14.33 32-32v-32c0-17.67-14.33-32-32-32z\"><\/path><\/svg><br \/>\n\t\t\t<svg aria-hidden=\"true\" viewBox=\"0 0 448 512\" xmlns=\"http:\/\/www.w3.org\/2000\/svg\"><path d=\"M416 208H272V64c0-17.67-14.33-32-32-32h-32c-17.67 0-32 14.33-32 32v144H32c-17.67 0-32 14.33-32 32v32c0 17.67 14.33 32 32 32h144v144c0 17.67 14.33 32 32 32h32c17.67 0 32-14.33 32-32V304h144c17.67 0 32-14.33 32-32v-32c0-17.67-14.33-32-32-32z\"><\/path><\/svg><br \/>\n\t\t\t\t\t\t<\/summary>\n<p dir=\"ltr\">Directora: Aymat Rodr\u00edguez,\u00a0Ana Carolina<\/p>\n<p dir=\"ltr\">Resumen:\u00a0\u00a0El presente proyecto se encuadra dentro de la l\u00ednea Tem\u00e1ticas ordenadas a promover mejores condiciones de vida, espec\u00edficamente educaci\u00f3n. La educaci\u00f3n en ciencias de la salud ha sufrido cambios. Al ingresar a la universidad, los alumnos encuentran un \u00e1mbito diferente al que conoc\u00edan en la educaci\u00f3n media, con c\u00f3digos espec\u00edficos que parecen ajenos a ellos. El clima educacional parece cobrar especial relevancia para que el proceso de adaptaci\u00f3n de los alumnos sea exitoso. El ambiente educacional es un concepto que cada vez cobra mayor relevancia en la educaci\u00f3n en ciencias de la salud por su impacto en el proceso de ense\u00f1anza, aprendizaje y posterior vida laboral. Es por ello, que este trabajo se propone investigar sobre el ambiente educacional planteando como objetivo general: Describir cu\u00e1l es el ambiente educacional percibido por los alumnos en la Facultad de Ciencias de la Salud (FCS) de la Universidad del Norte Santo Tom\u00e1s de Aquino de la provincia de Tucum\u00e1n y su relaci\u00f3n con el rendimiento estudiantil.\u00a0 Para lograrlo se realizar\u00e1 una investigaci\u00f3n desde el paradigma cuantitativo eligiendo como dise\u00f1o el estudio de caso. El muestreo ser\u00e1 probabil\u00edstico estratificado y se aplicara la encuesta Dundee Ready Education Environment Questionnaire (DREEM) que se compone de 50 \u00edtems agrupados en cinco dominios: percepci\u00f3n del aprendizaje, percepci\u00f3n del docente, percepci\u00f3n acad\u00e9mica, percepci\u00f3n de la atm\u00f3sfera y percepci\u00f3n social. Se considera que, los resultados de la presente investigaci\u00f3n, ser\u00e1n de suma importancia para fortalecer aspectos percibidos con valoraci\u00f3n positiva y modificar los aspectos percibidos por nuestros alumnos de manera negativa. Asimismo, la procedencia de diferentes campos del saber de los investigadores permitir\u00e1 el an\u00e1lisis integral de la problem\u00e1tica a estudiar.\u00a0<\/p>\n<\/details>\n<details id=\"e-n-accordion-item-2547\" >\n<summary data-accordion-index=\"8\" tabindex=\"-1\" aria-expanded=\"false\" aria-controls=\"e-n-accordion-item-2547\" >\n\t\t\t\t\t 8.La amistad en el aula y el desarrollo de habilidades sociales en la infancia.\u00a0<br \/>\n\t\t\t<svg aria-hidden=\"true\" viewBox=\"0 0 448 512\" xmlns=\"http:\/\/www.w3.org\/2000\/svg\"><path d=\"M416 208H32c-17.67 0-32 14.33-32 32v32c0 17.67 14.33 32 32 32h384c17.67 0 32-14.33 32-32v-32c0-17.67-14.33-32-32-32z\"><\/path><\/svg><br \/>\n\t\t\t<svg aria-hidden=\"true\" viewBox=\"0 0 448 512\" xmlns=\"http:\/\/www.w3.org\/2000\/svg\"><path d=\"M416 208H272V64c0-17.67-14.33-32-32-32h-32c-17.67 0-32 14.33-32 32v144H32c-17.67 0-32 14.33-32 32v32c0 17.67 14.33 32 32 32h144v144c0 17.67 14.33 32 32 32h32c17.67 0 32-14.33 32-32V304h144c17.67 0 32-14.33 32-32v-32c0-17.67-14.33-32-32-32z\"><\/path><\/svg><br \/>\n\t\t\t\t\t\t<\/summary>\n<p>\t\t\t\t\t\t\t\t\t\u00a0Directora:\u00a0D\u00edaz, Yanina Soledad<\/p>\n<p dir=\"ltr\">Resumen:\u00a0La amistad es un v\u00ednculo que nos ayuda a integrarnos en el mundo social, promueve la interiorizaci\u00f3n de reglas y valores, favorece la resoluci\u00f3n de conflictos interpersonales y el incremento de la autoestima. Adem\u00e1s, se constituye en un agente protector frente a situaciones adversas o entornos negativos, como en el caso de problem\u00e1ticas en el seno de la familia, exclusi\u00f3n social o acoso escolar (Bukowski, 2009). Tener o no tener un amigo puede afectar otras experiencias sociales y del desarrollo en general. El estudio pretende evaluar los v\u00ednculos que presentan en la infancia, las caracter\u00edsticas de la amistad de estudiantes de escuelas primarias del sur de la provincia y la relaci\u00f3n que existe con el desarrollo de habilidades sociales.\u00a0<\/p>\n<\/details>\n<details id=\"e-n-accordion-item-2548\" >\n<summary data-accordion-index=\"9\" tabindex=\"-1\" aria-expanded=\"false\" aria-controls=\"e-n-accordion-item-2548\" >\n\t\t\t\t\t 9.Estado Antropom\u00e9trico, calidad de la dieta, s\u00edntomas depresivos y de ansiedad, y su relaci\u00f3n con el rendimiento acad\u00e9mico en alumnos ingresantes en el periodo 2020 del Campus UNSTA Concepci\u00f3n.<br \/>\n\t\t\t<svg aria-hidden=\"true\" viewBox=\"0 0 448 512\" xmlns=\"http:\/\/www.w3.org\/2000\/svg\"><path d=\"M416 208H32c-17.67 0-32 14.33-32 32v32c0 17.67 14.33 32 32 32h384c17.67 0 32-14.33 32-32v-32c0-17.67-14.33-32-32-32z\"><\/path><\/svg><br \/>\n\t\t\t<svg aria-hidden=\"true\" viewBox=\"0 0 448 512\" xmlns=\"http:\/\/www.w3.org\/2000\/svg\"><path d=\"M416 208H272V64c0-17.67-14.33-32-32-32h-32c-17.67 0-32 14.33-32 32v144H32c-17.67 0-32 14.33-32 32v32c0 17.67 14.33 32 32 32h144v144c0 17.67 14.33 32 32 32h32c17.67 0 32-14.33 32-32V304h144c17.67 0 32-14.33 32-32v-32c0-17.67-14.33-32-32-32z\"><\/path><\/svg><br \/>\n\t\t\t\t\t\t<\/summary>\n<p>\t\t\t\t\t\t\t\t\t\u00a0Directora: L\u00f3pez, Silvia Estela<\/p>\n<p dir=\"ltr\">Resumen:\u00a0El ingreso a la universidad trae consigo cambios como la separaci\u00f3n del n\u00facleo familiar, el aumento de responsabilidades y la reevaluaci\u00f3n de las actividades realizadas hasta el momento, los cuales pueden vulnerar la estabilidad emocional y f\u00edsica de los estudiantes. Puede ocurrir que la transici\u00f3n resulte problem\u00e1tica, que el estudiante no se sienta a gusto en los estudios universitarios o surjan obst\u00e1culos que le conduzcan al abandono (deserci\u00f3n) o al cambio. Esto motiva a la elaboraci\u00f3n de este proyecto cuyo objetivo principal es conocer el estado nutricional antropom\u00e9trico, la calidad de la alimentaci\u00f3n, la presencia de s\u00edntomas de depresi\u00f3n y ansiedad en los alumnos ingresantes en 2020 y establecer la posible relaci\u00f3n de estas variables con el comportamiento acad\u00e9mico (rendimiento) del alumno durante su primer a\u00f1o (hasta marzo de 2021).Si bien no se pudo establecer causa efecto, numerosos estudios correlacionales respaldan esta propuesta. Los datos y posibles asociaciones que puedan surgir, brindaran informaci\u00f3n de inter\u00e9s que puede contribuir a reforzar programas de contenci\u00f3n y retenci\u00f3n de los alumnos, y al trabajo en conjunto con el servicio de tutor\u00edas.\u00a0<\/p>\n<\/details>\n<details id=\"e-n-accordion-item-2549\" >\n<summary data-accordion-index=\"10\" tabindex=\"-1\" aria-expanded=\"false\" aria-controls=\"e-n-accordion-item-2549\" >\n\t\t\t\t\t 10.Importancia del acompa\u00f1amiento espiritual a pacientes en cuidados paliativos.\u00a0<br \/>\n\t\t\t<svg aria-hidden=\"true\" viewBox=\"0 0 448 512\" xmlns=\"http:\/\/www.w3.org\/2000\/svg\"><path d=\"M416 208H32c-17.67 0-32 14.33-32 32v32c0 17.67 14.33 32 32 32h384c17.67 0 32-14.33 32-32v-32c0-17.67-14.33-32-32-32z\"><\/path><\/svg><br \/>\n\t\t\t<svg aria-hidden=\"true\" viewBox=\"0 0 448 512\" xmlns=\"http:\/\/www.w3.org\/2000\/svg\"><path d=\"M416 208H272V64c0-17.67-14.33-32-32-32h-32c-17.67 0-32 14.33-32 32v144H32c-17.67 0-32 14.33-32 32v32c0 17.67 14.33 32 32 32h144v144c0 17.67 14.33 32 32 32h32c17.67 0 32-14.33 32-32V304h144c17.67 0 32-14.33 32-32v-32c0-17.67-14.33-32-32-32z\"><\/path><\/svg><br \/>\n\t\t\t\t\t\t<\/summary>\n<p>\t\t\t\t\t\t\t\t\tDirectora: Elbaba, Alejandra<\/p>\n<p dir=\"ltr\">Resumen:\u00a0\u00a0La finalidad del presente proyecto es subrayar la necesidad de la atenci\u00f3n integral de los pacientes en cuidados paliativos, incluyendo la dimensi\u00f3n espiritual. En momentos de crisis, y la cercan\u00eda de la muerte es uno de ellos, se vuelve absolutamente relevante el sufrimiento f\u00edsico, emocional y espiritual. El sufrimiento espiritual aparece por la p\u00e9rdida del significado y del sentido de la vida, y se refleja en el dolor espiritual. As\u00ed como para el vivir, se hace necesario encontrar un sentido para el morir, lo que se denomina afrontamiento de la muerte. Es en este contexto que la empat\u00eda de los profesionales con el sentimiento de la muerte cercana, se torna relevante a fin de favorecer la capacidad del sujeto de elevarse a la trascendencia como forma de mitigar el sufrimiento. Debatir acerca de estas cuestiones, de manera interdisciplinar, contin\u00faa poniendo a nuestra Universidad en el lugar privilegiado de centro urbano de di\u00e1logo y reflexi\u00f3n de tem\u00e1ticas que hacen a la producci\u00f3n de significados \u00faltimos y profundos, al servicio del pueblo de Dios y de la Familia humana en su itinerario hacia aquel objetivo trascendente que da sentido a la vida. En la actualidad, la importancia que se le est\u00e1 dando a la espiritualidad de los sujetos, se ve en el aumento de los estudios cient\u00edficos interdisciplinares de \u00e1reas psicol\u00f3gicas, sociol\u00f3gicas y filos\u00f3ficas que han incursionado en el tema de la salud y la espiritualidad, en los que se busca demostrar y evidenciar c\u00f3mo influye la espiritualidad para mantener o mejorar la salud de los pacientes. Desde 2018 Tucum\u00e1n cuenta con un programa provincial del Dolor y Cuidados Paliativos. Sin embargo, no tenemos evidencias cient\u00edficas del involucramiento de los profesionales de la salud de la regi\u00f3n en esta necesidad de reconocimiento de la dimensi\u00f3n espiritual de los pacientes y la consecuente empat\u00eda con dicha necesidad. Esta es una cuesti\u00f3n de fundamental relevancia: empatizar con las necesidades espirituales del paciente que sufre.\u00a0<\/p>\n<\/details>\n<details id=\"e-n-accordion-item-25410\" >\n<summary data-accordion-index=\"11\" tabindex=\"-1\" aria-expanded=\"false\" aria-controls=\"e-n-accordion-item-25410\" >\n\t\t\t\t\t 11.Empat\u00eda y Responsabilidad Social en universitarios.\u00a0<br \/>\n\t\t\t<svg aria-hidden=\"true\" viewBox=\"0 0 448 512\" xmlns=\"http:\/\/www.w3.org\/2000\/svg\"><path d=\"M416 208H32c-17.67 0-32 14.33-32 32v32c0 17.67 14.33 32 32 32h384c17.67 0 32-14.33 32-32v-32c0-17.67-14.33-32-32-32z\"><\/path><\/svg><br \/>\n\t\t\t<svg aria-hidden=\"true\" viewBox=\"0 0 448 512\" xmlns=\"http:\/\/www.w3.org\/2000\/svg\"><path d=\"M416 208H272V64c0-17.67-14.33-32-32-32h-32c-17.67 0-32 14.33-32 32v144H32c-17.67 0-32 14.33-32 32v32c0 17.67 14.33 32 32 32h144v144c0 17.67 14.33 32 32 32h32c17.67 0 32-14.33 32-32V304h144c17.67 0 32-14.33 32-32v-32c0-17.67-14.33-32-32-32z\"><\/path><\/svg><br \/>\n\t\t\t\t\t\t<\/summary>\n<p>\t\t\t\t\t\t\t\t\tDirector: Haro, Mario Alejandro<\/p>\n<p dir=\"ltr\">Resumen:\u00a0El objeto de este proyecto consiste en indagar en los estudiantes universitarios las variables de estudio: empat\u00eda (variable 1) y responsabilidad social (variable 2). Se parte de la hip\u00f3tesis que, quienes cuenten con mayor capacidad de empat\u00eda, tendr\u00e1n mayor responsabilidad social, lo que podr\u00eda traducirse en un comportamiento socialmente m\u00e1s responsable. De \u00e9sta manera lo que se intenta es medir ambas variables en una misma poblaci\u00f3n, en 2 tiempos, e interrelacionarlas para establecer grados y tipos de correlaci\u00f3n. La investigaci\u00f3n psicol\u00f3gica se ha dedicado a estudiar e investigar mucho la empat\u00eda desde diversas comprensiones diversas.\u00a0<\/p>\n<\/details>\n<p>\t\tDirectora: Nader, F\u00e1tima<\/p>\n<p dir=\"ltr\">Resumen:\u00a0En los \u00faltimos a\u00f1os, se observ\u00f3 un gran cambio en los patrones alimentarios y estilos de vida en la poblaci\u00f3n, los cuales se caracterizan por un mayor consumo de grasas saturadas, az\u00facares y alimentos procesados acompa\u00f1ado de una disminuci\u00f3n en el consumo de fibras, lo que trae como consecuencia un incremento en la incidencia de enfermedades cr\u00f3nicas no transmisibles (ECNT). Actualmente, se observa un mayor crecimiento de microemprendimientos que comercializan materias primas con ?beneficios? para la salud que a veces no est\u00e1n demostrados cient\u00edficamente. En muchos casos, se desconocen las propiedades ben\u00e9ficas, cualidades y efectos del consumo prolongado de diferentes alimentos, materias primas regionales o poco difundidas en nuestra provincia. El objetivo general de este proyecto es emplear materias primas regionales o poco conocidas para elaborar preparaciones alimenticias con caracter\u00edsticas organol\u00e9pticas adecuadas. Adem\u00e1s, se estudiar\u00e1 su valor nutricional, aceptabilidad, satisfacci\u00f3n y el nivel de conocimiento de la poblaci\u00f3n sobre dichas materias primas. Se evaluar\u00e1 las potencialidades de transferencia conjuntamente con la Unidad de Vinculaci\u00f3n Tecnol\u00f3gica de la UNSTA, de manera de realizar un aporte a la tecnolog\u00eda alimentaria. Los resultados que se obtengan se difundir\u00e1n a la poblaci\u00f3n y a las industrias para que tengan conocimiento sobre las propiedades nutricionales y ben\u00e9ficas que aportan los mismos a la salud del consumidor. Se aplicar\u00e1n metodolog\u00edas que permitan determinar el contenido de macro y micronutrientes de las preparaciones elaboradas. Se realizar\u00e1n degustaciones a los consumidores sanos seleccionados al azar para determinar su aceptabilidad y satisfacci\u00f3n y por \u00faltimo se evaluar\u00e1 el nivel de conocimiento de los mismos. Participaran docentes de la Facultad, profesionales recientemente graduados y alumnos que est\u00e1n realizando sus tesinas de licenciatura.\u00a0<\/p>\n<p>Directora: Fern\u00e1ndez, Noelia Natalia<\/p>\n<p dir=\"ltr\">Resumen:\u00a0La nutrici\u00f3n actual se orienta a proveer de alimentos que, adem\u00e1s de los nutrientes, contengan otros compuestos biol\u00f3gicamente activos que aporten un efecto beneficioso para la salud, denominados Alimentos Funcionales. Las microalgas son consideradas como &#8220;superalimentos&#8221;, debido a que son fuente de sustancias con alto valor nutritivo como vitaminas, \u00e1cidos grasos o amino\u00e1cidos esenciales y antioxidantes, complementos de una alimentaci\u00f3n saludable para las personas. Por esta raz\u00f3n, cada vez m\u00e1s especies se investigan para ser aplicadas como aditivos funcionales y en tecnolog\u00eda alimentaria. El objetivo de este trabajo es dise\u00f1ar alimentos con ingredientes funcionales a partir de harinas no convencionales de microalgas de la regi\u00f3n NOA mediante la aplicaci\u00f3n de tecnolog\u00edas transversales a fin de hacer el proceso sustentable. Para ello se llevar\u00e1 a cabo un estudio experimental; se realizar\u00e1 el cultivo de la microalga (Scenedesmus), se extraer\u00e1n compuestos de inter\u00e9s para la evaluaci\u00f3n de compuestos fen\u00f3licos, actividad antioxidante y antimicrobiana; se dise\u00f1ar\u00e1n productos alimenticios con ingredientes funcionales a partir de las harinas de microalgas y se evaluar\u00e1n las caracter\u00edsticas nutricionales, organol\u00e9pticas y sensoriales en los productos obtenidos. Adem\u00e1s, se formar\u00e1 recursos humanos en el \u00e1rea de alimentos funcionales con base sustentable. Desde la Salud p\u00fablica, podr\u00eda ayudar a disminuir la prevalencia de enfermedades carenciales, reducir los factores de riesgo asociados, mejorar la calidad de vida y los costos de atenci\u00f3n en salud. Desde la tecnolog\u00eda alimentaria, la aplicaci\u00f3n de tecnolog\u00edas transversales con base sustentable, ser\u00eda de gran impulso para las econom\u00edas regionales no convencionales.\u00a0<\/p>\n<p>\u00a0Directora: Garc\u00eda, Nancy del Valle<\/p>\n<p dir=\"ltr\">Resumen:\u00a0\u00a0La presente investigaci\u00f3n aborda uno de los aspectos psicol\u00f3gicos involucrados en las enfermedades cr\u00f3nicas no transmisibles (ECNT). Se considera una tem\u00e1tica de gran importancia en el campo de la salud, dado que los avances en la intervenci\u00f3n terap\u00e9utica han permitido una mayor tasa de sobrevida, permaneciendo la enfermedad en el tiempo, requiriendo entonces que los pacientes deban adaptarse a la enfermedad y a los factores psicol\u00f3gicos y sociales que la rodean (Urz\u00faa &amp; Jarne, 2008). El despliegue de estrategias de afrontamiento, entendido desde un enfoque salug\u00e9nico no se encamina a la mera protecci\u00f3n frente al malestar psicol\u00f3gico vinculado a niveles excesivos de estr\u00e9s, sino que apunta al logro de un estado de bienestar en el sujeto, como producto del adecuado manejo de las demandas internas y\/o externas. El objetivo general es describir las estrategias de afrontamiento en adultos con diagn\u00f3stico de una enfermedad cr\u00f3nica no transmisible (ECNT), que se encuentran bajo tratamiento, residentes en San Miguel de Tucum\u00e1n. Se trata de una investigaci\u00f3n desde el enfoque cuantitativo, de tipo descriptivo, en tanto se presentan las estrategias de afrontamiento (foco y m\u00e9todo de las mismas) de adultos de la mencionada poblaci\u00f3n; y de tipo comparativo, en tanto se plantean diferencias y similitudes en dichas estrategias (variable dependiente), seg\u00fan edad, sexo, tiempo de diagn\u00f3stico y tipo de ECNT (variables independientes). Se aplicar\u00e1n como instrumentos de recolecci\u00f3n de datos (autoadministrados): Inventario de Respuestas de Afrontamiento (Moos, R., 1993. Adaptaci\u00f3n: Ahumada, M. &amp; Santiago, I., 2009), y encuesta sociodemogr\u00e1fica.\u00a0<\/p>\n<p>\u00a0Director: Sal, Francisco Javier<\/p>\n<p dir=\"ltr\">Resumen:\u00a0El desarrollo de una perspectiva que vincule el conocimiento relacionado con el c\u00f3mo, con qu\u00e9, d\u00f3nde, con qui\u00e9n, cu\u00e1ndo, cu\u00e1nto, para qu\u00e9 y por qu\u00e9 nos alimentamos, se denomina comportamiento alimentario. Su inter\u00e9s radica en que es un elemento importante para comprender la situaci\u00f3n actual de la alimentaci\u00f3n a nivel mundial. Adem\u00e1s, se trata de una posibilidad para prevenir y controlar patolog\u00edas prevalentes relacionadas con el consumo de alimento, como la obesidad, a trav\u00e9s del aporte de herramientas para el desarrollo de pol\u00edticas p\u00fablicas para su tratamiento. El objetivo de esta investigaci\u00f3n ser\u00e1: Explorar comportamientos alimentarios relacionado con el control de la porci\u00f3n en estudiantes universitarios con obesidad de la Facultad de Ciencias de la Salud de una Universidad privada del Norte Argentino. Se aplicar\u00e1n 2 (dos) o m\u00e1s grupos focales con cuatro a nueve integrantes por grupo. Para el proceso el an\u00e1lisis y recolecci\u00f3n de datos se utilizar\u00e1, el m\u00e9todo comparativo constante. La recolecci\u00f3n de datos se realizar\u00e1 hasta alcanzar la saturaci\u00f3n te\u00f3rica.\u00a0<\/p>\n<p>\u00a0Director: Berta, Mario Bernardino<\/p>\n<p dir=\"ltr\">Resumen:\u00a0El presente proyecto busca obtener conocimiento sobre el rendimiento cognitivo en adultos mayores de la provincia de Tucum\u00e1n a partir de la administraci\u00f3n de pruebas neuropsicol\u00f3gicas que d\u00e9 cuenta de forma r\u00e1pida y espec\u00edfica el perfil global de los individuos evaluados, a fin de obtener muestras locales que organicen y orienten la pr\u00e1ctica profesional. Objetivo: Evaluar el perfil cognitivo en adultos mayores a fin de obtener una muestra representativa del rendimiento neurocognitivo. M\u00e9todo: Estudio de tipo cuantitativo, descriptivo, comparativo, transversal. Muestra: 100 adultos clasificados en dos grupos (controles versus deterioro cognitivo). Instrumentos: Pruebas neuropsicol\u00f3gicas con antecedentes de aplicaci\u00f3n y publicaciones de normativas referentes a la edad.\u00a0<\/p>\n<p>\u00a0Directora : Hurtado, Mar\u00eda del Carmen<\/p>\n<p dir=\"ltr\">Resumen:\u00a0Plan de investigaci\u00f3n. Resumen Introducci\u00f3n y marco te\u00f3rico. La Universidad del Norte Santo Tom\u00e1s de Aquino (UNSTA) presenta como nueva oferta de grado la carrera de Medicina. La misma surge como respuesta a cambios sociales y a un nuevo patr\u00f3n del proceso salud &#8211; enfermedad- cuidado &#8211; atenci\u00f3n, que exige plantear un cambio radical en los sistemas de salud muchas veces fragmentados e inequitativos. La propuesta es una perspectiva basada en el Modelo Biopsicosocial desarrollando plenamente el Proceso Cl\u00ednico Centrado en la Persona, seg\u00fan el cual el hombre se aborda de manera integral, cuerpo-mente-esp\u00edritu. La Educaci\u00f3n basada en la comunidad (EBC) consiste en el aprendizaje mediante actividades utilizando a la comunidad como &#8220;ambiente de aprendizaje&#8221;. El perfil del egresado de la carrera de medicina de la UNSTA ser\u00e1 el de m\u00e9dico general con orientaci\u00f3n familiar y comunitaria. Orientar los planes de estudios m\u00e9dicos hacia el encuentro comunitario precoz pretende facilitar la transici\u00f3n de los estudiantes al entorno social, cl\u00ednico, y contextual; motivarlos, aumentar su seguridad para acercarse a los pacientes y hacerlos m\u00e1s conscientes de s\u00ed mismos y de los dem\u00e1s, fortalecer sus conocimiento te\u00f3ricos, profundizarlos y contextualizarlos, fortaleciendo la integraci\u00f3n con las ciencias sociales, del comportamiento, la organizaci\u00f3n de la atenci\u00f3n m\u00e9dica, el papel de los profesionales dentro de ella y el trabajo en equipos de salud. La realizaci\u00f3n del presente estudio, que tiene como objetivos conocer la percepci\u00f3n de los estudiantes acerca de la experiencia en los espacios de formaci\u00f3n basados en EBC y la valoraci\u00f3n que le otorgan al contacto precoz con la comunidad; ser\u00e1 de suma utilidad para la evaluaci\u00f3n de las actividades propuestas desde la planificaci\u00f3n curricular y para realizar propuestas de mejora en base a los resultados. Dise\u00f1o de investigaci\u00f3n: paradigma hermen\u00e9utico. Modo de generaci\u00f3n conceptual. Cualitativo, asociado epistemol\u00f3gicamente al constructivismo. El \u00e9nfasis estar\u00e1 puesto en la identificaci\u00f3n de categor\u00edas y proposiciones a partir de una base de informaci\u00f3n emp\u00edrica.La dimensi\u00f3n metodol\u00f3gica ser\u00e1 el modo de generaci\u00f3n conceptual; el m\u00e9todo ser\u00e1 el fenomenol\u00f3gico a fin de conocer las percepciones de los alumnos desde la experiencia de cada uno, atendiendo a su individualismo y subjetividad.\u00a0<\/p>\n<p dir=\"ltr\">Directora: Aymat Rodr\u00edguez,\u00a0Ana Carolina<\/p>\n<p dir=\"ltr\">Resumen:\u00a0\u00a0El presente proyecto se encuadra dentro de la l\u00ednea Tem\u00e1ticas ordenadas a promover mejores condiciones de vida, espec\u00edficamente educaci\u00f3n. La educaci\u00f3n en ciencias de la salud ha sufrido cambios. Al ingresar a la universidad, los alumnos encuentran un \u00e1mbito diferente al que conoc\u00edan en la educaci\u00f3n media, con c\u00f3digos espec\u00edficos que parecen ajenos a ellos. El clima educacional parece cobrar especial relevancia para que el proceso de adaptaci\u00f3n de los alumnos sea exitoso. El ambiente educacional es un concepto que cada vez cobra mayor relevancia en la educaci\u00f3n en ciencias de la salud por su impacto en el proceso de ense\u00f1anza, aprendizaje y posterior vida laboral. Es por ello, que este trabajo se propone investigar sobre el ambiente educacional planteando como objetivo general: Describir cu\u00e1l es el ambiente educacional percibido por los alumnos en la Facultad de Ciencias de la Salud (FCS) de la Universidad del Norte Santo Tom\u00e1s de Aquino de la provincia de Tucum\u00e1n y su relaci\u00f3n con el rendimiento estudiantil.\u00a0 Para lograrlo se realizar\u00e1 una investigaci\u00f3n desde el paradigma cuantitativo eligiendo como dise\u00f1o el estudio de caso. El muestreo ser\u00e1 probabil\u00edstico estratificado y se aplicara la encuesta Dundee Ready Education Environment Questionnaire (DREEM) que se compone de 50 \u00edtems agrupados en cinco dominios: percepci\u00f3n del aprendizaje, percepci\u00f3n del docente, percepci\u00f3n acad\u00e9mica, percepci\u00f3n de la atm\u00f3sfera y percepci\u00f3n social. Se considera que, los resultados de la presente investigaci\u00f3n, ser\u00e1n de suma importancia para fortalecer aspectos percibidos con valoraci\u00f3n positiva y modificar los aspectos percibidos por nuestros alumnos de manera negativa. Asimismo, la procedencia de diferentes campos del saber de los investigadores permitir\u00e1 el an\u00e1lisis integral de la problem\u00e1tica a estudiar.\u00a0<\/p>\n<p>\u00a0Directora:\u00a0D\u00edaz, Yanina Soledad<\/p>\n<p dir=\"ltr\">Resumen:\u00a0La amistad es un v\u00ednculo que nos ayuda a integrarnos en el mundo social, promueve la interiorizaci\u00f3n de reglas y valores, favorece la resoluci\u00f3n de conflictos interpersonales y el incremento de la autoestima. Adem\u00e1s, se constituye en un agente protector frente a situaciones adversas o entornos negativos, como en el caso de problem\u00e1ticas en el seno de la familia, exclusi\u00f3n social o acoso escolar (Bukowski, 2009). Tener o no tener un amigo puede afectar otras experiencias sociales y del desarrollo en general. El estudio pretende evaluar los v\u00ednculos que presentan en la infancia, las caracter\u00edsticas de la amistad de estudiantes de escuelas primarias del sur de la provincia y la relaci\u00f3n que existe con el desarrollo de habilidades sociales.\u00a0<\/p>\n<p>\u00a0Directora: L\u00f3pez, Silvia Estela<\/p>\n<p dir=\"ltr\">Resumen:\u00a0El ingreso a la universidad trae consigo cambios como la separaci\u00f3n del n\u00facleo familiar, el aumento de responsabilidades y la reevaluaci\u00f3n de las actividades realizadas hasta el momento, los cuales pueden vulnerar la estabilidad emocional y f\u00edsica de los estudiantes. Puede ocurrir que la transici\u00f3n resulte problem\u00e1tica, que el estudiante no se sienta a gusto en los estudios universitarios o surjan obst\u00e1culos que le conduzcan al abandono (deserci\u00f3n) o al cambio. Esto motiva a la elaboraci\u00f3n de este proyecto cuyo objetivo principal es conocer el estado nutricional antropom\u00e9trico, la calidad de la alimentaci\u00f3n, la presencia de s\u00edntomas de depresi\u00f3n y ansiedad en los alumnos ingresantes en 2020 y establecer la posible relaci\u00f3n de estas variables con el comportamiento acad\u00e9mico (rendimiento) del alumno durante su primer a\u00f1o (hasta marzo de 2021).Si bien no se pudo establecer causa efecto, numerosos estudios correlacionales respaldan esta propuesta. Los datos y posibles asociaciones que puedan surgir, brindaran informaci\u00f3n de inter\u00e9s que puede contribuir a reforzar programas de contenci\u00f3n y retenci\u00f3n de los alumnos, y al trabajo en conjunto con el servicio de tutor\u00edas.\u00a0<\/p>\n<p>Directora: Elbaba, Alejandra<\/p>\n<p dir=\"ltr\">Resumen:\u00a0\u00a0La finalidad del presente proyecto es subrayar la necesidad de la atenci\u00f3n integral de los pacientes en cuidados paliativos, incluyendo la dimensi\u00f3n espiritual. En momentos de crisis, y la cercan\u00eda de la muerte es uno de ellos, se vuelve absolutamente relevante el sufrimiento f\u00edsico, emocional y espiritual. El sufrimiento espiritual aparece por la p\u00e9rdida del significado y del sentido de la vida, y se refleja en el dolor espiritual. As\u00ed como para el vivir, se hace necesario encontrar un sentido para el morir, lo que se denomina afrontamiento de la muerte. Es en este contexto que la empat\u00eda de los profesionales con el sentimiento de la muerte cercana, se torna relevante a fin de favorecer la capacidad del sujeto de elevarse a la trascendencia como forma de mitigar el sufrimiento. Debatir acerca de estas cuestiones, de manera interdisciplinar, contin\u00faa poniendo a nuestra Universidad en el lugar privilegiado de centro urbano de di\u00e1logo y reflexi\u00f3n de tem\u00e1ticas que hacen a la producci\u00f3n de significados \u00faltimos y profundos, al servicio del pueblo de Dios y de la Familia humana en su itinerario hacia aquel objetivo trascendente que da sentido a la vida. En la actualidad, la importancia que se le est\u00e1 dando a la espiritualidad de los sujetos, se ve en el aumento de los estudios cient\u00edficos interdisciplinares de \u00e1reas psicol\u00f3gicas, sociol\u00f3gicas y filos\u00f3ficas que han incursionado en el tema de la salud y la espiritualidad, en los que se busca demostrar y evidenciar c\u00f3mo influye la espiritualidad para mantener o mejorar la salud de los pacientes. Desde 2018 Tucum\u00e1n cuenta con un programa provincial del Dolor y Cuidados Paliativos. Sin embargo, no tenemos evidencias cient\u00edficas del involucramiento de los profesionales de la salud de la regi\u00f3n en esta necesidad de reconocimiento de la dimensi\u00f3n espiritual de los pacientes y la consecuente empat\u00eda con dicha necesidad. Esta es una cuesti\u00f3n de fundamental relevancia: empatizar con las necesidades espirituales del paciente que sufre.\u00a0<\/p>\n<p>Director: Haro, Mario Alejandro<\/p>\n<p dir=\"ltr\">Resumen:\u00a0El objeto de este proyecto consiste en indagar en los estudiantes universitarios las variables de estudio: empat\u00eda (variable 1) y responsabilidad social (variable 2). Se parte de la hip\u00f3tesis que, quienes cuenten con mayor capacidad de empat\u00eda, tendr\u00e1n mayor responsabilidad social, lo que podr\u00eda traducirse en un comportamiento socialmente m\u00e1s responsable. De \u00e9sta manera lo que se intenta es medir ambas variables en una misma poblaci\u00f3n, en 2 tiempos, e interrelacionarlas para establecer grados y tipos de correlaci\u00f3n. La investigaci\u00f3n psicol\u00f3gica se ha dedicado a estudiar e investigar mucho la empat\u00eda desde diversas comprensiones diversas.\u00a0<\/p>\n<h5>CEOP<\/h5>\n<details id=\"e-n-accordion-item-2290\" open>\n<summary data-accordion-index=\"1\" tabindex=\"0\" aria-expanded=\"true\" aria-controls=\"e-n-accordion-item-2290\" >\n\t\t\t\t\t 1.Identidad personal y corporalidad.<br \/>\n\t\t\t<svg aria-hidden=\"true\" viewBox=\"0 0 448 512\" xmlns=\"http:\/\/www.w3.org\/2000\/svg\"><path d=\"M416 208H32c-17.67 0-32 14.33-32 32v32c0 17.67 14.33 32 32 32h384c17.67 0 32-14.33 32-32v-32c0-17.67-14.33-32-32-32z\"><\/path><\/svg><br \/>\n\t\t\t<svg aria-hidden=\"true\" viewBox=\"0 0 448 512\" xmlns=\"http:\/\/www.w3.org\/2000\/svg\"><path d=\"M416 208H272V64c0-17.67-14.33-32-32-32h-32c-17.67 0-32 14.33-32 32v144H32c-17.67 0-32 14.33-32 32v32c0 17.67 14.33 32 32 32h144v144c0 17.67 14.33 32 32 32h32c17.67 0 32-14.33 32-32V304h144c17.67 0 32-14.33 32-32v-32c0-17.67-14.33-32-32-32z\"><\/path><\/svg><br \/>\n\t\t\t\t\t\t<\/summary>\n<p dir=\"ltr\">Director: Franck, Juan Francisco<\/p>\n<p dir=\"ltr\">Resumen:\u00a0El proyecto explora el problema metaf\u00edsico de la identidad personal diacr\u00f3nica, con especial foco en la relevancia de la corporalidad, tanto en el debate espec\u00edfico sobre la identidad personal, como en su repercusi\u00f3n en problem\u00e1ticas filos\u00f3fico-cient\u00edficas, como los intentos de superar los l\u00edmites de la naturaleza humana (transhumanismo), los trastornos disociativos de la personalidad y la psicolog\u00eda del desarrollo. Parte de la hip\u00f3tesis de que la mayor\u00eda de las respuestas contempor\u00e1neas (animalismo, psicologismo, enfoque simple, identidad narrativa) resultan parciales, puesto que contemplan aspectos diversos, cuya articulaci\u00f3n no ha sido todav\u00eda alcanzada. En este sentido, el proyecto busca avanzar hacia una comprensi\u00f3n de la persona humana que contemple las dimensiones corp\u00f3rea y espiritual, tanto en t\u00e9rminos ps\u00edquicos como metaf\u00edsicos, en el marco de discusiones actuales de la filosof\u00eda y de preocupaciones cient\u00edficas y \u00e9ticas. Busca tambi\u00e9n lograr la articulaci\u00f3n de posiciones filos\u00f3ficas ya cl\u00e1sicas, como la teor\u00eda hilem\u00f3rfica en sus distintas variantes y la fenomenolog\u00eda, con el problema de la identidad personal diacr\u00f3nica. Los miembros del equipo de investigaci\u00f3n se reunir\u00e1n en un seminario mensual y en un workshop a lo largo del proyecto. Los resultados ser\u00e1n presentados en reuniones acad\u00e9micas del \u00e1mbito nacional y se espera publicarlos en revistas acad\u00e9micas indexadas.\u00a0<\/p>\n<\/details>\n<details id=\"e-n-accordion-item-2291\" >\n<summary data-accordion-index=\"2\" tabindex=\"-1\" aria-expanded=\"false\" aria-controls=\"e-n-accordion-item-2291\" >\n\t\t\t\t\t 2.Desplazados: los permisos de residencia o visa de trabajo en nuestra\u00a0regi\u00f3n, su eficacia.<br \/>\n\t\t\t<svg aria-hidden=\"true\" viewBox=\"0 0 448 512\" xmlns=\"http:\/\/www.w3.org\/2000\/svg\"><path d=\"M416 208H32c-17.67 0-32 14.33-32 32v32c0 17.67 14.33 32 32 32h384c17.67 0 32-14.33 32-32v-32c0-17.67-14.33-32-32-32z\"><\/path><\/svg><br \/>\n\t\t\t<svg aria-hidden=\"true\" viewBox=\"0 0 448 512\" xmlns=\"http:\/\/www.w3.org\/2000\/svg\"><path d=\"M416 208H272V64c0-17.67-14.33-32-32-32h-32c-17.67 0-32 14.33-32 32v144H32c-17.67 0-32 14.33-32 32v32c0 17.67 14.33 32 32 32h144v144c0 17.67 14.33 32 32 32h32c17.67 0 32-14.33 32-32V304h144c17.67 0 32-14.33 32-32v-32c0-17.67-14.33-32-32-32z\"><\/path><\/svg><br \/>\n\t\t\t\t\t\t<\/summary>\n<p dir=\"ltr\">Directora: Rosales Vera, Ethel Ivonne<\/p>\n<p dir=\"ltr\">Resumen:\u00a0No estamos solos, Argentina es un Pa\u00eds Sudamericano, pero que se encuentra dentro de un contexto global. Forma parte de la Comunidad Internacional y, a su vez dentro de un proceso de Integraci\u00f3n, el Mercosur, esto en definitiva impacta en el Ciudadano com\u00fan. Raz\u00f3n por la que se hace necesario abrir una v\u00eda de Investigaci\u00f3n para tem\u00e1ticas Regionales, desde las \u00e1reas del derecho Internacional P\u00fablico y Privado. Profundizar una problem\u00e1tica en particular, la migraci\u00f3n de personas, desde estas dos visiones complementarias, y el problema es: \u00bfSon suficientes las leyes existentes para su protecci\u00f3n integral? Actualmente somos una sociedad que los recibe y contiene? \u00bfSon suficientes las leyes existentes para su protecci\u00f3n integral? \u00bfSon suficientes y claras las leyes que les imponen obligaciones en nuestro pa\u00eds? \u00bfCu\u00e1les son los procedimientos administrativos y\/o judiciales? \u00bfExisten organismos que faciliten el asesoramiento y tr\u00e1mites? \u00bfCu\u00e1l es la situaci\u00f3n actual espec\u00edfica en el Norte de Argentina?<\/p>\n<\/details>\n<p dir=\"ltr\">Director: Franck, Juan Francisco<\/p>\n<p dir=\"ltr\">Resumen:\u00a0El proyecto explora el problema metaf\u00edsico de la identidad personal diacr\u00f3nica, con especial foco en la relevancia de la corporalidad, tanto en el debate espec\u00edfico sobre la identidad personal, como en su repercusi\u00f3n en problem\u00e1ticas filos\u00f3fico-cient\u00edficas, como los intentos de superar los l\u00edmites de la naturaleza humana (transhumanismo), los trastornos disociativos de la personalidad y la psicolog\u00eda del desarrollo. Parte de la hip\u00f3tesis de que la mayor\u00eda de las respuestas contempor\u00e1neas (animalismo, psicologismo, enfoque simple, identidad narrativa) resultan parciales, puesto que contemplan aspectos diversos, cuya articulaci\u00f3n no ha sido todav\u00eda alcanzada. En este sentido, el proyecto busca avanzar hacia una comprensi\u00f3n de la persona humana que contemple las dimensiones corp\u00f3rea y espiritual, tanto en t\u00e9rminos ps\u00edquicos como metaf\u00edsicos, en el marco de discusiones actuales de la filosof\u00eda y de preocupaciones cient\u00edficas y \u00e9ticas. Busca tambi\u00e9n lograr la articulaci\u00f3n de posiciones filos\u00f3ficas ya cl\u00e1sicas, como la teor\u00eda hilem\u00f3rfica en sus distintas variantes y la fenomenolog\u00eda, con el problema de la identidad personal diacr\u00f3nica. Los miembros del equipo de investigaci\u00f3n se reunir\u00e1n en un seminario mensual y en un workshop a lo largo del proyecto. Los resultados ser\u00e1n presentados en reuniones acad\u00e9micas del \u00e1mbito nacional y se espera publicarlos en revistas acad\u00e9micas indexadas.\u00a0<\/p>\n<p dir=\"ltr\">Directora: Rosales Vera, Ethel Ivonne<\/p>\n<p dir=\"ltr\">Resumen:\u00a0No estamos solos, Argentina es un Pa\u00eds Sudamericano, pero que se encuentra dentro de un contexto global. Forma parte de la Comunidad Internacional y, a su vez dentro de un proceso de Integraci\u00f3n, el Mercosur, esto en definitiva impacta en el Ciudadano com\u00fan. Raz\u00f3n por la que se hace necesario abrir una v\u00eda de Investigaci\u00f3n para tem\u00e1ticas Regionales, desde las \u00e1reas del derecho Internacional P\u00fablico y Privado. Profundizar una problem\u00e1tica en particular, la migraci\u00f3n de personas, desde estas dos visiones complementarias, y el problema es: \u00bfSon suficientes las leyes existentes para su protecci\u00f3n integral? Actualmente somos una sociedad que los recibe y contiene? \u00bfSon suficientes las leyes existentes para su protecci\u00f3n integral? \u00bfSon suficientes y claras las leyes que les imponen obligaciones en nuestro pa\u00eds? \u00bfCu\u00e1les son los procedimientos administrativos y\/o judiciales? \u00bfExisten organismos que faciliten el asesoramiento y tr\u00e1mites? \u00bfCu\u00e1l es la situaci\u00f3n actual espec\u00edfica en el Norte de Argentina?<\/p>\n","protected":false},"excerpt":{"rendered":"<p>Proyectos de Investigaci\u00f3n Finalizados 2020-2022 Facultad de Econom\u00eda y Administraci\u00f3n 1.Instituciones, estructura ocupacional y desarrollo econ\u00f3mico a nivel regional en Argentina. Directora: Araoz, Mar\u00eda Florencia Resumen:\u00a0\u00a0El objetivo principal de esta investigaci\u00f3n es contribuir a la discusi\u00f3n acerca del rol de los determinantes del crecimiento econ\u00f3mico regional, analizando un conjunto de hip\u00f3tesis (en particular instituciones y [&hellip;]<\/p>\n","protected":false},"author":1,"featured_media":0,"parent":0,"menu_order":0,"comment_status":"closed","ping_status":"closed","template":"","meta":{"_acf_changed":false,"site-sidebar-layout":"no-sidebar","site-content-layout":"","ast-site-content-layout":"full-width-container","site-content-style":"default","site-sidebar-style":"default","ast-global-header-display":"","ast-banner-title-visibility":"","ast-main-header-display":"","ast-hfb-above-header-display":"","ast-hfb-below-header-display":"","ast-hfb-mobile-header-display":"","site-post-title":"disabled","ast-breadcrumbs-content":"","ast-featured-img":"disabled","footer-sml-layout":"","ast-disable-related-posts":"","theme-transparent-header-meta":"","adv-header-id-meta":"","stick-header-meta":"","header-above-stick-meta":"","header-main-stick-meta":"","header-below-stick-meta":"","astra-migrate-meta-layouts":"default","ast-page-background-enabled":"default","ast-page-background-meta":{"desktop":{"background-color":"var(--ast-global-color-4)","background-image":"","background-repeat":"repeat","background-position":"center center","background-size":"auto","background-attachment":"scroll","background-type":"","background-media":"","overlay-type":"","overlay-color":"","overlay-opacity":"","overlay-gradient":""},"tablet":{"background-color":"","background-image":"","background-repeat":"repeat","background-position":"center center","background-size":"auto","background-attachment":"scroll","background-type":"","background-media":"","overlay-type":"","overlay-color":"","overlay-opacity":"","overlay-gradient":""},"mobile":{"background-color":"","background-image":"","background-repeat":"repeat","background-position":"center center","background-size":"auto","background-attachment":"scroll","background-type":"","background-media":"","overlay-type":"","overlay-color":"","overlay-opacity":"","overlay-gradient":""}},"ast-content-background-meta":{"desktop":{"background-color":"var(--ast-global-color-5)","background-image":"","background-repeat":"repeat","background-position":"center center","background-size":"auto","background-attachment":"scroll","background-type":"","background-media":"","overlay-type":"","overlay-color":"","overlay-opacity":"","overlay-gradient":""},"tablet":{"background-color":"var(--ast-global-color-5)","background-image":"","background-repeat":"repeat","background-position":"center center","background-size":"auto","background-attachment":"scroll","background-type":"","background-media":"","overlay-type":"","overlay-color":"","overlay-opacity":"","overlay-gradient":""},"mobile":{"background-color":"var(--ast-global-color-5)","background-image":"","background-repeat":"repeat","background-position":"center center","background-size":"auto","background-attachment":"scroll","background-type":"","background-media":"","overlay-type":"","overlay-color":"","overlay-opacity":"","overlay-gradient":""}},"footnotes":""},"class_list":["post-237","page","type-page","status-publish","hentry"],"acf":[],"_links":{"self":[{"href":"https:\/\/www.unsta.edu.ar\/investigacionydesarrollo\/wp-json\/wp\/v2\/pages\/237","targetHints":{"allow":["GET"]}}],"collection":[{"href":"https:\/\/www.unsta.edu.ar\/investigacionydesarrollo\/wp-json\/wp\/v2\/pages"}],"about":[{"href":"https:\/\/www.unsta.edu.ar\/investigacionydesarrollo\/wp-json\/wp\/v2\/types\/page"}],"author":[{"embeddable":true,"href":"https:\/\/www.unsta.edu.ar\/investigacionydesarrollo\/wp-json\/wp\/v2\/users\/1"}],"replies":[{"embeddable":true,"href":"https:\/\/www.unsta.edu.ar\/investigacionydesarrollo\/wp-json\/wp\/v2\/comments?post=237"}],"version-history":[{"count":8,"href":"https:\/\/www.unsta.edu.ar\/investigacionydesarrollo\/wp-json\/wp\/v2\/pages\/237\/revisions"}],"predecessor-version":[{"id":247,"href":"https:\/\/www.unsta.edu.ar\/investigacionydesarrollo\/wp-json\/wp\/v2\/pages\/237\/revisions\/247"}],"wp:attachment":[{"href":"https:\/\/www.unsta.edu.ar\/investigacionydesarrollo\/wp-json\/wp\/v2\/media?parent=237"}],"curies":[{"name":"wp","href":"https:\/\/api.w.org\/{rel}","templated":true}]}}