{"id":104,"date":"2025-06-04T13:33:31","date_gmt":"2025-06-04T16:33:31","guid":{"rendered":"https:\/\/www.unsta.edu.ar\/investigacionydesarrollo\/?page_id=104"},"modified":"2025-06-04T15:25:18","modified_gmt":"2025-06-04T18:25:18","slug":"unsta-investiga","status":"publish","type":"page","link":"https:\/\/www.unsta.edu.ar\/investigacionydesarrollo\/unsta-investiga\/","title":{"rendered":"UNSTA Investiga"},"content":{"rendered":"<p><img decoding=\"async\" src=\"http:\/\/www.unsta.edu.ar\/investigacionydesarrollo\/wp-content\/uploads\/sites\/42\/elementor\/thumbs\/UI-2024-r6tlbcsxz8l3mnwssxfdxtt1y43zvpqemhzj8o3tzg.jpeg\" title=\"UI 2024\" alt=\"UI 2024\" loading=\"lazy\" \/>\t\t\t\t\t\t\t\t\t\t\t\t\t\t\t<\/p>\n<h5>UNSTA INVESTIGA 2024<\/h5>\n<p>La IX Jornada UNSTA Investiga se realiz\u00f3 el 21 de noviembre en las instalaciones de Sede Central. Los directores o codirectores de los proyectos compartieron avances de sus trabajos de investigaci\u00f3n iniciados en 2023.<\/p>\n<p>\t\t\t\t\t\t\t\t\t<a data-gallery-index=\"all\">Ver Fotos<\/a><br \/>\n\t\t\t\t\t\t\t\t\t\t\t\t\t\t\t<img decoding=\"async\" src=\"http:\/\/www.unsta.edu.ar\/investigacionydesarrollo\/wp-content\/uploads\/sites\/42\/elementor\/thumbs\/UI-2023-r6tli8yc3i0srpwcjwow836qru4wbt3jkm7pq283y8.jpg\" title=\"UI 2023\" alt=\"UI 2023\" loading=\"lazy\" \/>\t\t\t\t\t\t\t\t\t\t\t\t\t\t\t<\/p>\n<h5>UNSTA INVESTIGA 2023<br \/>\n<\/h5>\n<p>El 17 de octubre se celebr\u00f3 la\u00a0VIII Jornada UNSTA Investiga, un espacio creado por el\u00a0Servicio de Investigaci\u00f3n y Desarrollo\u00a0con el fin de presentar, en modalidad h\u00edbrida, los resultados finales de proyectos desarrollados en el per\u00edodo 2020-2022.<\/p>\n<p>\t\t\t\t\t\t\t\t\t<a data-gallery-index=\"all\">Ver Fotos<\/a><br \/>\n\t\t\t\t\t\t\t\t\t\t\t\t\t\t\t<img decoding=\"async\" src=\"http:\/\/www.unsta.edu.ar\/investigacionydesarrollo\/wp-content\/uploads\/sites\/42\/elementor\/thumbs\/UI-2022-r6tlm7tsybgdsg4tdmg6r34t2ekotsuqs9divs0230.jpg\" title=\"UI 2022\" alt=\"UI 2022\" loading=\"lazy\" \/>\t\t\t\t\t\t\t\t\t\t\t\t\t\t\t<\/p>\n<h5>UNSTA INVESTIGA 2022<\/h5>\n<p>La\u00a0VII Jornada UNSTA Investiga, el evento que re\u00fane a profesores e investigadores de la UNSTA, se realiz\u00f3 el 22 de abril de 2022 bajo modalidad presencial. En el encuentro se presentaron los resultados de los diferentes proyectos de investigaci\u00f3n.\u00a0<\/p>\n<p>\t\t\t\t\t\t\t\t\t\t\t\t\t\t\t<img decoding=\"async\" src=\"http:\/\/www.unsta.edu.ar\/investigacionydesarrollo\/wp-content\/uploads\/sites\/42\/elementor\/thumbs\/UI-2020-r6tloo6msqtc3skh1on49gu4wmh6xcligep5zsd1u4.jpg\" title=\"UI 2020\" alt=\"UI 2020\" loading=\"lazy\" \/>\t\t\t\t\t\t\t\t\t\t\t\t\t\t\t<\/p>\n<h5>UNSTA INVESTIGA 2020<\/h5>\n<p>Realizada el\u00a02 de octubre de 2020,\u00a0la\u00a0VI Jornada UNSTA Investiga\u00a0reuni\u00f3 a los docentes investigadores de manera virtual para la presentaci\u00f3n de sus proyectos de investigaci\u00f3n.<\/p>\n<h2>REUNIONES MENSUALES DE DISCUSI\u00d3N <\/h2>\n<h5>UNSTA INVESTIGA 2022<\/h5>\n<p dir=\"ltr\">Con el objetivo de mantener a la comunidad de investigadores de la UNSTA conectada e informada, se dio inicio al\u00a0Ciclo de Reuniones Mensuales de Discusi\u00f3n UNSTA Investiga.<\/p>\n<p dir=\"ltr\">Se trata de una serie de seminarios, realizados el segundo mi\u00e9rcoles de cada mes, que tienen como objetivo presentar avances de los proyectos de investigaci\u00f3n en curso de la universidad.<\/p>\n<p dir=\"ltr\">En un espacio de dialogo e intercambio con colegas e interesados en las tem\u00e1ticas que se discuten, estos encuentros proponen enriquecer la labor cient\u00edfica, dando visibilidad al trabajo que realiza cada equipo de investigaci\u00f3n en la UNSTA, posibilitando un canal de encuentro y vinculaci\u00f3n para potenciales colaboraciones.<\/p>\n<p>\t\t\t\t\t\t\t\t\t\t\t\t\t\t\t<img loading=\"lazy\" decoding=\"async\" width=\"601\" height=\"601\" src=\"http:\/\/www.unsta.edu.ar\/investigacionydesarrollo\/wp-content\/uploads\/sites\/42\/2025\/06\/Abril.jpg\" alt=\"\" srcset=\"https:\/\/www.unsta.edu.ar\/investigacionydesarrollo\/wp-content\/uploads\/sites\/42\/2025\/06\/Abril.jpg 601w, https:\/\/www.unsta.edu.ar\/investigacionydesarrollo\/wp-content\/uploads\/sites\/42\/2025\/06\/Abril-300x300.jpg 300w, https:\/\/www.unsta.edu.ar\/investigacionydesarrollo\/wp-content\/uploads\/sites\/42\/2025\/06\/Abril-150x150.jpg 150w, https:\/\/www.unsta.edu.ar\/investigacionydesarrollo\/wp-content\/uploads\/sites\/42\/2025\/06\/Abril-45x45.jpg 45w, https:\/\/www.unsta.edu.ar\/investigacionydesarrollo\/wp-content\/uploads\/sites\/42\/2025\/06\/Abril-100x100.jpg 100w\" sizes=\"auto, (max-width: 601px) 100vw, 601px\" \/>\t\t\t\t\t\t\t\t\t\t\t\t\t\t\t<\/p>\n<h5>Abril<\/h5>\n<p dir=\"ltr\">&#8220;Itinerario de vida de algunos frailes de la Orden Dominicana&#8221;\u00a0a cargo de\u00a0<strong>Sara Amenta<\/strong><\/p>\n<p>\t\t\t\t\t\t\t\t\t\t\t\t\t\t\t<img loading=\"lazy\" decoding=\"async\" width=\"600\" height=\"600\" src=\"http:\/\/www.unsta.edu.ar\/investigacionydesarrollo\/wp-content\/uploads\/sites\/42\/2025\/06\/Mayo.png\" alt=\"\" srcset=\"https:\/\/www.unsta.edu.ar\/investigacionydesarrollo\/wp-content\/uploads\/sites\/42\/2025\/06\/Mayo.png 600w, https:\/\/www.unsta.edu.ar\/investigacionydesarrollo\/wp-content\/uploads\/sites\/42\/2025\/06\/Mayo-300x300.png 300w, https:\/\/www.unsta.edu.ar\/investigacionydesarrollo\/wp-content\/uploads\/sites\/42\/2025\/06\/Mayo-150x150.png 150w, https:\/\/www.unsta.edu.ar\/investigacionydesarrollo\/wp-content\/uploads\/sites\/42\/2025\/06\/Mayo-45x45.png 45w, https:\/\/www.unsta.edu.ar\/investigacionydesarrollo\/wp-content\/uploads\/sites\/42\/2025\/06\/Mayo-100x100.png 100w\" sizes=\"auto, (max-width: 600px) 100vw, 600px\" \/>\t\t\t\t\t\t\t\t\t\t\t\t\t\t\t<\/p>\n<h5>Mayo<\/h5>\n<p dir=\"ltr\">&#8220;Importancia del acompa\u00f1amiento espiritual a pacientes en cuidados paliativos&#8221; a cargo de\u00a0<strong>Alejandra Elbaba<\/strong>\u00a0<\/p>\n<p>\t\t\t\t\t\t\t\t\t\t\t\t\t\t\t<img loading=\"lazy\" decoding=\"async\" width=\"600\" height=\"600\" src=\"http:\/\/www.unsta.edu.ar\/investigacionydesarrollo\/wp-content\/uploads\/sites\/42\/2025\/06\/Junio.png\" alt=\"\" srcset=\"https:\/\/www.unsta.edu.ar\/investigacionydesarrollo\/wp-content\/uploads\/sites\/42\/2025\/06\/Junio.png 600w, https:\/\/www.unsta.edu.ar\/investigacionydesarrollo\/wp-content\/uploads\/sites\/42\/2025\/06\/Junio-300x300.png 300w, https:\/\/www.unsta.edu.ar\/investigacionydesarrollo\/wp-content\/uploads\/sites\/42\/2025\/06\/Junio-150x150.png 150w, https:\/\/www.unsta.edu.ar\/investigacionydesarrollo\/wp-content\/uploads\/sites\/42\/2025\/06\/Junio-45x45.png 45w, https:\/\/www.unsta.edu.ar\/investigacionydesarrollo\/wp-content\/uploads\/sites\/42\/2025\/06\/Junio-100x100.png 100w\" sizes=\"auto, (max-width: 600px) 100vw, 600px\" \/>\t\t\t\t\t\t\t\t\t\t\t\t\t\t\t<\/p>\n<h5>Junio<\/h5>\n<p dir=\"ltr\">&#8220;Dise\u00f1o de alimentos funcionales enriquecidos con microalgas del NOA. Aplicaci\u00f3n de nuevas tecnolog\u00edas&#8221;\u00a0a cargo de\u00a0<strong>Noelia Fern\u00e1ndez<\/strong><\/p>\n<p>\t\t\t\t\t\t\t\t\t\t\t\t\t\t\t<img loading=\"lazy\" decoding=\"async\" width=\"1024\" height=\"1024\" src=\"http:\/\/www.unsta.edu.ar\/investigacionydesarrollo\/wp-content\/uploads\/sites\/42\/2025\/06\/Agosto-1024x1024.png\" alt=\"\" srcset=\"https:\/\/www.unsta.edu.ar\/investigacionydesarrollo\/wp-content\/uploads\/sites\/42\/2025\/06\/Agosto-1024x1024.png 1024w, https:\/\/www.unsta.edu.ar\/investigacionydesarrollo\/wp-content\/uploads\/sites\/42\/2025\/06\/Agosto-300x300.png 300w, https:\/\/www.unsta.edu.ar\/investigacionydesarrollo\/wp-content\/uploads\/sites\/42\/2025\/06\/Agosto-150x150.png 150w, https:\/\/www.unsta.edu.ar\/investigacionydesarrollo\/wp-content\/uploads\/sites\/42\/2025\/06\/Agosto-768x768.png 768w, https:\/\/www.unsta.edu.ar\/investigacionydesarrollo\/wp-content\/uploads\/sites\/42\/2025\/06\/Agosto-45x45.png 45w, https:\/\/www.unsta.edu.ar\/investigacionydesarrollo\/wp-content\/uploads\/sites\/42\/2025\/06\/Agosto-600x600.png 600w, https:\/\/www.unsta.edu.ar\/investigacionydesarrollo\/wp-content\/uploads\/sites\/42\/2025\/06\/Agosto-100x100.png 100w, https:\/\/www.unsta.edu.ar\/investigacionydesarrollo\/wp-content\/uploads\/sites\/42\/2025\/06\/Agosto.png 1250w\" sizes=\"auto, (max-width: 1024px) 100vw, 1024px\" \/>\t\t\t\t\t\t\t\t\t\t\t\t\t\t\t<\/p>\n<h5>Agosto<\/h5>\n<p dir=\"ltr\">&#8220;Identidad personal y corporalidad&#8221;\u00a0a cargo de\u00a0<strong>Juan Francisco Franck<\/strong>\u00a0\u00a0\u00a0\u00a0<\/p>\n<p>\t\t\t\t\t\t\t\t\t\t\t\t\t\t\t<img loading=\"lazy\" decoding=\"async\" width=\"1024\" height=\"1024\" src=\"http:\/\/www.unsta.edu.ar\/investigacionydesarrollo\/wp-content\/uploads\/sites\/42\/2025\/06\/UNSTA-investiga-Septiembre_Feed-1024x1024.png\" alt=\"\" srcset=\"https:\/\/www.unsta.edu.ar\/investigacionydesarrollo\/wp-content\/uploads\/sites\/42\/2025\/06\/UNSTA-investiga-Septiembre_Feed-1024x1024.png 1024w, https:\/\/www.unsta.edu.ar\/investigacionydesarrollo\/wp-content\/uploads\/sites\/42\/2025\/06\/UNSTA-investiga-Septiembre_Feed-300x300.png 300w, https:\/\/www.unsta.edu.ar\/investigacionydesarrollo\/wp-content\/uploads\/sites\/42\/2025\/06\/UNSTA-investiga-Septiembre_Feed-150x150.png 150w, https:\/\/www.unsta.edu.ar\/investigacionydesarrollo\/wp-content\/uploads\/sites\/42\/2025\/06\/UNSTA-investiga-Septiembre_Feed-768x768.png 768w, https:\/\/www.unsta.edu.ar\/investigacionydesarrollo\/wp-content\/uploads\/sites\/42\/2025\/06\/UNSTA-investiga-Septiembre_Feed-45x45.png 45w, https:\/\/www.unsta.edu.ar\/investigacionydesarrollo\/wp-content\/uploads\/sites\/42\/2025\/06\/UNSTA-investiga-Septiembre_Feed-600x600.png 600w, https:\/\/www.unsta.edu.ar\/investigacionydesarrollo\/wp-content\/uploads\/sites\/42\/2025\/06\/UNSTA-investiga-Septiembre_Feed-100x100.png 100w, https:\/\/www.unsta.edu.ar\/investigacionydesarrollo\/wp-content\/uploads\/sites\/42\/2025\/06\/UNSTA-investiga-Septiembre_Feed.png 1080w\" sizes=\"auto, (max-width: 1024px) 100vw, 1024px\" \/>\t\t\t\t\t\t\t\t\t\t\t\t\t\t\t<\/p>\n<h5>Septiembre<\/h5>\n<p dir=\"ltr\">\u201cCapital social, capital humano y crecimiento: El caso de las provincias argentinas\u201d\u00a0a cargo de\u00a0<strong>Guillermo Pijuan y Mar\u00eda Florencia Ar\u00e1oz<\/strong><\/p>\n<p>\t\t\t\t\t\t\t\t\t\t\t\t\t\t\t<img loading=\"lazy\" decoding=\"async\" width=\"1024\" height=\"1024\" src=\"http:\/\/www.unsta.edu.ar\/investigacionydesarrollo\/wp-content\/uploads\/sites\/42\/2025\/06\/Mailing-Reunion-Mensual-UNSTA-investiga-Octubre_Reunion-Mensual-UNSTA_Agosto_Feed-1024x1024.jpg\" alt=\"\" srcset=\"https:\/\/www.unsta.edu.ar\/investigacionydesarrollo\/wp-content\/uploads\/sites\/42\/2025\/06\/Mailing-Reunion-Mensual-UNSTA-investiga-Octubre_Reunion-Mensual-UNSTA_Agosto_Feed-1024x1024.jpg 1024w, https:\/\/www.unsta.edu.ar\/investigacionydesarrollo\/wp-content\/uploads\/sites\/42\/2025\/06\/Mailing-Reunion-Mensual-UNSTA-investiga-Octubre_Reunion-Mensual-UNSTA_Agosto_Feed-300x300.jpg 300w, https:\/\/www.unsta.edu.ar\/investigacionydesarrollo\/wp-content\/uploads\/sites\/42\/2025\/06\/Mailing-Reunion-Mensual-UNSTA-investiga-Octubre_Reunion-Mensual-UNSTA_Agosto_Feed-150x150.jpg 150w, https:\/\/www.unsta.edu.ar\/investigacionydesarrollo\/wp-content\/uploads\/sites\/42\/2025\/06\/Mailing-Reunion-Mensual-UNSTA-investiga-Octubre_Reunion-Mensual-UNSTA_Agosto_Feed-768x768.jpg 768w, https:\/\/www.unsta.edu.ar\/investigacionydesarrollo\/wp-content\/uploads\/sites\/42\/2025\/06\/Mailing-Reunion-Mensual-UNSTA-investiga-Octubre_Reunion-Mensual-UNSTA_Agosto_Feed-1536x1536.jpg 1536w, https:\/\/www.unsta.edu.ar\/investigacionydesarrollo\/wp-content\/uploads\/sites\/42\/2025\/06\/Mailing-Reunion-Mensual-UNSTA-investiga-Octubre_Reunion-Mensual-UNSTA_Agosto_Feed-scaled.jpg 2048w, https:\/\/www.unsta.edu.ar\/investigacionydesarrollo\/wp-content\/uploads\/sites\/42\/2025\/06\/Mailing-Reunion-Mensual-UNSTA-investiga-Octubre_Reunion-Mensual-UNSTA_Agosto_Feed-45x45.jpg 45w, https:\/\/www.unsta.edu.ar\/investigacionydesarrollo\/wp-content\/uploads\/sites\/42\/2025\/06\/Mailing-Reunion-Mensual-UNSTA-investiga-Octubre_Reunion-Mensual-UNSTA_Agosto_Feed-600x600.jpg 600w, https:\/\/www.unsta.edu.ar\/investigacionydesarrollo\/wp-content\/uploads\/sites\/42\/2025\/06\/Mailing-Reunion-Mensual-UNSTA-investiga-Octubre_Reunion-Mensual-UNSTA_Agosto_Feed-100x100.jpg 100w\" sizes=\"auto, (max-width: 1024px) 100vw, 1024px\" \/>\t\t\t\t\t\t\t\t\t\t\t\t\t\t\t<\/p>\n<h5>Octubre<\/h5>\n<p dir=\"ltr\">\u201cInstituciones, estructura ocupacional y desarrollo econ\u00f3mico a nivel regional en Argentina\u201d\u00a0a cargo de\u00a0<strong>Mar\u00eda Florencia Ar\u00e1oz<\/strong><\/p>\n<p>\t\t\t\t\t\t\t\t\t\t\t\t\t\t\t<img loading=\"lazy\" decoding=\"async\" width=\"1024\" height=\"1024\" src=\"http:\/\/www.unsta.edu.ar\/investigacionydesarrollo\/wp-content\/uploads\/sites\/42\/2025\/06\/Pedido-934-Reunion-Mensual-UNSTA-investiga-Noviembre_Mesa-de-trabajo-2-copia-1024x1024.jpg\" alt=\"\" srcset=\"https:\/\/www.unsta.edu.ar\/investigacionydesarrollo\/wp-content\/uploads\/sites\/42\/2025\/06\/Pedido-934-Reunion-Mensual-UNSTA-investiga-Noviembre_Mesa-de-trabajo-2-copia-1024x1024.jpg 1024w, https:\/\/www.unsta.edu.ar\/investigacionydesarrollo\/wp-content\/uploads\/sites\/42\/2025\/06\/Pedido-934-Reunion-Mensual-UNSTA-investiga-Noviembre_Mesa-de-trabajo-2-copia-300x300.jpg 300w, https:\/\/www.unsta.edu.ar\/investigacionydesarrollo\/wp-content\/uploads\/sites\/42\/2025\/06\/Pedido-934-Reunion-Mensual-UNSTA-investiga-Noviembre_Mesa-de-trabajo-2-copia-150x150.jpg 150w, https:\/\/www.unsta.edu.ar\/investigacionydesarrollo\/wp-content\/uploads\/sites\/42\/2025\/06\/Pedido-934-Reunion-Mensual-UNSTA-investiga-Noviembre_Mesa-de-trabajo-2-copia-768x768.jpg 768w, https:\/\/www.unsta.edu.ar\/investigacionydesarrollo\/wp-content\/uploads\/sites\/42\/2025\/06\/Pedido-934-Reunion-Mensual-UNSTA-investiga-Noviembre_Mesa-de-trabajo-2-copia-1536x1536.jpg 1536w, https:\/\/www.unsta.edu.ar\/investigacionydesarrollo\/wp-content\/uploads\/sites\/42\/2025\/06\/Pedido-934-Reunion-Mensual-UNSTA-investiga-Noviembre_Mesa-de-trabajo-2-copia-scaled.jpg 2048w, https:\/\/www.unsta.edu.ar\/investigacionydesarrollo\/wp-content\/uploads\/sites\/42\/2025\/06\/Pedido-934-Reunion-Mensual-UNSTA-investiga-Noviembre_Mesa-de-trabajo-2-copia-45x45.jpg 45w, https:\/\/www.unsta.edu.ar\/investigacionydesarrollo\/wp-content\/uploads\/sites\/42\/2025\/06\/Pedido-934-Reunion-Mensual-UNSTA-investiga-Noviembre_Mesa-de-trabajo-2-copia-600x600.jpg 600w, https:\/\/www.unsta.edu.ar\/investigacionydesarrollo\/wp-content\/uploads\/sites\/42\/2025\/06\/Pedido-934-Reunion-Mensual-UNSTA-investiga-Noviembre_Mesa-de-trabajo-2-copia-100x100.jpg 100w\" sizes=\"auto, (max-width: 1024px) 100vw, 1024px\" \/>\t\t\t\t\t\t\t\t\t\t\t\t\t\t\t<\/p>\n<h5>Noviembre<\/h5>\n<p dir=\"ltr\">&#8220;La Constituci\u00f3n Indiana y\u00a0 sus persistencias en la Recomposici\u00f3n del Orden Pol\u00edtico-Jur\u00eddico a partir de la Revoluci\u00f3n&#8221;\u00a0a cargo de\u00a0<strong>Sergio Ra\u00fal Casta\u00f1o\u00a0y\u00a0Georgina Abbate<\/strong><\/p>\n<p>\t\t\t\t\t\t\t\t\t\t\t\t\t\t\t<img decoding=\"async\" src=\"https:\/\/www.unsta.edu.ar\/investigacionydesarrollo\/wp-content\/plugins\/elementor\/assets\/images\/placeholder.png\" title=\"\" alt=\"\" loading=\"lazy\" \/>\t\t\t\t\t\t\t\t\t\t\t\t\t\t\t<\/p>\n<h5>Diciembre<\/h5>\n<p dir=\"ltr\">&#8220;Dise\u00f1o de alimentos novedosos con propiedades ben\u00e9ficas para el consumidor&#8221;\u00a0a cargo de\u00a0<strong>Eliana Rodriguez<\/strong><\/p>\n<h5>UNSTA INVESTIGA 2021<\/h5>\n<p dir=\"ltr\">Con el objetivo de mantener a la comunidad de investigadores de la UNSTA conectada e informada, se dio inicio al\u00a0Ciclo de Reuniones Mensuales de Discusi\u00f3n UNSTA Investiga.<\/p>\n<p dir=\"ltr\">Se trata de una serie de seminarios, realizados el segundo mi\u00e9rcoles de cada mes, que tienen como objetivo presentar avances de los proyectos de investigaci\u00f3n en curso de la universidad.<\/p>\n<p dir=\"ltr\">En un espacio de dialogo e intercambio con colegas e interesados en las tem\u00e1ticas que se discuten, estos encuentros proponen enriquecer la labor cient\u00edfica, dando visibilidad al trabajo que realiza cada equipo de investigaci\u00f3n en la UNSTA, posibilitando un canal de encuentro y vinculaci\u00f3n para potenciales colaboraciones.<\/p>\n<p>\t\t\t\t\t\t\t\t\t\t\t\t\t\t\t<img loading=\"lazy\" decoding=\"async\" width=\"975\" height=\"1024\" src=\"http:\/\/www.unsta.edu.ar\/investigacionydesarrollo\/wp-content\/uploads\/sites\/42\/2025\/06\/Abril21-975x1024.jpg\" alt=\"\" srcset=\"https:\/\/www.unsta.edu.ar\/investigacionydesarrollo\/wp-content\/uploads\/sites\/42\/2025\/06\/Abril21-975x1024.jpg 975w, https:\/\/www.unsta.edu.ar\/investigacionydesarrollo\/wp-content\/uploads\/sites\/42\/2025\/06\/Abril21-286x300.jpg 286w, https:\/\/www.unsta.edu.ar\/investigacionydesarrollo\/wp-content\/uploads\/sites\/42\/2025\/06\/Abril21-768x806.jpg 768w, https:\/\/www.unsta.edu.ar\/investigacionydesarrollo\/wp-content\/uploads\/sites\/42\/2025\/06\/Abril21-600x630.jpg 600w, https:\/\/www.unsta.edu.ar\/investigacionydesarrollo\/wp-content\/uploads\/sites\/42\/2025\/06\/Abril21.jpg 1280w\" sizes=\"auto, (max-width: 975px) 100vw, 975px\" \/>\t\t\t\t\t\t\t\t\t\t\t\t\t\t\t<\/p>\n<h5>Abril<\/h5>\n<p dir=\"ltr\">&#8220;Din\u00e1mica de la actividad econ\u00f3mica Argentina a nivel departamental: elaboraci\u00f3n de indicadores y an\u00e1lisis espacial y temporal&#8221;\u00a0a cargo de\u00a0<strong>Mauricio R. Talassino<\/strong><\/p>\n<p>\t\t\t\t\t\t\t\t\t\t\t\t\t\t\t<img loading=\"lazy\" decoding=\"async\" width=\"986\" height=\"1024\" src=\"http:\/\/www.unsta.edu.ar\/investigacionydesarrollo\/wp-content\/uploads\/sites\/42\/2025\/06\/Mayo21-986x1024.jpg\" alt=\"\" srcset=\"https:\/\/www.unsta.edu.ar\/investigacionydesarrollo\/wp-content\/uploads\/sites\/42\/2025\/06\/Mayo21-986x1024.jpg 986w, https:\/\/www.unsta.edu.ar\/investigacionydesarrollo\/wp-content\/uploads\/sites\/42\/2025\/06\/Mayo21-289x300.jpg 289w, https:\/\/www.unsta.edu.ar\/investigacionydesarrollo\/wp-content\/uploads\/sites\/42\/2025\/06\/Mayo21-768x797.jpg 768w, https:\/\/www.unsta.edu.ar\/investigacionydesarrollo\/wp-content\/uploads\/sites\/42\/2025\/06\/Mayo21-600x623.jpg 600w, https:\/\/www.unsta.edu.ar\/investigacionydesarrollo\/wp-content\/uploads\/sites\/42\/2025\/06\/Mayo21.jpg 1280w\" sizes=\"auto, (max-width: 986px) 100vw, 986px\" \/>\t\t\t\t\t\t\t\t\t\t\t\t\t\t\t<\/p>\n<h5>Mayo<\/h5>\n<p dir=\"ltr\">&#8220;Las Franciscanas Misioneras de Mar\u00eda en Tucum\u00e1n. De la vida conventual al desaf\u00edo de la inserci\u00f3n (1944-1997)&#8221;a cargo de\u00a0<strong>Silvina Roselli<\/strong><\/p>\n<p>\t\t\t\t\t\t\t\t\t\t\t\t\t\t\t<img loading=\"lazy\" decoding=\"async\" width=\"986\" height=\"1024\" src=\"http:\/\/www.unsta.edu.ar\/investigacionydesarrollo\/wp-content\/uploads\/sites\/42\/2025\/06\/Junio21-986x1024.jpg\" alt=\"\" srcset=\"https:\/\/www.unsta.edu.ar\/investigacionydesarrollo\/wp-content\/uploads\/sites\/42\/2025\/06\/Junio21-986x1024.jpg 986w, https:\/\/www.unsta.edu.ar\/investigacionydesarrollo\/wp-content\/uploads\/sites\/42\/2025\/06\/Junio21-289x300.jpg 289w, https:\/\/www.unsta.edu.ar\/investigacionydesarrollo\/wp-content\/uploads\/sites\/42\/2025\/06\/Junio21-768x797.jpg 768w, https:\/\/www.unsta.edu.ar\/investigacionydesarrollo\/wp-content\/uploads\/sites\/42\/2025\/06\/Junio21-600x623.jpg 600w, https:\/\/www.unsta.edu.ar\/investigacionydesarrollo\/wp-content\/uploads\/sites\/42\/2025\/06\/Junio21.jpg 1280w\" sizes=\"auto, (max-width: 986px) 100vw, 986px\" \/>\t\t\t\t\t\t\t\t\t\t\t\t\t\t\t<\/p>\n<h5>Junio<\/h5>\n<p dir=\"ltr\">&#8220;Caracterizaci\u00f3n del ambiente educacional percibido y su relaci\u00f3n con el rendimiento acad\u00e9mico&#8221;\u00a0a cargo de\u00a0<strong>Ana Carolina Aymat<\/strong><\/p>\n<p>\t\t\t\t\t\t\t\t\t\t\t\t\t\t\t<img loading=\"lazy\" decoding=\"async\" width=\"989\" height=\"1024\" src=\"http:\/\/www.unsta.edu.ar\/investigacionydesarrollo\/wp-content\/uploads\/sites\/42\/2025\/06\/Agosto21-989x1024.jpg\" alt=\"\" srcset=\"https:\/\/www.unsta.edu.ar\/investigacionydesarrollo\/wp-content\/uploads\/sites\/42\/2025\/06\/Agosto21-989x1024.jpg 989w, https:\/\/www.unsta.edu.ar\/investigacionydesarrollo\/wp-content\/uploads\/sites\/42\/2025\/06\/Agosto21-290x300.jpg 290w, https:\/\/www.unsta.edu.ar\/investigacionydesarrollo\/wp-content\/uploads\/sites\/42\/2025\/06\/Agosto21-768x795.jpg 768w, https:\/\/www.unsta.edu.ar\/investigacionydesarrollo\/wp-content\/uploads\/sites\/42\/2025\/06\/Agosto21-600x621.jpg 600w, https:\/\/www.unsta.edu.ar\/investigacionydesarrollo\/wp-content\/uploads\/sites\/42\/2025\/06\/Agosto21.jpg 1280w\" sizes=\"auto, (max-width: 989px) 100vw, 989px\" \/>\t\t\t\t\t\t\t\t\t\t\t\t\t\t\t<\/p>\n<h5>Agosto<\/h5>\n<p dir=\"ltr\">\u00a0\u201cEvaluaci\u00f3n y Normativas del Funcionamiento Neurocognitivo Global en Poblaci\u00f3n de Adultos Mayores de la Provincia de Tucum\u00e1n\u201d\u00a0a cargo de\u00a0<strong>Mario Bernardino Berta<\/strong><\/p>\n<p>\t\t\t\t\t\t\t\t\t\t\t\t\t\t\t<img loading=\"lazy\" decoding=\"async\" width=\"969\" height=\"969\" src=\"http:\/\/www.unsta.edu.ar\/investigacionydesarrollo\/wp-content\/uploads\/sites\/42\/2025\/06\/Septiembre21.jpg\" alt=\"\" srcset=\"https:\/\/www.unsta.edu.ar\/investigacionydesarrollo\/wp-content\/uploads\/sites\/42\/2025\/06\/Septiembre21.jpg 969w, https:\/\/www.unsta.edu.ar\/investigacionydesarrollo\/wp-content\/uploads\/sites\/42\/2025\/06\/Septiembre21-300x300.jpg 300w, https:\/\/www.unsta.edu.ar\/investigacionydesarrollo\/wp-content\/uploads\/sites\/42\/2025\/06\/Septiembre21-150x150.jpg 150w, https:\/\/www.unsta.edu.ar\/investigacionydesarrollo\/wp-content\/uploads\/sites\/42\/2025\/06\/Septiembre21-768x768.jpg 768w, https:\/\/www.unsta.edu.ar\/investigacionydesarrollo\/wp-content\/uploads\/sites\/42\/2025\/06\/Septiembre21-45x45.jpg 45w, https:\/\/www.unsta.edu.ar\/investigacionydesarrollo\/wp-content\/uploads\/sites\/42\/2025\/06\/Septiembre21-600x600.jpg 600w, https:\/\/www.unsta.edu.ar\/investigacionydesarrollo\/wp-content\/uploads\/sites\/42\/2025\/06\/Septiembre21-100x100.jpg 100w\" sizes=\"auto, (max-width: 969px) 100vw, 969px\" \/>\t\t\t\t\t\t\t\t\t\t\t\t\t\t\t<\/p>\n<h5>Septiembre<\/h5>\n<p dir=\"ltr\">&#8220;La Radio y los j\u00f3venes en tiempos de convergencia multimedial&#8221;\u00a0a cargo de\u00a0<strong>Tina Gardella<\/strong><\/p>\n<p>\t\t\t\t\t\t\t\t\t\t\t\t\t\t\t<img loading=\"lazy\" decoding=\"async\" width=\"1024\" height=\"1024\" src=\"http:\/\/www.unsta.edu.ar\/investigacionydesarrollo\/wp-content\/uploads\/sites\/42\/2025\/06\/Octubre21-1024x1024.jpg\" alt=\"\" srcset=\"https:\/\/www.unsta.edu.ar\/investigacionydesarrollo\/wp-content\/uploads\/sites\/42\/2025\/06\/Octubre21-1024x1024.jpg 1024w, https:\/\/www.unsta.edu.ar\/investigacionydesarrollo\/wp-content\/uploads\/sites\/42\/2025\/06\/Octubre21-300x300.jpg 300w, https:\/\/www.unsta.edu.ar\/investigacionydesarrollo\/wp-content\/uploads\/sites\/42\/2025\/06\/Octubre21-150x150.jpg 150w, https:\/\/www.unsta.edu.ar\/investigacionydesarrollo\/wp-content\/uploads\/sites\/42\/2025\/06\/Octubre21-768x768.jpg 768w, https:\/\/www.unsta.edu.ar\/investigacionydesarrollo\/wp-content\/uploads\/sites\/42\/2025\/06\/Octubre21-45x45.jpg 45w, https:\/\/www.unsta.edu.ar\/investigacionydesarrollo\/wp-content\/uploads\/sites\/42\/2025\/06\/Octubre21-600x600.jpg 600w, https:\/\/www.unsta.edu.ar\/investigacionydesarrollo\/wp-content\/uploads\/sites\/42\/2025\/06\/Octubre21-100x100.jpg 100w, https:\/\/www.unsta.edu.ar\/investigacionydesarrollo\/wp-content\/uploads\/sites\/42\/2025\/06\/Octubre21.jpg 1280w\" sizes=\"auto, (max-width: 1024px) 100vw, 1024px\" \/>\t\t\t\t\t\t\t\t\t\t\t\t\t\t\t<\/p>\n<h5>Octubre<\/h5>\n<p dir=\"ltr\">\u201cLa amistad en el aula y el desarrollo de habilidades\u00a0 sociales en la infancia\u201d\u00a0a cargo de\u00a0<strong>Yanina Soledad D\u00edaz<\/strong><\/p>\n<p>\t\t\t\t\t\t\t\t\t\t\t\t\t\t\t<img loading=\"lazy\" decoding=\"async\" width=\"1024\" height=\"1024\" src=\"http:\/\/www.unsta.edu.ar\/investigacionydesarrollo\/wp-content\/uploads\/sites\/42\/2025\/06\/Noviembre21-1024x1024.jpg\" alt=\"\" srcset=\"https:\/\/www.unsta.edu.ar\/investigacionydesarrollo\/wp-content\/uploads\/sites\/42\/2025\/06\/Noviembre21-1024x1024.jpg 1024w, https:\/\/www.unsta.edu.ar\/investigacionydesarrollo\/wp-content\/uploads\/sites\/42\/2025\/06\/Noviembre21-300x300.jpg 300w, https:\/\/www.unsta.edu.ar\/investigacionydesarrollo\/wp-content\/uploads\/sites\/42\/2025\/06\/Noviembre21-150x150.jpg 150w, https:\/\/www.unsta.edu.ar\/investigacionydesarrollo\/wp-content\/uploads\/sites\/42\/2025\/06\/Noviembre21-768x768.jpg 768w, https:\/\/www.unsta.edu.ar\/investigacionydesarrollo\/wp-content\/uploads\/sites\/42\/2025\/06\/Noviembre21-45x45.jpg 45w, https:\/\/www.unsta.edu.ar\/investigacionydesarrollo\/wp-content\/uploads\/sites\/42\/2025\/06\/Noviembre21-600x600.jpg 600w, https:\/\/www.unsta.edu.ar\/investigacionydesarrollo\/wp-content\/uploads\/sites\/42\/2025\/06\/Noviembre21-100x100.jpg 100w, https:\/\/www.unsta.edu.ar\/investigacionydesarrollo\/wp-content\/uploads\/sites\/42\/2025\/06\/Noviembre21.jpg 1280w\" sizes=\"auto, (max-width: 1024px) 100vw, 1024px\" \/>\t\t\t\t\t\t\t\t\t\t\t\t\t\t\t<\/p>\n<h5>Noviembre<\/h5>\n<p dir=\"ltr\">\u201cComportamientos alimentarios relacionados al control del tama\u00f1o de la porci\u00f3n en universitarios con obesidad\u201d\u00a0a cargo de\u00a0<strong>Francisco Javier Sal<\/strong><\/p>\n<p>\t\t\t\t\t\t\t\t\t\t\t\t\t\t\t<img loading=\"lazy\" decoding=\"async\" width=\"969\" height=\"969\" src=\"http:\/\/www.unsta.edu.ar\/investigacionydesarrollo\/wp-content\/uploads\/sites\/42\/2025\/06\/Diciembre21.jpg\" alt=\"\" srcset=\"https:\/\/www.unsta.edu.ar\/investigacionydesarrollo\/wp-content\/uploads\/sites\/42\/2025\/06\/Diciembre21.jpg 969w, https:\/\/www.unsta.edu.ar\/investigacionydesarrollo\/wp-content\/uploads\/sites\/42\/2025\/06\/Diciembre21-300x300.jpg 300w, https:\/\/www.unsta.edu.ar\/investigacionydesarrollo\/wp-content\/uploads\/sites\/42\/2025\/06\/Diciembre21-150x150.jpg 150w, https:\/\/www.unsta.edu.ar\/investigacionydesarrollo\/wp-content\/uploads\/sites\/42\/2025\/06\/Diciembre21-768x768.jpg 768w, https:\/\/www.unsta.edu.ar\/investigacionydesarrollo\/wp-content\/uploads\/sites\/42\/2025\/06\/Diciembre21-45x45.jpg 45w, https:\/\/www.unsta.edu.ar\/investigacionydesarrollo\/wp-content\/uploads\/sites\/42\/2025\/06\/Diciembre21-600x600.jpg 600w, https:\/\/www.unsta.edu.ar\/investigacionydesarrollo\/wp-content\/uploads\/sites\/42\/2025\/06\/Diciembre21-100x100.jpg 100w\" sizes=\"auto, (max-width: 969px) 100vw, 969px\" \/>\t\t\t\t\t\t\t\t\t\t\t\t\t\t\t<\/p>\n<h5>Diciembre<\/h5>\n<p dir=\"ltr\">\u201cEstado Antropom\u00e9trico, calidad de la dieta, s\u00edntomas depresivos y ansiedad, y su relaci\u00f3n con el rendimiento acad\u00e9mico en alumnos ingresantes en el periodo 2021 del Campus UNSTA Concepci\u00f3n\u201d\u00a0a cargo de\u00a0<strong>Silvia L\u00f3pez<\/strong><\/p>\n","protected":false},"excerpt":{"rendered":"<p>UNSTA INVESTIGA 2024 La IX Jornada UNSTA Investiga se realiz\u00f3 el 21 de noviembre en las instalaciones de Sede Central. Los directores o codirectores de los proyectos compartieron avances de sus trabajos de investigaci\u00f3n iniciados en 2023. Ver Fotos UNSTA INVESTIGA 2023 El 17 de octubre se celebr\u00f3 la\u00a0VIII Jornada UNSTA Investiga, un espacio creado [&hellip;]<\/p>\n","protected":false},"author":1,"featured_media":0,"parent":0,"menu_order":0,"comment_status":"closed","ping_status":"closed","template":"","meta":{"_acf_changed":false,"site-sidebar-layout":"no-sidebar","site-content-layout":"","ast-site-content-layout":"full-width-container","site-content-style":"default","site-sidebar-style":"default","ast-global-header-display":"","ast-banner-title-visibility":"","ast-main-header-display":"","ast-hfb-above-header-display":"","ast-hfb-below-header-display":"","ast-hfb-mobile-header-display":"","site-post-title":"disabled","ast-breadcrumbs-content":"","ast-featured-img":"disabled","footer-sml-layout":"","ast-disable-related-posts":"","theme-transparent-header-meta":"","adv-header-id-meta":"","stick-header-meta":"","header-above-stick-meta":"","header-main-stick-meta":"","header-below-stick-meta":"","astra-migrate-meta-layouts":"default","ast-page-background-enabled":"default","ast-page-background-meta":{"desktop":{"background-color":"var(--ast-global-color-4)","background-image":"","background-repeat":"repeat","background-position":"center center","background-size":"auto","background-attachment":"scroll","background-type":"","background-media":"","overlay-type":"","overlay-color":"","overlay-opacity":"","overlay-gradient":""},"tablet":{"background-color":"","background-image":"","background-repeat":"repeat","background-position":"center center","background-size":"auto","background-attachment":"scroll","background-type":"","background-media":"","overlay-type":"","overlay-color":"","overlay-opacity":"","overlay-gradient":""},"mobile":{"background-color":"","background-image":"","background-repeat":"repeat","background-position":"center center","background-size":"auto","background-attachment":"scroll","background-type":"","background-media":"","overlay-type":"","overlay-color":"","overlay-opacity":"","overlay-gradient":""}},"ast-content-background-meta":{"desktop":{"background-color":"var(--ast-global-color-5)","background-image":"","background-repeat":"repeat","background-position":"center center","background-size":"auto","background-attachment":"scroll","background-type":"","background-media":"","overlay-type":"","overlay-color":"","overlay-opacity":"","overlay-gradient":""},"tablet":{"background-color":"var(--ast-global-color-5)","background-image":"","background-repeat":"repeat","background-position":"center center","background-size":"auto","background-attachment":"scroll","background-type":"","background-media":"","overlay-type":"","overlay-color":"","overlay-opacity":"","overlay-gradient":""},"mobile":{"background-color":"var(--ast-global-color-5)","background-image":"","background-repeat":"repeat","background-position":"center center","background-size":"auto","background-attachment":"scroll","background-type":"","background-media":"","overlay-type":"","overlay-color":"","overlay-opacity":"","overlay-gradient":""}},"footnotes":""},"class_list":["post-104","page","type-page","status-publish","hentry"],"acf":[],"_links":{"self":[{"href":"https:\/\/www.unsta.edu.ar\/investigacionydesarrollo\/wp-json\/wp\/v2\/pages\/104","targetHints":{"allow":["GET"]}}],"collection":[{"href":"https:\/\/www.unsta.edu.ar\/investigacionydesarrollo\/wp-json\/wp\/v2\/pages"}],"about":[{"href":"https:\/\/www.unsta.edu.ar\/investigacionydesarrollo\/wp-json\/wp\/v2\/types\/page"}],"author":[{"embeddable":true,"href":"https:\/\/www.unsta.edu.ar\/investigacionydesarrollo\/wp-json\/wp\/v2\/users\/1"}],"replies":[{"embeddable":true,"href":"https:\/\/www.unsta.edu.ar\/investigacionydesarrollo\/wp-json\/wp\/v2\/comments?post=104"}],"version-history":[{"count":13,"href":"https:\/\/www.unsta.edu.ar\/investigacionydesarrollo\/wp-json\/wp\/v2\/pages\/104\/revisions"}],"predecessor-version":[{"id":144,"href":"https:\/\/www.unsta.edu.ar\/investigacionydesarrollo\/wp-json\/wp\/v2\/pages\/104\/revisions\/144"}],"wp:attachment":[{"href":"https:\/\/www.unsta.edu.ar\/investigacionydesarrollo\/wp-json\/wp\/v2\/media?parent=104"}],"curies":[{"name":"wp","href":"https:\/\/api.w.org\/{rel}","templated":true}]}}