{"id":2017,"date":"2023-10-10T12:44:38","date_gmt":"2023-10-10T15:44:38","guid":{"rendered":"https:\/\/www.unsta.edu.ar\/instituto-investigaciones-historicas\/?page_id=2017"},"modified":"2024-03-12T10:43:40","modified_gmt":"2024-03-12T13:43:40","slug":"actividades2006","status":"publish","type":"page","link":"https:\/\/www.unsta.edu.ar\/instituto-investigaciones-historicas\/actividades2006\/","title":{"rendered":"Actividades 2006"},"content":{"rendered":"\t\t<div data-elementor-type=\"wp-page\" data-elementor-id=\"2017\" class=\"elementor elementor-2017\" data-elementor-post-type=\"page\">\n\t\t\t\t\t\t<section class=\"elementor-section elementor-top-section elementor-element elementor-element-21d9c92c elementor-section-boxed elementor-section-height-default elementor-section-height-default\" data-id=\"21d9c92c\" data-element_type=\"section\" data-e-type=\"section\">\n\t\t\t\t\t\t<div class=\"elementor-container elementor-column-gap-default\">\n\t\t\t\t\t<div class=\"elementor-column elementor-col-100 elementor-top-column elementor-element elementor-element-7da9051c\" data-id=\"7da9051c\" data-element_type=\"column\" data-e-type=\"column\">\n\t\t\t<div class=\"elementor-widget-wrap elementor-element-populated\">\n\t\t\t\t\t\t<section class=\"elementor-section elementor-inner-section elementor-element elementor-element-43f39419 elementor-section-full_width elementor-section-height-default elementor-section-height-default\" data-id=\"43f39419\" data-element_type=\"section\" data-e-type=\"section\">\n\t\t\t\t\t\t<div class=\"elementor-container elementor-column-gap-default\">\n\t\t\t\t\t<div class=\"elementor-column elementor-col-100 elementor-inner-column elementor-element elementor-element-21bf065f\" data-id=\"21bf065f\" data-element_type=\"column\" data-e-type=\"column\">\n\t\t\t<div class=\"elementor-widget-wrap elementor-element-populated\">\n\t\t\t\t\t\t<div class=\"elementor-element elementor-element-73ad0b99 elementor-widget elementor-widget-heading\" data-id=\"73ad0b99\" data-element_type=\"widget\" data-e-type=\"widget\" data-widget_type=\"heading.default\">\n\t\t\t\t\t<h3 class=\"elementor-heading-title elementor-size-default\">Actividades<\/h3>\t\t\t\t<\/div>\n\t\t\t\t\t<\/div>\n\t\t<\/div>\n\t\t\t\t\t<\/div>\n\t\t<\/section>\n\t\t\t\t\t<\/div>\n\t\t<\/div>\n\t\t\t\t\t<\/div>\n\t\t<\/section>\n\t\t<div class=\"elementor-element elementor-element-530615de e-flex e-con-boxed e-con e-parent\" data-id=\"530615de\" data-element_type=\"container\" data-e-type=\"container\">\n\t\t\t\t\t<div class=\"e-con-inner\">\n\t\t\t\t<div class=\"elementor-element elementor-element-1ddb4234 elementor-widget elementor-widget-menu-anchor\" data-id=\"1ddb4234\" data-element_type=\"widget\" data-e-type=\"widget\" data-widget_type=\"menu-anchor.default\">\n\t\t\t\t\t\t\t<div class=\"elementor-menu-anchor\" id=\"2006\"><\/div>\n\t\t\t\t\t\t<\/div>\n\t\t\t\t<div class=\"elementor-element elementor-element-6125cb86 elementor-widget elementor-widget-heading\" data-id=\"6125cb86\" data-element_type=\"widget\" data-e-type=\"widget\" data-widget_type=\"heading.default\">\n\t\t\t\t\t<h2 class=\"elementor-heading-title elementor-size-default\">2006 - 2009<\/h2>\t\t\t\t<\/div>\n\t\t\t\t<div class=\"elementor-element elementor-element-733ac5e8 elementor-grid-3 elementor-grid-tablet-2 elementor-grid-mobile-1 elementor-posts--thumbnail-top elementor-card-shadow-yes elementor-posts__hover-gradient elementor-widget elementor-widget-posts\" data-id=\"733ac5e8\" data-element_type=\"widget\" data-e-type=\"widget\" data-settings=\"{&quot;pagination_type&quot;:&quot;numbers&quot;,&quot;cards_columns&quot;:&quot;3&quot;,&quot;cards_columns_tablet&quot;:&quot;2&quot;,&quot;cards_columns_mobile&quot;:&quot;1&quot;,&quot;cards_row_gap&quot;:{&quot;unit&quot;:&quot;px&quot;,&quot;size&quot;:35,&quot;sizes&quot;:[]},&quot;cards_row_gap_tablet&quot;:{&quot;unit&quot;:&quot;px&quot;,&quot;size&quot;:&quot;&quot;,&quot;sizes&quot;:[]},&quot;cards_row_gap_mobile&quot;:{&quot;unit&quot;:&quot;px&quot;,&quot;size&quot;:&quot;&quot;,&quot;sizes&quot;:[]}}\" data-widget_type=\"posts.cards\">\n\t\t\t\t<div class=\"elementor-widget-container\">\n\t\t\t\t\t\t\t<div class=\"elementor-posts-container elementor-posts elementor-posts--skin-cards elementor-grid\" role=\"list\">\n\t\t\t\t<article class=\"elementor-post elementor-grid-item post-349 post type-post status-publish format-standard has-post-thumbnail hentry category-18 category-actividades tag-libro\" role=\"listitem\">\n\t\t\t<div class=\"elementor-post__card\">\n\t\t\t\t<a class=\"elementor-post__thumbnail__link\" href=\"https:\/\/www.unsta.edu.ar\/instituto-investigaciones-historicas\/2008\/09\/05\/presentacion-del-libro-cruces-catequisticas-en-santiago-del-estero\/\" tabindex=\"-1\" ><div class=\"elementor-post__thumbnail\"><img fetchpriority=\"high\" decoding=\"async\" width=\"300\" height=\"300\" src=\"https:\/\/www.unsta.edu.ar\/instituto-investigaciones-historicas\/wp-content\/uploads\/sites\/21\/2019\/05\/cruces-2-300x300.jpg\" class=\"attachment-medium size-medium wp-image-352\" alt=\"\" srcset=\"https:\/\/www.unsta.edu.ar\/instituto-investigaciones-historicas\/wp-content\/uploads\/sites\/21\/2019\/05\/cruces-2-300x300.jpg 300w, https:\/\/www.unsta.edu.ar\/instituto-investigaciones-historicas\/wp-content\/uploads\/sites\/21\/2019\/05\/cruces-2-150x150.jpg 150w\" sizes=\"100vw\" \/><\/div><\/a>\n\t\t\t\t<div class=\"elementor-post__badge\">2008<\/div>\n\t\t\t\t<div class=\"elementor-post__text\">\n\t\t\t\t<h3 class=\"elementor-post__title\">\n\t\t\t<a href=\"https:\/\/www.unsta.edu.ar\/instituto-investigaciones-historicas\/2008\/09\/05\/presentacion-del-libro-cruces-catequisticas-en-santiago-del-estero\/\" >\n\t\t\t\tPresentaci\u00f3n del libro Cruces Catequ\u00edsticas en Santiago del Estero\t\t\t<\/a>\n\t\t<\/h3>\n\t\t\t\t<div class=\"elementor-post__excerpt\">\n\t\t\t<p>Presentaci\u00f3n del libro \u201cCruces Catequ\u00edsticas de Santiago del Estero\u201d In Memoria Dra. Amalia Gramajo de Mart\u00ednez Moreno 5 de setiembre de 2008, Universidad del Norte Santo Tom\u00e1s de Aquino. Se<\/p>\n\t\t<\/div>\n\t\t\n\t\t<a class=\"elementor-post__read-more\" href=\"https:\/\/www.unsta.edu.ar\/instituto-investigaciones-historicas\/2008\/09\/05\/presentacion-del-libro-cruces-catequisticas-en-santiago-del-estero\/\" aria-label=\"Read more about Presentaci\u00f3n del libro Cruces Catequ\u00edsticas en Santiago del Estero\" tabindex=\"-1\" >\n\t\t\tRead More \u00bb\t\t<\/a>\n\n\t\t\t\t<\/div>\n\t\t\t\t\t<\/div>\n\t\t<\/article>\n\t\t\t\t<article class=\"elementor-post elementor-grid-item post-354 post type-post status-publish format-standard has-post-thumbnail hentry category-18 category-actividades tag-conferencia\" role=\"listitem\">\n\t\t\t<div class=\"elementor-post__card\">\n\t\t\t\t<a class=\"elementor-post__thumbnail__link\" href=\"https:\/\/www.unsta.edu.ar\/instituto-investigaciones-historicas\/2008\/08\/21\/conferencia-dra-blanca-gari-universidad-de-barcelona\/\" tabindex=\"-1\" ><div class=\"elementor-post__thumbnail\"><img decoding=\"async\" width=\"300\" height=\"300\" src=\"https:\/\/www.unsta.edu.ar\/instituto-investigaciones-historicas\/wp-content\/uploads\/sites\/21\/2019\/05\/Enrique-Suso-31-300x300.jpg\" class=\"attachment-medium size-medium wp-image-358\" alt=\"\" srcset=\"https:\/\/www.unsta.edu.ar\/instituto-investigaciones-historicas\/wp-content\/uploads\/sites\/21\/2019\/05\/Enrique-Suso-31-300x300.jpg 300w, https:\/\/www.unsta.edu.ar\/instituto-investigaciones-historicas\/wp-content\/uploads\/sites\/21\/2019\/05\/Enrique-Suso-31-150x150.jpg 150w\" sizes=\"100vw\" \/><\/div><\/a>\n\t\t\t\t<div class=\"elementor-post__badge\">2008<\/div>\n\t\t\t\t<div class=\"elementor-post__text\">\n\t\t\t\t<h3 class=\"elementor-post__title\">\n\t\t\t<a href=\"https:\/\/www.unsta.edu.ar\/instituto-investigaciones-historicas\/2008\/08\/21\/conferencia-dra-blanca-gari-universidad-de-barcelona\/\" >\n\t\t\t\tConferencia Dra. Blanca Gar\u00ed. Universidad de Barcelona\t\t\t<\/a>\n\t\t<\/h3>\n\t\t\t\t<div class=\"elementor-post__excerpt\">\n\t\t\t<p>\u201cLa mistagog\u00eda de Enrique Sus\u00f3n \u00bfimago o exemplum de un auditorio femenino? 21 de Agosto de 2008.Universidad del Norte Santo Tom\u00e1s de Aquino. Esta conferencia estuvo a cargo de la<\/p>\n\t\t<\/div>\n\t\t\n\t\t<a class=\"elementor-post__read-more\" href=\"https:\/\/www.unsta.edu.ar\/instituto-investigaciones-historicas\/2008\/08\/21\/conferencia-dra-blanca-gari-universidad-de-barcelona\/\" aria-label=\"Read more about Conferencia Dra. Blanca Gar\u00ed. Universidad de Barcelona\" tabindex=\"-1\" >\n\t\t\tRead More \u00bb\t\t<\/a>\n\n\t\t\t\t<\/div>\n\t\t\t\t\t<\/div>\n\t\t<\/article>\n\t\t\t\t<article class=\"elementor-post elementor-grid-item post-364 post type-post status-publish format-standard has-post-thumbnail hentry category-18 category-actividades tag-jornadas\" role=\"listitem\">\n\t\t\t<div class=\"elementor-post__card\">\n\t\t\t\t<a class=\"elementor-post__thumbnail__link\" href=\"https:\/\/www.unsta.edu.ar\/instituto-investigaciones-historicas\/2008\/05\/17\/2o-jornadas-de-historia-de-la-iglesia-en-el-noa\/\" tabindex=\"-1\" ><div class=\"elementor-post__thumbnail\"><img decoding=\"async\" width=\"300\" height=\"300\" src=\"https:\/\/www.unsta.edu.ar\/instituto-investigaciones-historicas\/wp-content\/uploads\/sites\/21\/2019\/05\/2-JHINOA-11-300x300.jpg\" class=\"attachment-medium size-medium wp-image-376\" alt=\"\" srcset=\"https:\/\/www.unsta.edu.ar\/instituto-investigaciones-historicas\/wp-content\/uploads\/sites\/21\/2019\/05\/2-JHINOA-11-300x300.jpg 300w, https:\/\/www.unsta.edu.ar\/instituto-investigaciones-historicas\/wp-content\/uploads\/sites\/21\/2019\/05\/2-JHINOA-11-150x150.jpg 150w\" sizes=\"100vw\" \/><\/div><\/a>\n\t\t\t\t<div class=\"elementor-post__badge\">2008<\/div>\n\t\t\t\t<div class=\"elementor-post__text\">\n\t\t\t\t<h3 class=\"elementor-post__title\">\n\t\t\t<a href=\"https:\/\/www.unsta.edu.ar\/instituto-investigaciones-historicas\/2008\/05\/17\/2o-jornadas-de-historia-de-la-iglesia-en-el-noa\/\" >\n\t\t\t\t2\u00ba Jornadas de Historia de la Iglesia en el NOA\t\t\t<\/a>\n\t\t<\/h3>\n\t\t\t\t<div class=\"elementor-post__excerpt\">\n\t\t\t<p>2\u00ba Jornadas de Historia de la Iglesia en el NOAEntre los d\u00edas 15, 16 y 17 de Mayo de 2008, se llevaron a cabo en la Universidad del Norte Santo<\/p>\n\t\t<\/div>\n\t\t\n\t\t<a class=\"elementor-post__read-more\" href=\"https:\/\/www.unsta.edu.ar\/instituto-investigaciones-historicas\/2008\/05\/17\/2o-jornadas-de-historia-de-la-iglesia-en-el-noa\/\" aria-label=\"Read more about 2\u00ba Jornadas de Historia de la Iglesia en el NOA\" tabindex=\"-1\" >\n\t\t\tRead More \u00bb\t\t<\/a>\n\n\t\t\t\t<\/div>\n\t\t\t\t\t<\/div>\n\t\t<\/article>\n\t\t\t\t<article class=\"elementor-post elementor-grid-item post-345 post type-post status-publish format-standard has-post-thumbnail hentry category-18 category-actividades tag-jornadas\" role=\"listitem\">\n\t\t\t<div class=\"elementor-post__card\">\n\t\t\t\t<a class=\"elementor-post__thumbnail__link\" href=\"https:\/\/www.unsta.edu.ar\/instituto-investigaciones-historicas\/2008\/04\/11\/reunion-de-organizacion-2jhinoa\/\" tabindex=\"-1\" ><div class=\"elementor-post__thumbnail\"><img loading=\"lazy\" decoding=\"async\" width=\"300\" height=\"300\" src=\"https:\/\/www.unsta.edu.ar\/instituto-investigaciones-historicas\/wp-content\/uploads\/sites\/21\/2019\/05\/evaluacion-4-300x300.jpg\" class=\"attachment-medium size-medium wp-image-347\" alt=\"\" srcset=\"https:\/\/www.unsta.edu.ar\/instituto-investigaciones-historicas\/wp-content\/uploads\/sites\/21\/2019\/05\/evaluacion-4-300x300.jpg 300w, https:\/\/www.unsta.edu.ar\/instituto-investigaciones-historicas\/wp-content\/uploads\/sites\/21\/2019\/05\/evaluacion-4-150x150.jpg 150w\" sizes=\"100vw\" \/><\/div><\/a>\n\t\t\t\t<div class=\"elementor-post__badge\">2008<\/div>\n\t\t\t\t<div class=\"elementor-post__text\">\n\t\t\t\t<h3 class=\"elementor-post__title\">\n\t\t\t<a href=\"https:\/\/www.unsta.edu.ar\/instituto-investigaciones-historicas\/2008\/04\/11\/reunion-de-organizacion-2jhinoa\/\" >\n\t\t\t\tReuni\u00f3n de organizaci\u00f3n 2JHINOA\t\t\t<\/a>\n\t\t<\/h3>\n\t\t\t\t<div class=\"elementor-post__excerpt\">\n\t\t\t<p>Reuni\u00f3n de preparaci\u00f3n de las 2\u00ba Jornadas de historia de la Iglesia en el NOA. Miembros de la comisi\u00f3n acad\u00e9mica y organizadora de las Jornadas se reunieron en San Pedro<\/p>\n\t\t<\/div>\n\t\t\n\t\t<a class=\"elementor-post__read-more\" href=\"https:\/\/www.unsta.edu.ar\/instituto-investigaciones-historicas\/2008\/04\/11\/reunion-de-organizacion-2jhinoa\/\" aria-label=\"Read more about Reuni\u00f3n de organizaci\u00f3n 2JHINOA\" tabindex=\"-1\" >\n\t\t\tRead More \u00bb\t\t<\/a>\n\n\t\t\t\t<\/div>\n\t\t\t\t\t<\/div>\n\t\t<\/article>\n\t\t\t\t<article class=\"elementor-post elementor-grid-item post-360 post type-post status-publish format-standard has-post-thumbnail hentry category-18 category-actividades tag-conferencia\" role=\"listitem\">\n\t\t\t<div class=\"elementor-post__card\">\n\t\t\t\t<a class=\"elementor-post__thumbnail__link\" href=\"https:\/\/www.unsta.edu.ar\/instituto-investigaciones-historicas\/2008\/03\/05\/conferencia-edith-stein-lectora-de-teresa-de-avila\/\" tabindex=\"-1\" ><div class=\"elementor-post__thumbnail\"><img loading=\"lazy\" decoding=\"async\" width=\"300\" height=\"300\" src=\"https:\/\/www.unsta.edu.ar\/instituto-investigaciones-historicas\/wp-content\/uploads\/sites\/21\/2019\/05\/afiche-Conferencia-Edith-Stein-300x300.jpg\" class=\"attachment-medium size-medium wp-image-361\" alt=\"\" srcset=\"https:\/\/www.unsta.edu.ar\/instituto-investigaciones-historicas\/wp-content\/uploads\/sites\/21\/2019\/05\/afiche-Conferencia-Edith-Stein-300x300.jpg 300w, https:\/\/www.unsta.edu.ar\/instituto-investigaciones-historicas\/wp-content\/uploads\/sites\/21\/2019\/05\/afiche-Conferencia-Edith-Stein-150x150.jpg 150w\" sizes=\"100vw\" \/><\/div><\/a>\n\t\t\t\t<div class=\"elementor-post__badge\">2008<\/div>\n\t\t\t\t<div class=\"elementor-post__text\">\n\t\t\t\t<h3 class=\"elementor-post__title\">\n\t\t\t<a href=\"https:\/\/www.unsta.edu.ar\/instituto-investigaciones-historicas\/2008\/03\/05\/conferencia-edith-stein-lectora-de-teresa-de-avila\/\" >\n\t\t\t\tConferencia Edith Stein lectora de Teresa de Avila\t\t\t<\/a>\n\t\t<\/h3>\n\t\t\t\t<div class=\"elementor-post__excerpt\">\n\t\t\t<p>A cargo del P. Ulrich Dobhan O.C.D. Doctor en Filosof\u00eda por la Universidad de Ratisbona y Doctor en Teolog\u00eda por la Universidad de W\u00fcrzburg. 5 de Marzo, 2008.<\/p>\n\t\t<\/div>\n\t\t\n\t\t<a class=\"elementor-post__read-more\" href=\"https:\/\/www.unsta.edu.ar\/instituto-investigaciones-historicas\/2008\/03\/05\/conferencia-edith-stein-lectora-de-teresa-de-avila\/\" aria-label=\"Read more about Conferencia Edith Stein lectora de Teresa de Avila\" tabindex=\"-1\" >\n\t\t\tRead More \u00bb\t\t<\/a>\n\n\t\t\t\t<\/div>\n\t\t\t\t\t<\/div>\n\t\t<\/article>\n\t\t\t\t<article class=\"elementor-post elementor-grid-item post-335 post type-post status-publish format-standard has-post-thumbnail hentry category-16 category-actividades tag-seminario\" role=\"listitem\">\n\t\t\t<div class=\"elementor-post__card\">\n\t\t\t\t<a class=\"elementor-post__thumbnail__link\" href=\"https:\/\/www.unsta.edu.ar\/instituto-investigaciones-historicas\/2007\/09\/18\/conferencia-relaciones-iglesia-estado-en-la-historia-argentina-amores-y-discordias\/\" tabindex=\"-1\" ><div class=\"elementor-post__thumbnail\"><img loading=\"lazy\" decoding=\"async\" width=\"300\" height=\"300\" src=\"https:\/\/www.unsta.edu.ar\/instituto-investigaciones-historicas\/wp-content\/uploads\/sites\/21\/2019\/05\/Di-Stefano-3-300x300.jpg\" class=\"attachment-medium size-medium wp-image-339\" alt=\"\" srcset=\"https:\/\/www.unsta.edu.ar\/instituto-investigaciones-historicas\/wp-content\/uploads\/sites\/21\/2019\/05\/Di-Stefano-3-300x300.jpg 300w, https:\/\/www.unsta.edu.ar\/instituto-investigaciones-historicas\/wp-content\/uploads\/sites\/21\/2019\/05\/Di-Stefano-3-150x150.jpg 150w\" sizes=\"100vw\" \/><\/div><\/a>\n\t\t\t\t<div class=\"elementor-post__badge\">2007<\/div>\n\t\t\t\t<div class=\"elementor-post__text\">\n\t\t\t\t<h3 class=\"elementor-post__title\">\n\t\t\t<a href=\"https:\/\/www.unsta.edu.ar\/instituto-investigaciones-historicas\/2007\/09\/18\/conferencia-relaciones-iglesia-estado-en-la-historia-argentina-amores-y-discordias\/\" >\n\t\t\t\tConferencia: \u201cRelaciones Iglesia-Estado en la historia Argentina: Amores y Discordias\u201d\t\t\t<\/a>\n\t\t<\/h3>\n\t\t\t\t<div class=\"elementor-post__excerpt\">\n\t\t\t<p>ConferenciaDr. Roberto Di Stefano18 de Septiembre de 2007, Universidad del Norte Santo Tom\u00e1s de Aquino.Como parte del Proyecto de Investigaci\u00f3n sobre Historia de la Iglesia Local que se desarrolla en<\/p>\n\t\t<\/div>\n\t\t\n\t\t<a class=\"elementor-post__read-more\" href=\"https:\/\/www.unsta.edu.ar\/instituto-investigaciones-historicas\/2007\/09\/18\/conferencia-relaciones-iglesia-estado-en-la-historia-argentina-amores-y-discordias\/\" aria-label=\"Read more about Conferencia: \u201cRelaciones Iglesia-Estado en la historia Argentina: Amores y Discordias\u201d\" tabindex=\"-1\" >\n\t\t\tRead More \u00bb\t\t<\/a>\n\n\t\t\t\t<\/div>\n\t\t\t\t\t<\/div>\n\t\t<\/article>\n\t\t\t\t<article class=\"elementor-post elementor-grid-item post-387 post type-post status-publish format-standard has-post-thumbnail hentry category-16 category-actividades tag-jornadas\" role=\"listitem\">\n\t\t\t<div class=\"elementor-post__card\">\n\t\t\t\t<a class=\"elementor-post__thumbnail__link\" href=\"https:\/\/www.unsta.edu.ar\/instituto-investigaciones-historicas\/2007\/06\/28\/3o-jornadas-de-historia-de-la-orden-de-predicadores\/\" tabindex=\"-1\" ><div class=\"elementor-post__thumbnail\"><img loading=\"lazy\" decoding=\"async\" width=\"300\" height=\"300\" src=\"https:\/\/www.unsta.edu.ar\/instituto-investigaciones-historicas\/wp-content\/uploads\/sites\/21\/2019\/05\/3-JHOP-3-300x300.jpg\" class=\"attachment-medium size-medium wp-image-379\" alt=\"\" srcset=\"https:\/\/www.unsta.edu.ar\/instituto-investigaciones-historicas\/wp-content\/uploads\/sites\/21\/2019\/05\/3-JHOP-3-300x300.jpg 300w, https:\/\/www.unsta.edu.ar\/instituto-investigaciones-historicas\/wp-content\/uploads\/sites\/21\/2019\/05\/3-JHOP-3-150x150.jpg 150w\" sizes=\"100vw\" \/><\/div><\/a>\n\t\t\t\t<div class=\"elementor-post__badge\">2007<\/div>\n\t\t\t\t<div class=\"elementor-post__text\">\n\t\t\t\t<h3 class=\"elementor-post__title\">\n\t\t\t<a href=\"https:\/\/www.unsta.edu.ar\/instituto-investigaciones-historicas\/2007\/06\/28\/3o-jornadas-de-historia-de-la-orden-de-predicadores\/\" >\n\t\t\t\t3\u00ba Jornadas de Historia de la Orden de Predicadores\t\t\t<\/a>\n\t\t<\/h3>\n\t\t\t\t<div class=\"elementor-post__excerpt\">\n\t\t\t<p>28, 29 y 30 de junio de 2007, Tucum\u00e1nOrganizadas por el Instituto, las jornadas tuvieron como objetivo principal, consolidar el espacio de recuperaci\u00f3n de la memoria de la Orden Dominicana<\/p>\n\t\t<\/div>\n\t\t\n\t\t<a class=\"elementor-post__read-more\" href=\"https:\/\/www.unsta.edu.ar\/instituto-investigaciones-historicas\/2007\/06\/28\/3o-jornadas-de-historia-de-la-orden-de-predicadores\/\" aria-label=\"Read more about 3\u00ba Jornadas de Historia de la Orden de Predicadores\" tabindex=\"-1\" >\n\t\t\tRead More \u00bb\t\t<\/a>\n\n\t\t\t\t<\/div>\n\t\t\t\t\t<\/div>\n\t\t<\/article>\n\t\t\t\t<article class=\"elementor-post elementor-grid-item post-325 post type-post status-publish format-standard has-post-thumbnail hentry category-16 category-actividades tag-seminario\" role=\"listitem\">\n\t\t\t<div class=\"elementor-post__card\">\n\t\t\t\t<a class=\"elementor-post__thumbnail__link\" href=\"https:\/\/www.unsta.edu.ar\/instituto-investigaciones-historicas\/2007\/06\/09\/seminario-dra-milagros-rivera-garretas-universidad-de-barcelona\/\" tabindex=\"-1\" ><div class=\"elementor-post__thumbnail\"><img loading=\"lazy\" decoding=\"async\" width=\"300\" height=\"300\" src=\"https:\/\/www.unsta.edu.ar\/instituto-investigaciones-historicas\/wp-content\/uploads\/sites\/21\/2019\/05\/Milagros-Rivera-5-300x300.jpg\" class=\"attachment-medium size-medium wp-image-333\" alt=\"\" srcset=\"https:\/\/www.unsta.edu.ar\/instituto-investigaciones-historicas\/wp-content\/uploads\/sites\/21\/2019\/05\/Milagros-Rivera-5-300x300.jpg 300w, https:\/\/www.unsta.edu.ar\/instituto-investigaciones-historicas\/wp-content\/uploads\/sites\/21\/2019\/05\/Milagros-Rivera-5-150x150.jpg 150w\" sizes=\"100vw\" \/><\/div><\/a>\n\t\t\t\t<div class=\"elementor-post__badge\">2007<\/div>\n\t\t\t\t<div class=\"elementor-post__text\">\n\t\t\t\t<h3 class=\"elementor-post__title\">\n\t\t\t<a href=\"https:\/\/www.unsta.edu.ar\/instituto-investigaciones-historicas\/2007\/06\/09\/seminario-dra-milagros-rivera-garretas-universidad-de-barcelona\/\" >\n\t\t\t\tSeminario: Dra. Milagros Rivera Garretas. Universidad de Barcelona\t\t\t<\/a>\n\t\t<\/h3>\n\t\t\t\t<div class=\"elementor-post__excerpt\">\n\t\t\t<p>Seminario\u201cMujeres y Varones en la historia de Europa\u201d Del 6 al 9 de Junio de 2007, Universidad del Norte Santo Tom\u00e1s de Aquino. Co-organizadas con el Vicerrectorado de Formaci\u00f3n. La<\/p>\n\t\t<\/div>\n\t\t\n\t\t<a class=\"elementor-post__read-more\" href=\"https:\/\/www.unsta.edu.ar\/instituto-investigaciones-historicas\/2007\/06\/09\/seminario-dra-milagros-rivera-garretas-universidad-de-barcelona\/\" aria-label=\"Read more about Seminario: Dra. Milagros Rivera Garretas. Universidad de Barcelona\" tabindex=\"-1\" >\n\t\t\tRead More \u00bb\t\t<\/a>\n\n\t\t\t\t<\/div>\n\t\t\t\t\t<\/div>\n\t\t<\/article>\n\t\t\t\t<article class=\"elementor-post elementor-grid-item post-309 post type-post status-publish format-standard has-post-thumbnail hentry category-14 category-actividades tag-curso\" role=\"listitem\">\n\t\t\t<div class=\"elementor-post__card\">\n\t\t\t\t<a class=\"elementor-post__thumbnail__link\" href=\"https:\/\/www.unsta.edu.ar\/instituto-investigaciones-historicas\/2006\/11\/20\/curso-mistica-carmelitana\/\" tabindex=\"-1\" ><div class=\"elementor-post__thumbnail\"><img loading=\"lazy\" decoding=\"async\" width=\"300\" height=\"300\" src=\"https:\/\/www.unsta.edu.ar\/instituto-investigaciones-historicas\/wp-content\/uploads\/sites\/21\/2019\/05\/mistica-carmelitana-1-300x300.jpg\" class=\"attachment-medium size-medium wp-image-311\" alt=\"\" srcset=\"https:\/\/www.unsta.edu.ar\/instituto-investigaciones-historicas\/wp-content\/uploads\/sites\/21\/2019\/05\/mistica-carmelitana-1-300x300.jpg 300w, https:\/\/www.unsta.edu.ar\/instituto-investigaciones-historicas\/wp-content\/uploads\/sites\/21\/2019\/05\/mistica-carmelitana-1-150x150.jpg 150w\" sizes=\"100vw\" \/><\/div><\/a>\n\t\t\t\t<div class=\"elementor-post__badge\">2006<\/div>\n\t\t\t\t<div class=\"elementor-post__text\">\n\t\t\t\t<h3 class=\"elementor-post__title\">\n\t\t\t<a href=\"https:\/\/www.unsta.edu.ar\/instituto-investigaciones-historicas\/2006\/11\/20\/curso-mistica-carmelitana\/\" >\n\t\t\t\tCurso M\u00edstica Carmelitana\t\t\t<\/a>\n\t\t<\/h3>\n\t\t\t\t<div class=\"elementor-post__excerpt\">\n\t\t\t<p>20 y 21 de Noviembre de 2006. Universidad del Norte Santo Tom\u00e1s de Aquino Co-organizadas con el Vicerrectorado de Formaci\u00f3n. Continuando con la tem\u00e1tica sobre M\u00edsticos y M\u00edsticas, se realizaron<\/p>\n\t\t<\/div>\n\t\t\n\t\t<a class=\"elementor-post__read-more\" href=\"https:\/\/www.unsta.edu.ar\/instituto-investigaciones-historicas\/2006\/11\/20\/curso-mistica-carmelitana\/\" aria-label=\"Read more about Curso M\u00edstica Carmelitana\" tabindex=\"-1\" >\n\t\t\tRead More \u00bb\t\t<\/a>\n\n\t\t\t\t<\/div>\n\t\t\t\t\t<\/div>\n\t\t<\/article>\n\t\t\t\t<article class=\"elementor-post elementor-grid-item post-315 post type-post status-publish format-standard has-post-thumbnail hentry category-14 category-actividades tag-jornadas\" role=\"listitem\">\n\t\t\t<div class=\"elementor-post__card\">\n\t\t\t\t<a class=\"elementor-post__thumbnail__link\" href=\"https:\/\/www.unsta.edu.ar\/instituto-investigaciones-historicas\/2006\/10\/13\/1o-jornadas-de-historia-de-la-iglesia-en-el-noa\/\" tabindex=\"-1\" ><div class=\"elementor-post__thumbnail\"><img loading=\"lazy\" decoding=\"async\" width=\"300\" height=\"300\" src=\"https:\/\/www.unsta.edu.ar\/instituto-investigaciones-historicas\/wp-content\/uploads\/sites\/21\/2019\/05\/1jhinoa-1-300x300.jpg\" class=\"attachment-medium size-medium wp-image-317\" alt=\"\" srcset=\"https:\/\/www.unsta.edu.ar\/instituto-investigaciones-historicas\/wp-content\/uploads\/sites\/21\/2019\/05\/1jhinoa-1-300x300.jpg 300w, https:\/\/www.unsta.edu.ar\/instituto-investigaciones-historicas\/wp-content\/uploads\/sites\/21\/2019\/05\/1jhinoa-1-150x150.jpg 150w\" sizes=\"100vw\" \/><\/div><\/a>\n\t\t\t\t<div class=\"elementor-post__badge\">2006<\/div>\n\t\t\t\t<div class=\"elementor-post__text\">\n\t\t\t\t<h3 class=\"elementor-post__title\">\n\t\t\t<a href=\"https:\/\/www.unsta.edu.ar\/instituto-investigaciones-historicas\/2006\/10\/13\/1o-jornadas-de-historia-de-la-iglesia-en-el-noa\/\" >\n\t\t\t\t1\u00ba Jornadas de Historia de la Iglesia en el NOA\t\t\t<\/a>\n\t\t<\/h3>\n\t\t\t\t<div class=\"elementor-post__excerpt\">\n\t\t\t<p>12, 13 y 14 de Octubre de 2006, SaltaEn la Ciudad de Salta, se llevaron a cabo la Io Jornadas de Historia de la Iglesia en el NOA, las mismas<\/p>\n\t\t<\/div>\n\t\t\n\t\t<a class=\"elementor-post__read-more\" href=\"https:\/\/www.unsta.edu.ar\/instituto-investigaciones-historicas\/2006\/10\/13\/1o-jornadas-de-historia-de-la-iglesia-en-el-noa\/\" aria-label=\"Read more about 1\u00ba Jornadas de Historia de la Iglesia en el NOA\" tabindex=\"-1\" >\n\t\t\tRead More \u00bb\t\t<\/a>\n\n\t\t\t\t<\/div>\n\t\t\t\t\t<\/div>\n\t\t<\/article>\n\t\t\t\t<article class=\"elementor-post elementor-grid-item post-297 post type-post status-publish format-standard has-post-thumbnail hentry category-14 category-actividades tag-curso\" role=\"listitem\">\n\t\t\t<div class=\"elementor-post__card\">\n\t\t\t\t<a class=\"elementor-post__thumbnail__link\" href=\"https:\/\/www.unsta.edu.ar\/instituto-investigaciones-historicas\/2006\/08\/24\/curso-misticos-y-misticas-siglos-xii-al-xvii\/\" tabindex=\"-1\" ><div class=\"elementor-post__thumbnail\"><img loading=\"lazy\" decoding=\"async\" width=\"300\" height=\"300\" src=\"https:\/\/www.unsta.edu.ar\/instituto-investigaciones-historicas\/wp-content\/uploads\/sites\/21\/2006\/08\/misticos-5-300x300.jpg\" class=\"attachment-medium size-medium wp-image-305\" alt=\"\" srcset=\"https:\/\/www.unsta.edu.ar\/instituto-investigaciones-historicas\/wp-content\/uploads\/sites\/21\/2006\/08\/misticos-5-300x300.jpg 300w, https:\/\/www.unsta.edu.ar\/instituto-investigaciones-historicas\/wp-content\/uploads\/sites\/21\/2006\/08\/misticos-5-150x150.jpg 150w\" sizes=\"100vw\" \/><\/div><\/a>\n\t\t\t\t<div class=\"elementor-post__badge\">2006<\/div>\n\t\t\t\t<div class=\"elementor-post__text\">\n\t\t\t\t<h3 class=\"elementor-post__title\">\n\t\t\t<a href=\"https:\/\/www.unsta.edu.ar\/instituto-investigaciones-historicas\/2006\/08\/24\/curso-misticos-y-misticas-siglos-xii-al-xvii\/\" >\n\t\t\t\tCurso: M\u00edsticos y M\u00edsticas siglos XII al XVII\t\t\t<\/a>\n\t\t<\/h3>\n\t\t\t\t<div class=\"elementor-post__excerpt\">\n\t\t\t<p>Curso de Postgrado\u201cM\u00edsticos y M\u00edsticas Siglos XII al XVII\u201d Agosto, Noviembre de 2006. Universidad del Norte Santo Tom\u00e1s de Aquino Organizado por el Instituto de Investigaciones Hist\u00f3ricas \u201cProf. Manuel Garc\u00eda<\/p>\n\t\t<\/div>\n\t\t\n\t\t<a class=\"elementor-post__read-more\" href=\"https:\/\/www.unsta.edu.ar\/instituto-investigaciones-historicas\/2006\/08\/24\/curso-misticos-y-misticas-siglos-xii-al-xvii\/\" aria-label=\"Read more about Curso: M\u00edsticos y M\u00edsticas siglos XII al XVII\" tabindex=\"-1\" >\n\t\t\tRead More \u00bb\t\t<\/a>\n\n\t\t\t\t<\/div>\n\t\t\t\t\t<\/div>\n\t\t<\/article>\n\t\t\t\t<\/div>\n\t\t\n\t\t\t\t\t\t<\/div>\n\t\t\t\t<\/div>\n\t\t\t\t<div class=\"elementor-element elementor-element-3ed0499e elementor-widget-divider--view-line elementor-widget elementor-widget-divider\" data-id=\"3ed0499e\" data-element_type=\"widget\" data-e-type=\"widget\" data-widget_type=\"divider.default\">\n\t\t\t\t\t\t\t<div class=\"elementor-divider\">\n\t\t\t<span class=\"elementor-divider-separator\">\n\t\t\t\t\t\t<\/span>\n\t\t<\/div>\n\t\t\t\t\t\t<\/div>\n\t\t\t\t\t<\/div>\n\t\t\t\t<\/div>\n\t\t\t\t<\/div>\n\t\t","protected":false},"excerpt":{"rendered":"<p>Actividades 2006 &#8211; 2009<\/p>\n","protected":false},"author":1,"featured_media":0,"parent":0,"menu_order":0,"comment_status":"closed","ping_status":"closed","template":"elementor_header_footer","meta":{"_acf_changed":false,"_angie_page":false,"footnotes":""},"class_list":["post-2017","page","type-page","status-publish","hentry"],"acf":[],"_links":{"self":[{"href":"https:\/\/www.unsta.edu.ar\/instituto-investigaciones-historicas\/wp-json\/wp\/v2\/pages\/2017","targetHints":{"allow":["GET"]}}],"collection":[{"href":"https:\/\/www.unsta.edu.ar\/instituto-investigaciones-historicas\/wp-json\/wp\/v2\/pages"}],"about":[{"href":"https:\/\/www.unsta.edu.ar\/instituto-investigaciones-historicas\/wp-json\/wp\/v2\/types\/page"}],"author":[{"embeddable":true,"href":"https:\/\/www.unsta.edu.ar\/instituto-investigaciones-historicas\/wp-json\/wp\/v2\/users\/1"}],"replies":[{"embeddable":true,"href":"https:\/\/www.unsta.edu.ar\/instituto-investigaciones-historicas\/wp-json\/wp\/v2\/comments?post=2017"}],"version-history":[{"count":17,"href":"https:\/\/www.unsta.edu.ar\/instituto-investigaciones-historicas\/wp-json\/wp\/v2\/pages\/2017\/revisions"}],"predecessor-version":[{"id":2330,"href":"https:\/\/www.unsta.edu.ar\/instituto-investigaciones-historicas\/wp-json\/wp\/v2\/pages\/2017\/revisions\/2330"}],"wp:attachment":[{"href":"https:\/\/www.unsta.edu.ar\/instituto-investigaciones-historicas\/wp-json\/wp\/v2\/media?parent=2017"}],"curies":[{"name":"wp","href":"https:\/\/api.w.org\/{rel}","templated":true}]}}